{"id":21487,"date":"2022-12-05T13:22:37","date_gmt":"2022-12-05T12:22:37","guid":{"rendered":"https:\/\/educamos.com\/condiciones-de-uso\/"},"modified":"2025-12-01T15:11:37","modified_gmt":"2025-12-01T14:11:37","slug":"condicions-d-us","status":"publish","type":"page","link":"https:\/\/educamos.com\/ca\/condicions-d-us\/","title":{"rendered":"Condicions d&#8217;\u00fas"},"content":{"rendered":"\t\t<div data-elementor-type=\"wp-page\" data-elementor-id=\"21487\" class=\"elementor elementor-21487 elementor-5653\" data-elementor-post-type=\"page\">\n\t\t\t\t\t\t<section class=\"elementor-section elementor-top-section elementor-element elementor-element-4b8f56c elementor-section-full_width elementor-section-height-default elementor-section-height-default\" data-id=\"4b8f56c\" data-element_type=\"section\" data-e-type=\"section\">\n\t\t\t\t\t\t<div class=\"elementor-container elementor-column-gap-default\">\n\t\t\t\t\t<div class=\"elementor-column elementor-col-100 elementor-top-column elementor-element elementor-element-d6701fb\" data-id=\"d6701fb\" data-element_type=\"column\" data-e-type=\"column\">\n\t\t\t<div class=\"elementor-widget-wrap elementor-element-populated\">\n\t\t\t\t\t\t<div class=\"elementor-element elementor-element-2fb48bb elementor-widget elementor-widget-bloque-cabecera-menu\" data-id=\"2fb48bb\" data-element_type=\"widget\" data-e-type=\"widget\" data-widget_type=\"bloque-cabecera-menu.default\">\n\t\t\t\t<div class=\"elementor-widget-container\">\n\t\t\t\t\t        <!-- Encabezado -->\n        <header class=\"header \">\n            <div id=\"sticky_header\" class=\"sticky-header \">\n                <div class=\"container\">\n                    <div class=\"row\">\n                        <div class=\"col-12 d-flex justify-content-between align-items-center\">\n                            <div class=\"logo\"><a href=\"https:\/\/educamos.com\/ca\/\"><img decoding=\"async\" src=\"https:\/\/educamos.com\/wp-content\/themes\/educamos\/images\/logotipo-2026.png\" class=\"img-fluid\" alt=\"Logotipo de Educamos\" \/><\/a><\/div>\n                                                            <div class=\"menu-header\">\n                                                                        <a href=\"\/ca\/solicita-una-demo\" class=\"btn btn-primary demo\" title=\"Sol\u00b7licitar informaci\u00f3\"><span class=\"d-none d-sm-block\">Sol\u00b7licitar informaci\u00f3<\/span><span class=\"d-block d-sm-none\">Demo<\/span><\/a>\n                                                                        <button data-target=\"#main_menu\" data-toggle=\"collapse\" class=\"navbar-toggle openMenu\" type=\"button\">\n                                        <i class=\"far fa-bars\"><\/i> <span class=\"sr-only\">Abrir men\u00fa<\/span>\n                                        <i class=\"far fa-times\"><\/i> <span class=\"sr-only\">Cerrar men\u00fa<\/span>    \n                                    <\/button>\n                                <\/div>\n\n                                <!-- MEGAMENU -->\n                                <div class=\"megamenu\">\n                                    <div class=\"container\">\n                                    <ul id=\"menu-menu-principal-catalan\" class=\"dropdown-menu\" itemscope itemtype=\"http:\/\/www.schema.org\/SiteNavigationElement\"><li  id=\"menu-item-22890\" class=\"menu-item menu-item-type-custom menu-item-object-custom menu-item-has-children dropdown menu-item-22890 nav-item\"><a href=\"#\" aria-expanded=\"false\" class=\"dropdown-toggle nav-link\" id=\"menu-item-dropdown-22890\" data-bs-toggle=\"dropdown\"><span itemprop=\"name\">Educamos<\/span><\/a>\n<ul class=\"dropdown-menu\" aria-labelledby=\"menu-item-dropdown-22890\">\n\t<li  id=\"menu-item-22896\" class=\"menu-item menu-item-type-post_type menu-item-object-page menu-item-22896 nav-item\"><a itemprop=\"url\" href=\"https:\/\/educamos.com\/ca\/que-es\/\" class=\"dropdown-item\"><span itemprop=\"name\">Qu\u00e8 \u00e9s?<\/span><\/a><\/li>\n\t<li  id=\"menu-item-22899\" class=\"menu-item menu-item-type-post_type menu-item-object-page menu-item-22899 nav-item\"><a itemprop=\"url\" href=\"https:\/\/educamos.com\/ca\/per-que\/\" class=\"dropdown-item\"><span itemprop=\"name\">Per qu\u00e8?<\/span><\/a><\/li>\n\t<li  id=\"menu-item-22898\" class=\"menu-item menu-item-type-post_type menu-item-object-page menu-item-22898 nav-item\"><a itemprop=\"url\" href=\"https:\/\/educamos.com\/ca\/educamos-makers\/\" class=\"dropdown-item\"><span itemprop=\"name\">Educamos Makers<\/span><\/a><\/li>\n\t<li  id=\"menu-item-22897\" class=\"menu-item menu-item-type-post_type menu-item-object-page menu-item-22897 nav-item\"><a itemprop=\"url\" href=\"https:\/\/educamos.com\/ca\/contacte\/\" class=\"dropdown-item\"><span itemprop=\"name\">Contacte<\/span><\/a><\/li>\n<\/ul>\n<\/li>\n<li  id=\"menu-item-22891\" class=\"menu-item menu-item-type-custom menu-item-object-custom menu-item-has-children dropdown menu-item-22891 nav-item\"><a href=\"#\" aria-expanded=\"false\" class=\"dropdown-toggle nav-link\" id=\"menu-item-dropdown-22891\" data-bs-toggle=\"dropdown\"><span itemprop=\"name\">Funcionalitats<\/span><\/a>\n<ul class=\"dropdown-menu\" aria-labelledby=\"menu-item-dropdown-22891\">\n\t<li  id=\"menu-item-22902\" class=\"menu-item menu-item-type-post_type menu-item-object-funcionalidades menu-item-22902 nav-item\"><a itemprop=\"url\" href=\"https:\/\/educamos.com\/ca\/funcionalitats\/analisi-de-dades\/\" class=\"dropdown-item\"><span itemprop=\"name\">An\u00e0lisi de Dades<\/span><\/a><\/li>\n\t<li  id=\"menu-item-22903\" class=\"menu-item menu-item-type-post_type menu-item-object-funcionalidades menu-item-22903 nav-item\"><a itemprop=\"url\" href=\"https:\/\/educamos.com\/ca\/funcionalitats\/comunicacio-del-centre\/\" class=\"dropdown-item\"><span itemprop=\"name\">Comunicaci\u00f3 del Centre<\/span><\/a><\/li>\n\t<li  id=\"menu-item-22901\" class=\"menu-item menu-item-type-post_type menu-item-object-funcionalidades menu-item-22901 nav-item\"><a itemprop=\"url\" href=\"https:\/\/educamos.com\/ca\/funcionalitats\/gestio-del-centre\/\" class=\"dropdown-item\"><span itemprop=\"name\">Gesti\u00f3 del Centre<\/span><\/a><\/li>\n\t<li  id=\"menu-item-22900\" class=\"menu-item menu-item-type-post_type menu-item-object-funcionalidades menu-item-22900 nav-item\"><a itemprop=\"url\" href=\"https:\/\/educamos.com\/ca\/funcionalitats\/innovacio-pedagogica\/\" class=\"dropdown-item\"><span itemprop=\"name\">Innovaci\u00f3 Pedag\u00f2gica<\/span><\/a><\/li>\n<\/ul>\n<\/li>\n<li  id=\"menu-item-22892\" class=\"menu-item menu-item-type-custom menu-item-object-custom menu-item-has-children dropdown menu-item-22892 nav-item\"><a href=\"#\" aria-expanded=\"false\" class=\"dropdown-toggle nav-link\" id=\"menu-item-dropdown-22892\" data-bs-toggle=\"dropdown\"><span itemprop=\"name\">Beneficis per<\/span><\/a>\n<ul class=\"dropdown-menu\" aria-labelledby=\"menu-item-dropdown-22892\">\n\t<li  id=\"menu-item-22908\" class=\"menu-item menu-item-type-post_type menu-item-object-beneficios menu-item-22908 nav-item\"><a itemprop=\"url\" href=\"https:\/\/educamos.com\/ca\/beneficis\/centres-educatius\/\" class=\"dropdown-item\"><span itemprop=\"name\">Centres Educatius<\/span><\/a><\/li>\n\t<li  id=\"menu-item-22909\" class=\"menu-item menu-item-type-post_type menu-item-object-beneficios menu-item-22909 nav-item\"><a itemprop=\"url\" href=\"https:\/\/educamos.com\/ca\/beneficis\/xarxes-escolars\/\" class=\"dropdown-item\"><span itemprop=\"name\">Xarxes escolars<\/span><\/a><\/li>\n\t<li  id=\"menu-item-22904\" class=\"menu-item menu-item-type-post_type menu-item-object-beneficios menu-item-22904 nav-item\"><a itemprop=\"url\" href=\"https:\/\/educamos.com\/ca\/beneficis\/formacio-professional\/\" class=\"dropdown-item\"><span itemprop=\"name\">Formaci\u00f3 professional<\/span><\/a><\/li>\n\t<li  id=\"menu-item-22906\" class=\"menu-item menu-item-type-post_type menu-item-object-beneficios menu-item-22906 nav-item\"><a itemprop=\"url\" href=\"https:\/\/educamos.com\/ca\/beneficis\/professors\/\" class=\"dropdown-item\"><span itemprop=\"name\">Professors<\/span><\/a><\/li>\n\t<li  id=\"menu-item-22907\" class=\"menu-item menu-item-type-post_type menu-item-object-beneficios menu-item-22907 nav-item\"><a itemprop=\"url\" href=\"https:\/\/educamos.com\/ca\/beneficis\/families\/\" class=\"dropdown-item\"><span itemprop=\"name\">Fam\u00edlies<\/span><\/a><\/li>\n\t<li  id=\"menu-item-22905\" class=\"menu-item menu-item-type-post_type menu-item-object-beneficios menu-item-22905 nav-item\"><a itemprop=\"url\" href=\"https:\/\/educamos.com\/ca\/beneficis\/alumnes\/\" class=\"dropdown-item\"><span itemprop=\"name\">Alumnes<\/span><\/a><\/li>\n<\/ul>\n<\/li>\n<li  id=\"menu-item-22893\" class=\"menu-item menu-item-type-custom menu-item-object-custom menu-item-has-children dropdown menu-item-22893 nav-item\"><a href=\"#\" aria-expanded=\"false\" class=\"dropdown-toggle nav-link\" id=\"menu-item-dropdown-22893\" data-bs-toggle=\"dropdown\"><span itemprop=\"name\">Insights<\/span><\/a>\n<ul class=\"dropdown-menu\" aria-labelledby=\"menu-item-dropdown-22893\">\n\t<li  id=\"menu-item-22911\" class=\"menu-item menu-item-type-taxonomy menu-item-object-category menu-item-22911 nav-item\"><a itemprop=\"url\" href=\"https:\/\/educamos.com\/ca\/blog-ca\/\" class=\"dropdown-item\"><span itemprop=\"name\">Blog<\/span><\/a><\/li>\n<\/ul>\n<\/li>\n<li  id=\"menu-item-22894\" class=\"menu-item menu-item-type-custom menu-item-object-custom menu-item-has-children dropdown menu-item-22894 nav-item\"><a href=\"#\" aria-expanded=\"false\" class=\"dropdown-toggle nav-link\" id=\"menu-item-dropdown-22894\" data-bs-toggle=\"dropdown\"><span itemprop=\"name\">Clients<\/span><\/a>\n<ul class=\"dropdown-menu\" aria-labelledby=\"menu-item-dropdown-22894\">\n\t<li  id=\"menu-item-22895\" class=\"link-externo menu-item menu-item-type-custom menu-item-object-custom menu-item-22895 nav-item\"><a target=\"_blank\" rel=\"noopener noreferrer\" itemprop=\"url\" href=\"https:\/\/www.educamoscerca.com\/\" class=\"dropdown-item\"><span itemprop=\"name\">Comunitat Educamos Cerca<\/span><\/a><\/li>\n<\/ul>\n<\/li>\n<\/ul>                                    <\/div>\n                                <\/div>\n                                                    <\/div>\n                    <\/div>\n                <\/div>\n            <\/div>\n        <\/header>\n        <!-- \/ -->\n\t\t\t\t\t\t<\/div>\n\t\t\t\t<\/div>\n\t\t\t\t<div class=\"elementor-element elementor-element-ea9ea75 elementor-widget elementor-widget-bloque-texto\" data-id=\"ea9ea75\" data-element_type=\"widget\" data-e-type=\"widget\" data-widget_type=\"bloque-texto.default\">\n\t\t\t\t<div class=\"elementor-widget-container\">\n\t\t\t\t\t        <!-- Texto a 2 columnas-->\n        <section class=\"bloque bloque-texto \">\n            <div class=\"container\">\n                <h1 class=\"titulos\" data-aos=\"fade-left\" data-aos-duration=\"700\">Condicions d'\u00fas<\/h1>                <div class=\"estrecho2\">\n                    <div class=\"row\">\n                        <div class=\"col-sm-12\">\n                            <div class=\"the_content\" data-aos=\"fade-up\" data-aos-duration=\"700\">\n                                <p>Aquest lloc web (d\u2019ara endavant, el Web) \u00e9s propietat d\u2019<strong>TECNOLOG\u00cdA Y GESTI\u00d3N EDUCATIVA, S.L.U.<\/strong> (d\u2019ara endavant, TGE), domicili social al carrer Impresores, n\u00ba 2 (Parque Empresarial Prado del Espino), 28660 Boadilla del Monte, Madrid, Espanya i N.I.F. n\u00ba B-86267432, inscrita en el Registre Mercantil de Madrid en el Tom 20087, Foli 160, Full M-523700.<\/p><p>Servei d\u2019atenci\u00f3 al client i Delegat de protecci\u00f3 de dades: <a href=\"https:\/\/contactodpo-cat.educamos.com\" target=\"_blank\" rel=\"noopener\">https:\/\/contactodpo-cat.educamos.com<\/a><\/p><p>L\u2019acc\u00e9s, reproducci\u00f3 i \u00fas del Web requereix l\u2019acceptaci\u00f3 pr\u00e8via de les Condicions d\u2019\u00fas vigents en cada moment, que TGE es reserva el dret de modificar quan ho consideri oport\u00fa mitjan\u00e7ant la publicaci\u00f3 del nou text en futures actualitzacions. \u00c9s responsabilitat de l\u2019usuari con\u00e8ixer en cada moment les Condicions d\u2019\u00fas abans d\u2019accedir als productes i serveis del Web; en cas de no estar-hi conforme, absteniu-vos d\u2019utilitzar-lo.<\/p><h2>Navegaci\u00f3 lliure i privadesa<\/h2><p>Algunes seccions del Web s\u00f3n d\u2019acc\u00e9s lliure; en altres casos, per\u00f2, pot ser necessari per accedir i beneficiar-se dels seus avantatges que l\u2019usuari faciliti les seves dades o s\u2019inscrigui pr\u00e8viament a trav\u00e9s del formulari habilitat a aquest efecte i accepti la nostra <a href=\"https:\/\/educamos.com\/ca\/politica-de-privadesa\/\">Politica de Privadesa<\/a>.<\/p><h2>Propietat intel\u00b7lectual<\/h2><p>El Web \u00e9s una obra formada per diferents elements integrats i inseparables (text, il\u00b7lustracions, fotografies, dissenys, programes inform\u00e0tics -inclosos els codis html-, etc.), la Propietat intel\u00b7lectual del qual li correspon a TGE, tret pel que fa als materials obtinguts sota llic\u00e8ncia de tercers. TGE i els seus llicenciants conserven en tot moment la Propietat intel\u00b7lectual sobre el Web i els diferents elements que el componen, considerats individualment, en totes les c\u00f2pies que se\u2019n facin (i independentment del suport a qu\u00e8 s\u2019incorporin), i \u00fanicament en concedeixen un dret d\u2019\u00fas en els termes expressats en aquestes Condicions d\u2019\u00fas i amb finalitats estrictament privades.<\/p><p>A m\u00e9s de l\u2019anterior, TGE \u00e9s responsable de la selecci\u00f3, disseny de l\u2019estructura i disposici\u00f3 dels continguts del Web, com tamb\u00e9 qui ha pres la iniciativa i ha assumit el risc d\u2019efectuar les inversions substancials orientades a la seva obtenci\u00f3, digitalitzaci\u00f3 i presentaci\u00f3, i per tant li correspon la protecci\u00f3 que les lleis de Propietat intel\u00b7lectual li puguin concedir sobre el Web, considerat com una base de dades.<\/p><p>TGE \u00e9s tamb\u00e9 la propiet\u00e0ria exclusiva del disseny i imatge gr\u00e0fica del Web, i es reserva les accions que legalment li corresponguin contra les persones que puguin realitzar-ne imitacions o usos deslleials.<\/p><p>Les marques d\u2019TGE o de tercers que apareguin al Web no es podran reproduir o utilitzar separadament, fora dels llocs en qu\u00e8 apareguin.<\/p><h2>Usos permesos<\/h2><p>Als usuaris del Web, els est\u00e0 perm\u00e8s:<\/p><ul><li>Navegar, \u00e9s a dir, accedir i visualitzar el Web en un dispositiu, estant autoritzada qualsevol reproducci\u00f3 temporal o access\u00f2ria, sempre que aquesta no sigui volunt\u00e0ria i formi part integrant i essencial del proc\u00e9s tecnol\u00f2gic de transmissi\u00f3.<\/li><li>Reproduir de forma permanent, en qualsevol tipus de suport (excepte centres servidors de xarxes o dispositius equivalents), els materials expressament indicats en el Web com a susceptibles de desc\u00e0rrega, en les condicions que s\u2019indiquen m\u00e9s avall en aquesta mateixa cl\u00e0usula.<\/li><li>Beneficiar-se dels serveis i avantatges prestats per TGE a trav\u00e9s del Web, en les condicions que s\u2019indiquin expressament en les diferents seccions.<\/li><\/ul><p>Els usuaris nom\u00e9s podran fer aquestes operacions autoritzades en l\u2019\u00e0mbit privat, i les c\u00f2pies leg\u00edtimament obtingudes tant del Web com dels productes que s\u2019hi assenyalen com a susceptibles de desc\u00e0rrega \u00fanicament es podran utilitzar per a finalitats estrictament personals i privades. En conseq\u00fc\u00e8ncia, es prohibeixen, respecte del Web, els seus continguts, els productes descarregats i les seves respectives c\u00f2pies, les operacions que siguin contr\u00e0ries a la Llei, els bons costums i la bona fe, i especialment:<\/p><ul><li>Qualsevol \u00fas fora de l\u2019\u00e0mbit personal i privat de l\u2019usuari, en especial aquells que tinguin finalitats comercials o professionals.<\/li><li>La seva modificaci\u00f3 i, en general, qualsevol transformaci\u00f3, inclosa la traducci\u00f3, adaptaci\u00f3, arranjament o qualsevol altra, en especial la correcci\u00f3 d\u2019errors dels programes inform\u00e0tics, dels quals tampoc no se\u2019n podran realitzar versions successives ni programes derivats.<\/li><li>La seva c\u00e0rrega o \u00fas a qualsevol sistema de xarxa d\u2019ordinadors, encara que els diferents usuaris de la xarxa no hi puguin accedir simult\u00e0niament.<\/li><li>Qualsevol mena d\u2019extracci\u00f3, comunicaci\u00f3 p\u00fablica o transmissi\u00f3, total o parcial, per qualsevol mitj\u00e0, fora de l\u2019\u00e0mbit privat d\u2019\u00fas perm\u00e8s i, especialment, la seva incorporaci\u00f3 a qualsevol altra obra, inclosos llocs web, col\u00b7leccions o bases de dades.<\/li><li>La remoci\u00f3, ocultaci\u00f3 o falsejament dels avisos i advertiments sobre la Propietat intel\u00b7lectual o industrial del Web o de qualsevol producte o servei facilitat a trav\u00e9s del Web.<\/li><li>Les operacions i activitats expressament prohibides a qualsevol altra secci\u00f3 d\u2019aquestes Condicions i, en general, qualsevol cosa que pugui perjudicar el funcionament normal del Web, TGE, altres usuaris o qualsevol tercer.<\/li><\/ul><h2>Comportament de l\u2019usuari<\/h2><p>Els usuaris es comprometen a fer un \u00fas adequat dels continguts i serveis oferts a trav\u00e9s del Web i a no utilitzar-los per (i) inc\u00f3rrer en activitats il\u00b7l\u00edcites, il\u00b7legals o contr\u00e0ries a la bona fe i a l\u2019ordre p\u00fablic; (ii) difondre continguts o propaganda de car\u00e0cter racista, xen\u00f2fob o pornogr\u00e0fic, que facin apologia del terrorisme o que atemptin contra els drets humans; (iii) provocar danys en els sistemes f\u00edsics i l\u00f2gics d\u2019TGE, dels seus prove\u00efdors o de tercers, introduir o difondre a la xarxa virus inform\u00e0tics o qualsevol altre sistema f\u00edsic o l\u00f2gic que sigui susceptible de provocar els danys anteriorment esmentats; (iv) difondre continguts que atemptin contra la imatge i la reputaci\u00f3 d\u2019TGE o de tercers; (v) atemptar contra els drets de Propietat intel\u00b7lectual o industrial, d\u2019imatge, d\u2019honor o altres que corresponguin a TGE o a tercers.<\/p><p>Nom\u00e9s es permetran comentaris, continguts i publicacions que estiguin relacionats amb el contingut i les finalitats del Web o que s\u2019hi adeq\u00fcin. TGE tindr\u00e0 plena llibertat de decisi\u00f3 sobre si les aportacions dels usuaris es publiquen finalment al Web o no, i est\u00e0 facultada a retirar-les quan ho consideri oport\u00fa. TGE est\u00e0 facultada a publicar al Web els continguts subministrats pels usuaris de forma parcial, resumida o abreujada.<\/p><p>La inclusi\u00f3 al Web d\u2019elements proporcionats pels usuaris no n\u2019implica el suport, patrocini o recomanaci\u00f3 per part d\u2019TGE; per tant, no serem en absolut responsables del seu contingut i licitud.<\/p><h2>Continguts de tercers<\/h2><p>La inclusi\u00f3 al Web d\u2019elements proporcionats per tercers no n\u2019implica el suport, patrocini o recomanaci\u00f3 per part d\u2019TGE; per tant, no serem responsables en absolut del seu contingut i licitud. En cas que hi hagu\u00e9s publicitat de tercers (inclosos patrocinis), els anunciants seran els \u00fanics responsables que el material publicitari compleixi les lleis aplicables, i TGE no ser\u00e0 responsable de cap error o irregularitat que hi pugui haver.<\/p><p>Pel fet de proporcionar acc\u00e9s a trav\u00e9s del Web (mitjan\u00e7ant enlla\u00e7os o b\u00e0ners) a p\u00e0gines i llocs web, informacions, serveis, programes o dades pertanyents a tercers, TGE no es converteix en editor d\u2019aquests continguts ni es fa responsable, directament o subsidi\u00e0riament, de les reclamacions que puguin derivar de la seva qualitat, fiabilitat, exactitud, licitud o correcci\u00f3.<\/p><h2>Enlla\u00e7os al Web<\/h2><p>S\u2019autoritza l\u2019establiment d\u2019enlla\u00e7os al Web des d\u2019altres p\u00e0gines o llocs web, sempre que aquests no es facin de forma que perjudiquin la imatge p\u00fablica i de marca d\u2019TGE, dels seus usuaris o de qualsevol de les persones i productes a qu\u00e8 es faci refer\u00e8ncia. A l\u2019hora d\u2019establir aquests enlla\u00e7os, es prohibeix expressament l\u2019\u00fas de t\u00e8cniques que impliquin confusi\u00f3 sobre la identitat i propietat dels continguts, com ara el framing o altres, com tamb\u00e9 les que permetin l\u2019acc\u00e9s a serveis i continguts per als que TGE pugui exigir un registre previ (deep linking).<\/p><p>Es prohibeix establir enlla\u00e7os des de p\u00e0gines o llocs web amb continguts que promocionin o facin apologia, directament o indirectament, de qualsevol mena de viol\u00e8ncia, discriminaci\u00f3, pornografia o activitat il\u00b7legal. Aix\u00ed mateix, es prohibeix expressament establir enlla\u00e7os amb finalitats mercantils.<\/p><p>A l\u2019hora de crear els enlla\u00e7os, es prohibeix expressament l\u2019\u00fas d\u2019elements extrets del Web sense el consentiment previ i expr\u00e9s d\u2019TGE.<\/p><p>En cap cas no s\u2019entendr\u00e0 que els enlla\u00e7os al Web des de p\u00e0gines o llocs web de tercers impliquen relacions d\u2019TGE amb els seus titulars, com tampoc el seu suport, patrocini o recomanaci\u00f3; per tant, TGE no ser\u00e0 en absolut responsable del seu contingut i licitud.<\/p><h2>Modificacions<\/h2><p>TGE es reserva el dret a efectuar, mitjan\u00e7ant actualitzacions futures, les modificacions que consideri oportunes en el Web, i podr\u00e0 canviar, suprimir o afegir tant els continguts i els serveis que s\u2019hi faciliten com la forma en qu\u00e8 aquests es presenten o localitzen.<\/p><p>Tot i que TGE far\u00e0 tot el possible per mantenir actualitzada i sense errors la informaci\u00f3 continguda en el Web, no ofereix cap mena de garantia respecte de la seva exactitud i vig\u00e8ncia. Tampoc no es garanteix l\u2019obtenci\u00f3 de cap resultat o finalitat concrets, motiu pel qual l\u2019acc\u00e9s i \u00fas del Web \u00e9s voluntari i els usuaris en s\u00f3n els responsables exclusius.<\/p><h2>Seguretat<\/h2><p>Tret quan s\u2019indiqui expressament el contrari, les transmissions des del Web no es realitzen en un entorn segur. Per tant, TGE no garanteix que l\u2019acc\u00e9s sigui ininterromput i sense errors, i queda exonerada de qualsevol responsabilitat per danys derivats de l\u2019\u00fas o de la impossibilitat d\u2019\u00fas (inclosos tots els danys indirectes, com ara la p\u00e8rdua de beneficis, d\u2019oportunitats de negoci, d\u2019informaci\u00f3, etc.).<\/p><h2>Responsabilitat de TGE<\/h2><p>Amb l\u2019\u00fas i gaudi dels productes i serveis del Web no queda garantida per part de TGE l\u2019obtenci\u00f3 de cap resultat o fi concret, ni la seva idone\u00eftat per a una activitat o inter\u00e8s espec\u00edfics de l\u2019usuari.<\/p><p>En cap cas TGE respondr\u00e0 per danys indirectes, morals o lucre cessant, ni tampoc per altres danys independentment del tipus que fossin, derivats de causes de for\u00e7a major com ara, a t\u00edtol d\u2019exemple, la fallada generalitzada a les xarxes, vagues, guerres, pand\u00e8mies, estats de setge o qualsevol situaci\u00f3 semblant fora del seu control que impedeixi el funcionament adequat del Web, quedant limitada la responsabilitat de TGE, exclusivament, als danys directes que es poguessin ocasionar a l\u2019usuari per causes imputables a ella, amb el l\u00edmit m\u00e0xim de l\u2019import abonat per aquest.<\/p><h2>Llei i fur<\/h2><p>Aquestes Condicions d\u2019\u00fas se sotmeten a la legislaci\u00f3 del domicili d\u2019TGE.<\/p><p>En cas que sorgeixi algun conflicte o discrep\u00e0ncia en la seva interpretaci\u00f3 o aplicaci\u00f3, s\u2019entendr\u00e0 que TGE i l\u2019usuari s\u2019han sotm\u00e8s a la jurisdicci\u00f3 dels jutjats i tribunals del domicili d\u2019TGE, tret que la normativa legal aplicable en la mat\u00e8ria disposi imperativament la submissi\u00f3 a un fur diferent.<\/p><p>TGE perseguir\u00e0 l\u2019incompliment d\u2019aquestes Condicions d\u2019\u00fas, com tamb\u00e9 qualsevol \u00fas indegut del Web o dels seus continguts i les infraccions dels drets que corresponguin tant a TGE com als seus llicenciants, en especial els de Propietat intel\u00b7lectual i industrial, exercint totes les accions, civils i penals, que li puguin correspondre en Dret.<\/p><p><em>Darrera actualitzaci\u00f3: 01\/12\/2025<\/em><\/p>                            <\/div>\n                        <\/div>\n                    <\/div>\n                <\/div>\n            <\/div>\n        <\/section>\n\t\t\t\t\t\t<\/div>\n\t\t\t\t<\/div>\n\t\t\t\t\t<\/div>\n\t\t<\/div>\n\t\t\t\t\t<\/div>\n\t\t<\/section>\n\t\t\t\t<\/div>\n\t\t","protected":false},"excerpt":{"rendered":"<p>Solicitar informaci\u00f3nM\u00e1s info Abrir men\u00fa Cerrar men\u00fa Educamos \u00bfQu\u00e9 es? \u00bfPor qu\u00e9? Educamos Makers Contacto Funcionalidades Anal\u00edtica de datos Comunicaci\u00f3n del centro Gesti\u00f3n del centro Innovaci\u00f3n pedag\u00f3gica Beneficios para Centros educativos Red de escuelas Formaci\u00f3n Profesional Docentes Familias Alumnos\/as Insights Blog Ebooks Clientes Comunidad Educamos Cerca Condicions d&#8217;\u00fas Aquest lloc web (d\u2019ara endavant, el Web) [&hellip;]<\/p>\n","protected":false},"author":1,"featured_media":21314,"parent":0,"menu_order":0,"comment_status":"closed","ping_status":"closed","template":"","meta":{"_acf_changed":false,"footnotes":""},"class_list":["post-21487","page","type-page","status-publish","has-post-thumbnail","hentry"],"acf":[],"yoast_head":"<!-- This site is optimized with the Yoast SEO plugin v27.0 - https:\/\/yoast.com\/product\/yoast-seo-wordpress\/ -->\n<title>Condicions d&#039;\u00fas | Educamos<\/title>\n<meta name=\"description\" content=\"Condiciones de uso: Este sitio web es propiedad de SM, con domicilio social en calle Impresores, n\u00ba 2 (Parque Empresarial Prado del Espino), 28660 Boadilla del Monte, Madrid, Espa\u00f1a y C.I.F. n\u00ba B-86267432, inscrita en el Registro Mercantil de Madrid al Tomo 20087, Folio 160, Hoja M-523700.\" \/>\n<meta name=\"robots\" content=\"index, follow, max-snippet:-1, max-image-preview:large, max-video-preview:-1\" \/>\n<link rel=\"canonical\" href=\"https:\/\/educamos.com\/ca\/condicions-d-us\/\" \/>\n<meta property=\"og:locale\" content=\"ca_ES\" \/>\n<meta property=\"og:type\" content=\"article\" \/>\n<meta property=\"og:title\" content=\"Condicions d&#039;\u00fas | Educamos\" \/>\n<meta property=\"og:description\" content=\"Condiciones de uso: Este sitio web es propiedad de SM, con domicilio social en calle Impresores, n\u00ba 2 (Parque Empresarial Prado del Espino), 28660 Boadilla del Monte, Madrid, Espa\u00f1a y C.I.F. n\u00ba B-86267432, inscrita en el Registro Mercantil de Madrid al Tomo 20087, Folio 160, Hoja M-523700.\" \/>\n<meta property=\"og:url\" content=\"https:\/\/educamos.com\/ca\/condicions-d-us\/\" \/>\n<meta property=\"og:site_name\" content=\"Educamos\" \/>\n<meta property=\"article:modified_time\" content=\"2025-12-01T14:11:37+00:00\" \/>\n<meta property=\"og:image\" content=\"https:\/\/educamos.com\/wp-content\/uploads\/2023\/01\/rrss_generica_01-min.png\" \/>\n\t<meta property=\"og:image:width\" content=\"1200\" \/>\n\t<meta property=\"og:image:height\" content=\"600\" \/>\n\t<meta property=\"og:image:type\" content=\"image\/png\" \/>\n<meta name=\"twitter:card\" content=\"summary_large_image\" \/>\n<meta name=\"twitter:label1\" content=\"Temps estimat de lectura\" \/>\n\t<meta name=\"twitter:data1\" content=\"10 minuts\" \/>\n<script type=\"application\/ld+json\" class=\"yoast-schema-graph\">{\"@context\":\"https:\/\/schema.org\",\"@graph\":[{\"@type\":\"WebPage\",\"@id\":\"https:\/\/educamos.com\/ca\/condicions-d-us\/\",\"url\":\"https:\/\/educamos.com\/ca\/condicions-d-us\/\",\"name\":\"Condicions d'\u00fas | Educamos\",\"isPartOf\":{\"@id\":\"https:\/\/educamos.com\/ca\/#website\"},\"primaryImageOfPage\":{\"@id\":\"https:\/\/educamos.com\/ca\/condicions-d-us\/#primaryimage\"},\"image\":{\"@id\":\"https:\/\/educamos.com\/ca\/condicions-d-us\/#primaryimage\"},\"thumbnailUrl\":\"https:\/\/educamos.com\/wp-content\/uploads\/2023\/01\/rrss_generica_01-min.png\",\"datePublished\":\"2022-12-05T12:22:37+00:00\",\"dateModified\":\"2025-12-01T14:11:37+00:00\",\"description\":\"Condiciones de uso: Este sitio web es propiedad de SM, con domicilio social en calle Impresores, n\u00ba 2 (Parque Empresarial Prado del Espino), 28660 Boadilla del Monte, Madrid, Espa\u00f1a y C.I.F. n\u00ba B-86267432, inscrita en el Registro Mercantil de Madrid al Tomo 20087, Folio 160, Hoja M-523700.\",\"breadcrumb\":{\"@id\":\"https:\/\/educamos.com\/ca\/condicions-d-us\/#breadcrumb\"},\"inLanguage\":\"ca\",\"potentialAction\":[{\"@type\":\"ReadAction\",\"target\":[\"https:\/\/educamos.com\/ca\/condicions-d-us\/\"]}]},{\"@type\":\"ImageObject\",\"inLanguage\":\"ca\",\"@id\":\"https:\/\/educamos.com\/ca\/condicions-d-us\/#primaryimage\",\"url\":\"https:\/\/educamos.com\/wp-content\/uploads\/2023\/01\/rrss_generica_01-min.png\",\"contentUrl\":\"https:\/\/educamos.com\/wp-content\/uploads\/2023\/01\/rrss_generica_01-min.png\",\"width\":1200,\"height\":600},{\"@type\":\"BreadcrumbList\",\"@id\":\"https:\/\/educamos.com\/ca\/condicions-d-us\/#breadcrumb\",\"itemListElement\":[{\"@type\":\"ListItem\",\"position\":1,\"name\":\"Inici\",\"item\":\"https:\/\/educamos.com\/ca\/\"},{\"@type\":\"ListItem\",\"position\":2,\"name\":\"Condicions d&#8217;\u00fas\"}]},{\"@type\":\"WebSite\",\"@id\":\"https:\/\/educamos.com\/ca\/#website\",\"url\":\"https:\/\/educamos.com\/ca\/\",\"name\":\"Educamos\",\"description\":\"La escuela de hoy\",\"potentialAction\":[{\"@type\":\"SearchAction\",\"target\":{\"@type\":\"EntryPoint\",\"urlTemplate\":\"https:\/\/educamos.com\/ca\/?s={search_term_string}\"},\"query-input\":{\"@type\":\"PropertyValueSpecification\",\"valueRequired\":true,\"valueName\":\"search_term_string\"}}],\"inLanguage\":\"ca\"}]}<\/script>\n<!-- \/ Yoast SEO plugin. -->","yoast_head_json":{"title":"Condicions d'\u00fas | Educamos","description":"Condiciones de uso: Este sitio web es propiedad de SM, con domicilio social en calle Impresores, n\u00ba 2 (Parque Empresarial Prado del Espino), 28660 Boadilla del Monte, Madrid, Espa\u00f1a y C.I.F. n\u00ba B-86267432, inscrita en el Registro Mercantil de Madrid al Tomo 20087, Folio 160, Hoja M-523700.","robots":{"index":"index","follow":"follow","max-snippet":"max-snippet:-1","max-image-preview":"max-image-preview:large","max-video-preview":"max-video-preview:-1"},"canonical":"https:\/\/educamos.com\/ca\/condicions-d-us\/","og_locale":"ca_ES","og_type":"article","og_title":"Condicions d'\u00fas | Educamos","og_description":"Condiciones de uso: Este sitio web es propiedad de SM, con domicilio social en calle Impresores, n\u00ba 2 (Parque Empresarial Prado del Espino), 28660 Boadilla del Monte, Madrid, Espa\u00f1a y C.I.F. n\u00ba B-86267432, inscrita en el Registro Mercantil de Madrid al Tomo 20087, Folio 160, Hoja M-523700.","og_url":"https:\/\/educamos.com\/ca\/condicions-d-us\/","og_site_name":"Educamos","article_modified_time":"2025-12-01T14:11:37+00:00","og_image":[{"width":1200,"height":600,"url":"https:\/\/educamos.com\/wp-content\/uploads\/2023\/01\/rrss_generica_01-min.png","type":"image\/png"}],"twitter_card":"summary_large_image","twitter_misc":{"Temps estimat de lectura":"10 minuts"},"schema":{"@context":"https:\/\/schema.org","@graph":[{"@type":"WebPage","@id":"https:\/\/educamos.com\/ca\/condicions-d-us\/","url":"https:\/\/educamos.com\/ca\/condicions-d-us\/","name":"Condicions d'\u00fas | Educamos","isPartOf":{"@id":"https:\/\/educamos.com\/ca\/#website"},"primaryImageOfPage":{"@id":"https:\/\/educamos.com\/ca\/condicions-d-us\/#primaryimage"},"image":{"@id":"https:\/\/educamos.com\/ca\/condicions-d-us\/#primaryimage"},"thumbnailUrl":"https:\/\/educamos.com\/wp-content\/uploads\/2023\/01\/rrss_generica_01-min.png","datePublished":"2022-12-05T12:22:37+00:00","dateModified":"2025-12-01T14:11:37+00:00","description":"Condiciones de uso: Este sitio web es propiedad de SM, con domicilio social en calle Impresores, n\u00ba 2 (Parque Empresarial Prado del Espino), 28660 Boadilla del Monte, Madrid, Espa\u00f1a y C.I.F. n\u00ba B-86267432, inscrita en el Registro Mercantil de Madrid al Tomo 20087, Folio 160, Hoja M-523700.","breadcrumb":{"@id":"https:\/\/educamos.com\/ca\/condicions-d-us\/#breadcrumb"},"inLanguage":"ca","potentialAction":[{"@type":"ReadAction","target":["https:\/\/educamos.com\/ca\/condicions-d-us\/"]}]},{"@type":"ImageObject","inLanguage":"ca","@id":"https:\/\/educamos.com\/ca\/condicions-d-us\/#primaryimage","url":"https:\/\/educamos.com\/wp-content\/uploads\/2023\/01\/rrss_generica_01-min.png","contentUrl":"https:\/\/educamos.com\/wp-content\/uploads\/2023\/01\/rrss_generica_01-min.png","width":1200,"height":600},{"@type":"BreadcrumbList","@id":"https:\/\/educamos.com\/ca\/condicions-d-us\/#breadcrumb","itemListElement":[{"@type":"ListItem","position":1,"name":"Inici","item":"https:\/\/educamos.com\/ca\/"},{"@type":"ListItem","position":2,"name":"Condicions d&#8217;\u00fas"}]},{"@type":"WebSite","@id":"https:\/\/educamos.com\/ca\/#website","url":"https:\/\/educamos.com\/ca\/","name":"Educamos","description":"La escuela de hoy","potentialAction":[{"@type":"SearchAction","target":{"@type":"EntryPoint","urlTemplate":"https:\/\/educamos.com\/ca\/?s={search_term_string}"},"query-input":{"@type":"PropertyValueSpecification","valueRequired":true,"valueName":"search_term_string"}}],"inLanguage":"ca"}]}},"_links":{"self":[{"href":"https:\/\/educamos.com\/ca\/wp-json\/wp\/v2\/pages\/21487","targetHints":{"allow":["GET"]}}],"collection":[{"href":"https:\/\/educamos.com\/ca\/wp-json\/wp\/v2\/pages"}],"about":[{"href":"https:\/\/educamos.com\/ca\/wp-json\/wp\/v2\/types\/page"}],"author":[{"embeddable":true,"href":"https:\/\/educamos.com\/ca\/wp-json\/wp\/v2\/users\/1"}],"replies":[{"embeddable":true,"href":"https:\/\/educamos.com\/ca\/wp-json\/wp\/v2\/comments?post=21487"}],"version-history":[{"count":16,"href":"https:\/\/educamos.com\/ca\/wp-json\/wp\/v2\/pages\/21487\/revisions"}],"predecessor-version":[{"id":26718,"href":"https:\/\/educamos.com\/ca\/wp-json\/wp\/v2\/pages\/21487\/revisions\/26718"}],"wp:featuredmedia":[{"embeddable":true,"href":"https:\/\/educamos.com\/ca\/wp-json\/wp\/v2\/media\/21314"}],"wp:attachment":[{"href":"https:\/\/educamos.com\/ca\/wp-json\/wp\/v2\/media?parent=21487"}],"curies":[{"name":"wp","href":"https:\/\/api.w.org\/{rel}","templated":true}]}}