{"id":9687,"date":"2022-11-11T17:51:50","date_gmt":"2022-11-11T16:51:50","guid":{"rendered":"https:\/\/educamos.com\/que-es\/"},"modified":"2025-12-10T15:14:25","modified_gmt":"2025-12-10T14:14:25","slug":"que-es","status":"publish","type":"page","link":"https:\/\/educamos.com\/es-cl\/que-es\/","title":{"rendered":"\u00bfQu\u00e9 es?"},"content":{"rendered":"\t\t<div data-elementor-type=\"wp-page\" data-elementor-id=\"9687\" class=\"elementor elementor-9687 elementor-2009\" data-elementor-post-type=\"page\">\n\t\t\t\t\t\t<section class=\"elementor-section elementor-top-section elementor-element elementor-element-4ce7af0 elementor-section-full_width elementor-section-height-default elementor-section-height-default\" data-id=\"4ce7af0\" data-element_type=\"section\" data-e-type=\"section\">\n\t\t\t\t\t\t<div class=\"elementor-container elementor-column-gap-default\">\n\t\t\t\t\t<div class=\"elementor-column elementor-col-100 elementor-top-column elementor-element elementor-element-26279bf\" data-id=\"26279bf\" data-element_type=\"column\" data-e-type=\"column\">\n\t\t\t<div class=\"elementor-widget-wrap elementor-element-populated\">\n\t\t\t\t\t\t<div class=\"elementor-element elementor-element-b76377d elementor-widget elementor-widget-bloque-cabecera-menu\" data-id=\"b76377d\" data-element_type=\"widget\" data-e-type=\"widget\" data-widget_type=\"bloque-cabecera-menu.default\">\n\t\t\t\t<div class=\"elementor-widget-container\">\n\t\t\t\t\t        <!-- Encabezado -->\n        <header class=\"header \">\n            <div id=\"sticky_header\" class=\"sticky-header \">\n                <div class=\"container\">\n                    <div class=\"row\">\n                        <div class=\"col-12 d-flex justify-content-between align-items-center\">\n                            <div class=\"logo\"><a href=\"https:\/\/educamos.com\/es-cl\/\"><img decoding=\"async\" src=\"https:\/\/educamos.com\/wp-content\/themes\/educamos\/images\/logotipo-2026.png\" class=\"img-fluid\" alt=\"Logotipo de Educamos\" \/><\/a><\/div>\n                                                            <div class=\"menu-header\">\n                                                                        <a href=\"\/es-cl\/solicita-una-demo\" class=\"btn btn-primary demo\" title=\"Solicitar informaci\u00f3n\"><span class=\"d-none d-sm-block\">Solicitar informaci\u00f3n<\/span><span class=\"d-block d-sm-none\">M\u00e1s info<\/span><\/a>\n                                                                        <button data-target=\"#main_menu\" data-toggle=\"collapse\" class=\"navbar-toggle openMenu\" type=\"button\">\n                                        <i class=\"far fa-bars\"><\/i> <span class=\"sr-only\">Abrir men\u00fa<\/span>\n                                        <i class=\"far fa-times\"><\/i> <span class=\"sr-only\">Cerrar men\u00fa<\/span>    \n                                    <\/button>\n                                <\/div>\n\n                                <!-- MEGAMENU -->\n                                <div class=\"megamenu\">\n                                    <div class=\"container\">\n                                    <ul id=\"menu-menu-principal-chile\" class=\"dropdown-menu\" itemscope itemtype=\"http:\/\/www.schema.org\/SiteNavigationElement\"><li  id=\"menu-item-8940\" class=\"menu-item menu-item-type-custom menu-item-object-custom menu-item-has-children dropdown menu-item-8940 nav-item\"><a href=\"#\" aria-expanded=\"false\" class=\"dropdown-toggle nav-link\" id=\"menu-item-dropdown-8940\" data-bs-toggle=\"dropdown\"><span itemprop=\"name\">Educamos<\/span><\/a>\n<ul class=\"dropdown-menu\" aria-labelledby=\"menu-item-dropdown-8940\">\n\t<li  id=\"menu-item-10048\" class=\"menu-item menu-item-type-post_type menu-item-object-page menu-item-10048 nav-item\"><a itemprop=\"url\" href=\"https:\/\/educamos.com\/es-cl\/que-es\/\" class=\"dropdown-item\"><span itemprop=\"name\">\u00bfQu\u00e9 es?<\/span><\/a><\/li>\n\t<li  id=\"menu-item-10047\" class=\"menu-item menu-item-type-post_type menu-item-object-page menu-item-10047 nav-item\"><a itemprop=\"url\" href=\"https:\/\/educamos.com\/es-cl\/por-que\/\" class=\"dropdown-item\"><span itemprop=\"name\">\u00bfPor qu\u00e9?<\/span><\/a><\/li>\n\t<li  id=\"menu-item-10045\" class=\"menu-item menu-item-type-post_type menu-item-object-page menu-item-10045 nav-item\"><a itemprop=\"url\" href=\"https:\/\/educamos.com\/es-cl\/educamos-makers\/\" class=\"dropdown-item\"><span itemprop=\"name\">Educamos Makers<\/span><\/a><\/li>\n\t<li  id=\"menu-item-13017\" class=\"menu-item menu-item-type-post_type menu-item-object-page menu-item-13017 nav-item\"><a itemprop=\"url\" href=\"https:\/\/educamos.com\/es-cl\/contacto\/\" class=\"dropdown-item\"><span itemprop=\"name\">Contacto<\/span><\/a><\/li>\n<\/ul>\n<\/li>\n<li  id=\"menu-item-8941\" class=\"menu-item menu-item-type-post_type_archive menu-item-object-funcionalidades menu-item-has-children dropdown menu-item-8941 nav-item\"><a href=\"#\" aria-expanded=\"false\" class=\"dropdown-toggle nav-link\" id=\"menu-item-dropdown-8941\" data-bs-toggle=\"dropdown\"><span itemprop=\"name\">Funcionalidades<\/span><\/a>\n<ul class=\"dropdown-menu\" aria-labelledby=\"menu-item-dropdown-8941\">\n\t<li  id=\"menu-item-10029\" class=\"menu-item menu-item-type-post_type menu-item-object-funcionalidades menu-item-10029 nav-item\"><a itemprop=\"url\" href=\"https:\/\/educamos.com\/es-cl\/funcionalidades\/analitica-de-datos\/\" class=\"dropdown-item\"><span itemprop=\"name\">Anal\u00edtica de datos<\/span><\/a><\/li>\n\t<li  id=\"menu-item-10030\" class=\"menu-item menu-item-type-post_type menu-item-object-funcionalidades menu-item-10030 nav-item\"><a itemprop=\"url\" href=\"https:\/\/educamos.com\/es-cl\/funcionalidades\/comunicacion-del-colegio\/\" class=\"dropdown-item\"><span itemprop=\"name\">Comunicaci\u00f3n del colegio<\/span><\/a><\/li>\n\t<li  id=\"menu-item-10028\" class=\"menu-item menu-item-type-post_type menu-item-object-funcionalidades menu-item-10028 nav-item\"><a itemprop=\"url\" href=\"https:\/\/educamos.com\/es-cl\/funcionalidades\/gestion-del-colegio\/\" class=\"dropdown-item\"><span itemprop=\"name\">Gesti\u00f3n del colegio<\/span><\/a><\/li>\n\t<li  id=\"menu-item-10027\" class=\"menu-item menu-item-type-post_type menu-item-object-funcionalidades menu-item-10027 nav-item\"><a itemprop=\"url\" href=\"https:\/\/educamos.com\/es-cl\/funcionalidades\/innovacion-pedagogica\/\" class=\"dropdown-item\"><span itemprop=\"name\">Innovaci\u00f3n pedag\u00f3gica<\/span><\/a><\/li>\n<\/ul>\n<\/li>\n<li  id=\"menu-item-8942\" class=\"menu-item menu-item-type-post_type_archive menu-item-object-beneficios menu-item-has-children dropdown menu-item-8942 nav-item\"><a href=\"#\" aria-expanded=\"false\" class=\"dropdown-toggle nav-link\" id=\"menu-item-dropdown-8942\" data-bs-toggle=\"dropdown\"><span itemprop=\"name\">Beneficios para<\/span><\/a>\n<ul class=\"dropdown-menu\" aria-labelledby=\"menu-item-dropdown-8942\">\n\t<li  id=\"menu-item-10034\" class=\"menu-item menu-item-type-post_type menu-item-object-beneficios menu-item-10034 nav-item\"><a itemprop=\"url\" href=\"https:\/\/educamos.com\/es-cl\/beneficios\/centros-educativos\/\" class=\"dropdown-item\"><span itemprop=\"name\">Centros educativos<\/span><\/a><\/li>\n\t<li  id=\"menu-item-10035\" class=\"menu-item menu-item-type-post_type menu-item-object-beneficios menu-item-10035 nav-item\"><a itemprop=\"url\" href=\"https:\/\/educamos.com\/es-cl\/beneficios\/red-de-escuelas\/\" class=\"dropdown-item\"><span itemprop=\"name\">Red de escuelas<\/span><\/a><\/li>\n\t<li  id=\"menu-item-10032\" class=\"menu-item menu-item-type-post_type menu-item-object-beneficios menu-item-10032 nav-item\"><a itemprop=\"url\" href=\"https:\/\/educamos.com\/es-cl\/beneficios\/docentes\/\" class=\"dropdown-item\"><span itemprop=\"name\">Docentes<\/span><\/a><\/li>\n\t<li  id=\"menu-item-10033\" class=\"menu-item menu-item-type-post_type menu-item-object-beneficios menu-item-10033 nav-item\"><a itemprop=\"url\" href=\"https:\/\/educamos.com\/es-cl\/beneficios\/familias\/\" class=\"dropdown-item\"><span itemprop=\"name\">Familias<\/span><\/a><\/li>\n\t<li  id=\"menu-item-10031\" class=\"menu-item menu-item-type-post_type menu-item-object-beneficios menu-item-10031 nav-item\"><a itemprop=\"url\" href=\"https:\/\/educamos.com\/es-cl\/beneficios\/alumnos-as\/\" class=\"dropdown-item\"><span itemprop=\"name\">Alumnos\/as<\/span><\/a><\/li>\n<\/ul>\n<\/li>\n<li  id=\"menu-item-8956\" class=\"menu-item menu-item-type-custom menu-item-object-custom menu-item-has-children dropdown menu-item-8956 nav-item\"><a href=\"#\" aria-expanded=\"false\" class=\"dropdown-toggle nav-link\" id=\"menu-item-dropdown-8956\" data-bs-toggle=\"dropdown\"><span itemprop=\"name\">Insights<\/span><\/a>\n<ul class=\"dropdown-menu\" aria-labelledby=\"menu-item-dropdown-8956\">\n\t<li  id=\"menu-item-20606\" class=\"menu-item menu-item-type-taxonomy menu-item-object-category menu-item-20606 nav-item\"><a itemprop=\"url\" href=\"https:\/\/educamos.com\/es-cl\/blog\/\" class=\"dropdown-item\"><span itemprop=\"name\">Blog<\/span><\/a><\/li>\n\t<li  id=\"menu-item-20607\" class=\"menu-item menu-item-type-post_type_archive menu-item-object-ebook menu-item-20607 nav-item\"><a itemprop=\"url\" href=\"https:\/\/educamos.com\/es-cl\/ebook\/\" class=\"dropdown-item\"><span itemprop=\"name\">Ebooks<\/span><\/a><\/li>\n<\/ul>\n<\/li>\n<li  id=\"menu-item-8958\" class=\"menu-item menu-item-type-custom menu-item-object-custom menu-item-has-children dropdown menu-item-8958 nav-item\"><a href=\"#\" aria-expanded=\"false\" class=\"dropdown-toggle nav-link\" id=\"menu-item-dropdown-8958\" data-bs-toggle=\"dropdown\"><span itemprop=\"name\">Clientes<\/span><\/a>\n<ul class=\"dropdown-menu\" aria-labelledby=\"menu-item-dropdown-8958\">\n\t<li  id=\"menu-item-8959\" class=\"link-externo menu-item menu-item-type-custom menu-item-object-custom menu-item-8959 nav-item\"><a target=\"_blank\" rel=\"noopener noreferrer\" itemprop=\"url\" href=\"https:\/\/www.educamosmakers.com\/\" class=\"dropdown-item\"><span itemprop=\"name\">Comunidad Educamos Makers<\/span><\/a><\/li>\n<\/ul>\n<\/li>\n<\/ul>                                    <\/div>\n                                <\/div>\n                                                    <\/div>\n                    <\/div>\n                <\/div>\n            <\/div>\n        <\/header>\n        <!-- \/ -->\n\t\t\t\t\t\t<\/div>\n\t\t\t\t<\/div>\n\t\t\t\t<div class=\"elementor-element elementor-element-c343699 elementor-widget elementor-widget-bloque-cabecera-imagen\" data-id=\"c343699\" data-element_type=\"widget\" data-e-type=\"widget\" data-widget_type=\"bloque-cabecera-imagen.default\">\n\t\t\t\t<div class=\"elementor-widget-container\">\n\t\t\t\t\t        <!-- Cabecera con imagen -->\n        <section class=\"bloque bloque-encabezado-pagina azul \">\n            <div class=\"container\">\n                <div class=\"row\">\n                    <div class=\"col-12 d-flex justify-content-between align-items-center\">\n                        <div class=\"datos\">\n                                                            <div data-aos=\"fade-left\" data-aos-duration=\"700\"><ol class=\"breadcrumb\"><li><a href=\"https:\/\/educamos.com\/es-cl\/\">Inicio<\/a><\/li><\/ol><\/div>                                                        <h1 class=\"titulos\" data-aos=\"fade-left\" data-aos-duration=\"700\">Un ecosistema educativo digital abierto, flexible y en continua evoluci\u00f3n<\/h1>                                                    <\/div>\n                        <div class=\"imagen transparente\"><img decoding=\"async\" src=\"https:\/\/educamos.com\/wp-content\/uploads\/2023\/01\/cabecera-que-es.png\" class=\"img-fluid\" data-aos=\"fade-left\" data-aos-delay=\"600\" data-aos-duration=\"800\" alt=\"Un ecosistema educativo digital abierto, flexible y en continua evoluci\u00f3n\"><div class=\"gradient\"><\/div><\/div>\n                    <\/div>\n                <\/div>\n            <\/div>\n        <\/section>\n\t\t\t\t\t\t<\/div>\n\t\t\t\t<\/div>\n\t\t\t\t<div class=\"elementor-element elementor-element-54edb24 elementor-widget elementor-widget-bloque-texto\" data-id=\"54edb24\" data-element_type=\"widget\" data-e-type=\"widget\" data-widget_type=\"bloque-texto.default\">\n\t\t\t\t<div class=\"elementor-widget-container\">\n\t\t\t\t\t        <!-- Texto a 2 columnas-->\n        <section class=\"bloque bloque-texto \">\n            <div class=\"container\">\n                <h2 class=\"titulos\" data-aos=\"fade-left\" data-aos-duration=\"700\">Educamos te acompa\u00f1a en la transformaci\u00f3n digital de tu escuela<\/h2>                <div class=\"estrecho2\">\n                    <div class=\"row\">\n                        <div class=\"col-sm-12\">\n                            <div class=\"the_content\" data-aos=\"fade-up\" data-aos-duration=\"700\">\n                                <p><strong>Educamos<\/strong> es un <strong>ecosistema educativo digital<\/strong> que conecta personas, soluciones de aprendizaje, datos y herramientas eficaces para la <strong>gesti\u00f3n integral<\/strong> de tu centro educativo, acompa\u00f1\u00e1ndolo en el proceso de transformaci\u00f3n hacia un nuevo modelo m\u00e1s <strong>innovador, diferencial y eficiente.<\/strong><\/p><p>El ecosistema involucra a todos los agentes de la comunidad educativa (familias, profesores, directores, alumnos\u2026). Gracias a las posibilidades de este <strong>sistema digital unificado<\/strong>, reforzamos el rol de cada uno de estos agentes y posibilitamos que la tarea fundamental del centro sea la de educar y potenciar nuevas formas de aprendizaje.<\/p>                            <\/div>\n                        <\/div>\n                    <\/div>\n                <\/div>\n            <\/div>\n        <\/section>\n\t\t\t\t\t\t<\/div>\n\t\t\t\t<\/div>\n\t\t\t\t<div class=\"elementor-element elementor-element-8b7f707 elementor-widget elementor-widget-bloque-cita\" data-id=\"8b7f707\" data-element_type=\"widget\" data-e-type=\"widget\" data-widget_type=\"bloque-cita.default\">\n\t\t\t\t<div class=\"elementor-widget-container\">\n\t\t\t\t\t        <!-- Cita   -->\n        <section class=\"bloque bloque-quotes \">\n            <div class=\"container\">\n                <div class=\"estrecho\">\n                    <div class=\"row\">\n                        <div class=\"col-12 col-sm-8 col-md-6\">\n                            <figure data-aos=\"fade-left\" data-aos-duration=\"700\">\n                                <blockquote class=\"blockquote no-quote\">\n                                    <p class=\"subtitulos\">Educamos explora y potencia las m\u00faltiples posibilidades que ofrece el mundo digital.<\/p>\n                                <\/blockquote>\n                                                                                            <\/figure>\n                        <\/div>\n                    <\/div>\n                <\/div>\n            <\/div>\n        <\/section>\n\t\t\t\t\t\t<\/div>\n\t\t\t\t<\/div>\n\t\t\t\t<div class=\"elementor-element elementor-element-c82b4cb elementor-widget elementor-widget-bloque-2-imagenes\" data-id=\"c82b4cb\" data-element_type=\"widget\" data-e-type=\"widget\" data-widget_type=\"bloque-2-imagenes.default\">\n\t\t\t\t<div class=\"elementor-widget-container\">\n\t\t\t\t\t        <!-- Bloque contenidos: 2 fotos \/ big + small -->\n        <section class=\"bloque bloque-2-fotos-big-small \">\n            <div class=\"container\">\n                                                 <div class=\"estrecho3\">\n                    <div class=\"row\">\n                        <div class=\"col-12 d-flex justify-content-between align-items-center\">\n                            <div class=\"imagenes\">\n                                <figure class=\"figure imagen1\">\n                                    <div class=\"image\" data-aos=\"fade-right\" data-aos-delay=\"800\" data-aos-duration=\"1200\"><img decoding=\"async\" src=\"https:\/\/educamos.com\/wp-content\/uploads\/2022\/12\/que-es-1-1-770x482.jpg\" class=\"figure-img img-fluid\" alt=\"\u00bfQu\u00e9 es?\"><\/div>\n                                                                    <\/figure>\n\n                                <figure class=\"figure imagen2\">\n                                    <div class=\"image\" data-aos=\"fade-left\" data-aos-delay=\"800\" data-aos-duration=\"1200\"><img decoding=\"async\" src=\"https:\/\/educamos.com\/wp-content\/uploads\/2023\/01\/indice-470x295.jpg\" class=\"figure-img img-fluid\" alt=\"\u00bfQu\u00e9 es?\"><\/div>\n                                                                    <\/figure>\n                            <\/div>\n                        <\/div>\n                    <\/div>\n                <\/div>\n            <\/div>\n        <\/section>\n\t\t\t\t\t\t<\/div>\n\t\t\t\t<\/div>\n\t\t\t\t<div class=\"elementor-element elementor-element-82373a3 elementor-widget elementor-widget-bloque-listado\" data-id=\"82373a3\" data-element_type=\"widget\" data-e-type=\"widget\" data-widget_type=\"bloque-listado.default\">\n\t\t\t\t<div class=\"elementor-widget-container\">\n\t\t\t\t\t        <!-- bloque listado -->\n        <section class=\"bloque bloque-listado-con-iconos\" >\n            <div class=\"container\">\n                <h2 class=\"titulos\" data-aos=\"fade-left\" data-aos-duration=\"700\">Somos un ecosistema...<\/h2>                <div class=\"estrecho2\">\n                                            <ul class=\"list-group list-group-horizontal row\">\n                                                            <li class=\"list-group-item col-12 col-sm-6 col-md-4\" data-aos=\"fade-up\" data-aos-delay=\"100\" data-aos-duration=\"700\">\n                                                                        <img decoding=\"async\" src=\"https:\/\/educamos.com\/wp-content\/uploads\/2022\/12\/check.png\" data-aos=\"flip-left\" data-aos-delay=\"200\" data-aos-duration=\"700\" class=\"icono\" alt=\"Sencillo\">\n                                                                        <h3 class=\"subtitulos\">Sencillo<\/h3>\n                                    <div class=\"the_content\">\n                                        <p>Con un solo usuario, y desde un mismo lugar, profesores y alumnos pueden acceder a las herramientas y proyectos educativos.<\/p>\n                                                                            <\/div>\n                                <\/li>\n                                                            <li class=\"list-group-item col-12 col-sm-6 col-md-4\" data-aos=\"fade-up\" data-aos-delay=\"200\" data-aos-duration=\"700\">\n                                                                        <img decoding=\"async\" src=\"https:\/\/educamos.com\/wp-content\/uploads\/2022\/12\/check.png\" data-aos=\"flip-left\" data-aos-delay=\"300\" data-aos-duration=\"700\" class=\"icono\" alt=\"Seguro\">\n                                                                        <h3 class=\"subtitulos\">Seguro<\/h3>\n                                    <div class=\"the_content\">\n                                        <p>Con todas las garant\u00edas de seguridad y protecci\u00f3n de datos necesarias para albergar informaci\u00f3n de alumnos y familias.<\/p>\n                                                                            <\/div>\n                                <\/li>\n                                                            <li class=\"list-group-item col-12 col-sm-6 col-md-4\" data-aos=\"fade-up\" data-aos-delay=\"300\" data-aos-duration=\"700\">\n                                                                        <img decoding=\"async\" src=\"https:\/\/educamos.com\/wp-content\/uploads\/2022\/12\/check.png\" data-aos=\"flip-left\" data-aos-delay=\"400\" data-aos-duration=\"700\" class=\"icono\" alt=\"Abierto\">\n                                                                        <h3 class=\"subtitulos\">Abierto<\/h3>\n                                    <div class=\"the_content\">\n                                        <p><strong>Educamos<\/strong> permite la integraci\u00f3n con soluciones y servicios de terceros (Google, Microsoft, Amazon\u2026)<\/p>\n                                                                            <\/div>\n                                <\/li>\n                                                            <li class=\"list-group-item col-12 col-sm-6 col-md-4\" data-aos=\"fade-up\" data-aos-delay=\"400\" data-aos-duration=\"700\">\n                                                                        <img decoding=\"async\" src=\"https:\/\/educamos.com\/wp-content\/uploads\/2022\/12\/check.png\" data-aos=\"flip-left\" data-aos-delay=\"500\" data-aos-duration=\"700\" class=\"icono\" alt=\"Flexible\">\n                                                                        <h3 class=\"subtitulos\">Flexible<\/h3>\n                                    <div class=\"the_content\">\n                                        <p><strong>Educamos<\/strong> se adapta a las necesidades de tu centro o instituci\u00f3n educativa.<\/p>\n                                                                            <\/div>\n                                <\/li>\n                                                            <li class=\"list-group-item col-12 col-sm-6 col-md-4\" data-aos=\"fade-up\" data-aos-delay=\"500\" data-aos-duration=\"700\">\n                                                                        <img decoding=\"async\" src=\"https:\/\/educamos.com\/wp-content\/uploads\/2022\/12\/check.png\" data-aos=\"flip-left\" data-aos-delay=\"600\" data-aos-duration=\"700\" class=\"icono\" alt=\"Accesible\">\n                                                                        <h3 class=\"subtitulos\">Accesible<\/h3>\n                                    <div class=\"the_content\">\n                                        <p>Intuitivo y adaptado a todos los dispositivos. Apps exclusivas para diferentes agentes de la comunidad educativa (familias, docentes, etc.)<\/p>\n                                                                            <\/div>\n                                <\/li>\n                                                            <li class=\"list-group-item col-12 col-sm-6 col-md-4\" data-aos=\"fade-up\" data-aos-delay=\"600\" data-aos-duration=\"700\">\n                                                                        <img decoding=\"async\" src=\"https:\/\/educamos.com\/wp-content\/uploads\/2022\/12\/check.png\" data-aos=\"flip-left\" data-aos-delay=\"700\" data-aos-duration=\"700\" class=\"icono\" alt=\"Evolutivo\">\n                                                                        <h3 class=\"subtitulos\">Evolutivo<\/h3>\n                                    <div class=\"the_content\">\n                                        <p>En constante evoluci\u00f3n y mejora gracias a los datos de usuario y las ideas aportadas por los propios centros educativos.<\/p>\n                                                                            <\/div>\n                                <\/li>\n                                                    <\/ul>\n                                    <\/div>\n            <\/div>\n        <\/section>\n\n\t\t\t\t\t\t<\/div>\n\t\t\t\t<\/div>\n\t\t\t\t<div class=\"elementor-element elementor-element-4bc81ae elementor-widget elementor-widget-bloque-imagen-centrada\" data-id=\"4bc81ae\" data-element_type=\"widget\" data-e-type=\"widget\" data-widget_type=\"bloque-imagen-centrada.default\">\n\t\t\t\t<div class=\"elementor-widget-container\">\n\t\t\t\t\t        <!-- Bloque contenidos: Imagen bloque-imagen-centrada -->\n        <section class=\"bloque bloque-imagen-centrada \">\n            <div class=\"container\">\n                                                                <div class=\"estrecho3\">\n                    <div class=\"row\">\n                        <div class=\"col-12\">\n                            <figure class=\"figure imagen2\">\n                                <div class=\"image\" data-aos=\"fade-up\" data-aos-delay=\"800\" data-aos-duration=\"1200\"><img decoding=\"async\" src=\"https:\/\/educamos.com\/wp-content\/uploads\/2023\/01\/capturas-que-es.png\" class=\"figure-img img-fluid\" alt=\"\"><\/div>\n                                                            <\/figure>\n                        <\/div>\n                    <\/div>\n                <\/div>\n            <\/div>\n                    <\/section>\n\n\t\t\t\t\t\t<\/div>\n\t\t\t\t<\/div>\n\t\t\t\t<div class=\"elementor-element elementor-element-8a56303 elementor-widget elementor-widget-bloque-funcionalidades-relacionadas\" data-id=\"8a56303\" data-element_type=\"widget\" data-e-type=\"widget\" data-widget_type=\"bloque-funcionalidades-relacionadas.default\">\n\t\t\t\t<div class=\"elementor-widget-container\">\n\t\t\t\t\t        <!-- Funcionalidades -->\n        <section class=\"bloque bloque-funcionalidades \">\n            <div class=\"container\">\n                                <div class=\"subtitulos\" data-aos=\"fade-left\" data-aos-duration=\"700\"><p>Educamos aborda cuatro ejes principales sobre los que trabaja todas sus funcionalidades:<\/p><\/div>\n                                <div class=\"estrecho2\">\n                    <div class=\"row\">\n                                                    <div class=\"col-md-6\" data-aos=\"fade-up\" data-aos-duration=\"700\">\n                                <div class=\"image\" style=\"background-color:#feb3ad\"><img decoding=\"async\" src=\"https:\/\/educamos.com\/wp-content\/uploads\/2022\/11\/icono-analitica.svg\" class=\"icono\" alt=\"Icono representativo de An\u00e1lisis y visualizaci\u00f3n de datos escolares\"><\/div>\n                                <h3 class=\"subtitulos\">An\u00e1lisis y visualizaci\u00f3n de datos escolares<\/h3>\n                                <p>Herramientas para ver el avance acad\u00e9mico, detectar oportunidades y tomar mejores decisiones.<\/p>\n                                <a href=\"https:\/\/educamos.com\/es-cl\/funcionalidades\/analitica-de-datos\/\" title=\"M\u00e1s sobre esto\" class=\"enlace btn-arrow\">M\u00e1s sobre esto<\/a>\n                            <\/div>\n\t\t                                             <div class=\"col-md-6\" data-aos=\"fade-up\" data-aos-duration=\"700\">\n                                <div class=\"image\" style=\"background-color:#6fc7a8\"><img decoding=\"async\" src=\"https:\/\/educamos.com\/wp-content\/uploads\/2022\/11\/icono-comunicacion.svg\" class=\"icono\" alt=\"Icono representativo de Comunicaci\u00f3n con apoderados y comunidad educativa\"><\/div>\n                                <h3 class=\"subtitulos\">Comunicaci\u00f3n con apoderados y comunidad educativa<\/h3>\n                                <p>Mensajes, notificaciones y avisos organizados en un entorno seguro y accesible.<\/p>\n                                <a href=\"https:\/\/educamos.com\/es-cl\/funcionalidades\/comunicacion-del-colegio\/\" title=\"M\u00e1s sobre esto\" class=\"enlace btn-arrow\">M\u00e1s sobre esto<\/a>\n                            <\/div>\n\t\t                                             <div class=\"col-md-6\" data-aos=\"fade-up\" data-aos-duration=\"700\">\n                                <div class=\"image\" style=\"background-color:#3093f5\"><img decoding=\"async\" src=\"https:\/\/educamos.com\/wp-content\/uploads\/2022\/11\/icono-gestion.svg\" class=\"icono\" alt=\"Icono representativo de Gesti\u00f3n acad\u00e9mica y administrativa\"><\/div>\n                                <h3 class=\"subtitulos\">Gesti\u00f3n acad\u00e9mica y administrativa<\/h3>\n                                <p>Control total de procesos escolares: planificaci\u00f3n, evaluaciones, reportes, secretar\u00eda y asistencia.<\/p>\n                                <a href=\"https:\/\/educamos.com\/es-cl\/funcionalidades\/gestion-del-colegio\/\" title=\"M\u00e1s sobre esto\" class=\"enlace btn-arrow\">M\u00e1s sobre esto<\/a>\n                            <\/div>\n\t\t                                             <div class=\"col-md-6\" data-aos=\"fade-up\" data-aos-duration=\"700\">\n                                <div class=\"image\" style=\"background-color:#f4a900\"><img decoding=\"async\" src=\"https:\/\/educamos.com\/wp-content\/uploads\/2022\/11\/icono-innovacion.svg\" class=\"icono\" alt=\"Icono representativo de Recursos digitales para el aula\"><\/div>\n                                <h3 class=\"subtitulos\">Recursos digitales para el aula<\/h3>\n                                <p>Integraci\u00f3n de materiales pedag\u00f3gicos, planificaciones y contenidos interactivos para apoyar al docente.<\/p>\n                                <a href=\"https:\/\/educamos.com\/es-cl\/funcionalidades\/innovacion-pedagogica\/\" title=\"M\u00e1s sobre esto\" class=\"enlace btn-arrow\">M\u00e1s sobre esto<\/a>\n                            <\/div>\n\t\t                                     <\/div>\n                <\/div>\n            <\/div>\n        <\/section>\n\t\t\t\t\t\t<\/div>\n\t\t\t\t<\/div>\n\t\t\t\t<div class=\"elementor-element elementor-element-396d13d elementor-widget elementor-widget-bloque-texto-video\" data-id=\"396d13d\" data-element_type=\"widget\" data-e-type=\"widget\" data-widget_type=\"bloque-texto-video.default\">\n\t\t\t\t<div class=\"elementor-widget-container\">\n\t\t\t\t\t        <!-- Texto + imagen -->\n        <section class=\"bloque bloque-texto-con-video amarillo mb-0\">\n            <div class=\"container\">\n                <h2 class=\"titulos\" data-aos=\"fade-left\" data-aos-duration=\"700\">Clima emocional<\/h2>                <div class=\"subtitulos\" data-aos=\"fade-left\" data-aos-duration=\"700\"><p>Un nuevo atributo que nos diferencia<\/p><\/div>\n                                <div class=\"estrecho\">\n                    <div class=\"row\">\n                        <div class=\"col-12 col-md-5 d-flex justify-content-between align-items-center order-2\">\n                            <div class=\"the_content\" data-aos=\"fade-up\" data-aos-duration=\"700\">\n                                <p><strong>Educamos<\/strong> coloca siempre al alumno en el centro de sus acciones, por eso considera imprescindible medir el <strong>clima emocional en las aulas<\/strong> y detectar posibles situaciones de vulnerabilidad o que requieran especial atenci\u00f3n por parte de la comunidad docente.<\/p><p>Esta <strong>funcionalidad \u00fanica y diferencial<\/strong> de nuestro ecosistema aporta informes en tablas y gr\u00e1ficos sobre este aspecto crucial para el proceso de aprendizaje y la convivencia entre el alumnado.<\/p>                            <\/div>\n                        <\/div>\n                        <div class=\"col-12 col-md-7 d-flex justify-content-between align-items-center order-1\" data-aos=\"fade\" data-aos-duration=\"700\">\n                            <div class=\"ratio ratio-16x9\">\n                                                                <iframe class=\"embed-responsive-item\" src=\"https:\/\/fast.wistia.net\/embed\/iframe\/2r8yo6sq1r?rel=0\" allowfullscreen allowtransparency=\"true\"><\/iframe>\n                                                            <\/div>\n                        <\/div>\n                    <\/div>\n                <\/div>\n            <\/div>\n        <\/section>\n\t\t\t\t\t\t<\/div>\n\t\t\t\t<\/div>\n\t\t\t\t<div class=\"elementor-element elementor-element-4ac5083 elementor-widget elementor-widget-bloque-imagen-centrada\" data-id=\"4ac5083\" data-element_type=\"widget\" data-e-type=\"widget\" data-widget_type=\"bloque-imagen-centrada.default\">\n\t\t\t\t<div class=\"elementor-widget-container\">\n\t\t\t\t\t        <!-- Bloque contenidos: Imagen bloque-imagen-fullwidth -->\n        <section class=\"bloque bloque-imagen-fullwidth \">\n            <div class=\"container\">\n                                                            <\/div>\n            <div class=\"image\" data-aos=\"fade-up\" data-aos-delay=\"600\" data-aos-duration=\"800\" ><img decoding=\"async\" src=\"https:\/\/educamos.com\/wp-content\/uploads\/2022\/12\/que-es-4-2.jpg\" class=\"img-fluid\" alt=\"\"><\/div>\n                    <\/section>\n\n\t\t\t\t\t\t<\/div>\n\t\t\t\t<\/div>\n\t\t\t\t<div class=\"elementor-element elementor-element-3b1836e elementor-widget elementor-widget-bloque-texto\" data-id=\"3b1836e\" data-element_type=\"widget\" data-e-type=\"widget\" data-widget_type=\"bloque-texto.default\">\n\t\t\t\t<div class=\"elementor-widget-container\">\n\t\t\t\t\t        <!-- Texto a 2 columnas-->\n        <section class=\"bloque bloque-texto \">\n            <div class=\"container\">\n                <h2 class=\"titulos\" data-aos=\"fade-left\" data-aos-duration=\"700\">Educamos, tambi\u00e9n para instituciones<\/h2>                <div class=\"estrecho2\">\n                    <div class=\"row\">\n                        <div class=\"col-sm-12\">\n                            <div class=\"the_content\" data-aos=\"fade-up\" data-aos-duration=\"700\">\n                                <p class=\"Pa2\" style=\"margin-top: 18.0pt;\">Educamos tambi\u00e9n incluye una soluci\u00f3n dise\u00f1ada espec\u00edficamente para <strong>instituciones y agrupaciones de centros educativos<\/strong>, posibilitando <strong>modelos de trabajo unificados y homog\u00e9neos<\/strong> para toda la red de escuelas.<\/p><p><a class=\"enlace btn-arrow d-block\" href=\"https:\/\/educamos.com\/es\/beneficios\/red-de-escuelas\/\">M\u00e1s sobre Educamos para redes de escuelas<\/a><\/p>                            <\/div>\n                        <\/div>\n                    <\/div>\n                <\/div>\n            <\/div>\n        <\/section>\n\t\t\t\t\t\t<\/div>\n\t\t\t\t<\/div>\n\t\t\t\t<div class=\"elementor-element elementor-element-8b70b2f elementor-widget elementor-widget-bloque-texto-imagen\" data-id=\"8b70b2f\" data-element_type=\"widget\" data-e-type=\"widget\" data-widget_type=\"bloque-texto-imagen.default\">\n\t\t\t\t<div class=\"elementor-widget-container\">\n\t\t\t\t\t        <!-- Texto + imagen -->\n        <section class=\"bloque bloque-texto-con-imagen verde mb-0\">\n            <div class=\"container\">\n                <h2 class=\"titulos\" data-aos=\"fade-left\" data-aos-duration=\"700\">Prep\u00e1rate para el salto<\/h2>                <div class=\"estrecho\">\n                    <div class=\"row\">\n                        <div class=\"col-12 col-md-5 d-flex justify-content-between align-items-center order-1\">\n                            <div class=\"the_content\" data-aos=\"fade-up\" data-aos-duration=\"700\"><p><strong>Educamos<\/strong> te acompa\u00f1a en la transformaci\u00f3n digital de tu escuela apoy\u00e1ndote en los hitos m\u00e1s importantes del proceso (diagn\u00f3stico, planificaci\u00f3n, implantaci\u00f3n, mantenimiento y evaluaci\u00f3n), y manteniendo <strong>atenci\u00f3n personalizada proactiva, cercana, continua y eficaz <\/strong>a trav\u00e9s de nuestro <strong>Servicio Global de Soporte.<\/strong><\/p><p>Estamos siempre cerca de ti a trav\u00e9s de nuestra comunidad <a href=\"https:\/\/www.educamosmakers.com\/\" target=\"_blank\" rel=\"noopener\"><strong>Educamos Makers<\/strong><\/a> (disponible 24\/7), un espacio dedicado a la gesti\u00f3n de <strong>consultas, incidencias y peticiones<\/strong> para dar soluci\u00f3n r\u00e1pida a las necesidades de tu centro educativo.<\/p><\/div>\n                        <\/div>\n                        <div class=\"col-12 col-md-7 d-flex justify-content-between align-items-center order-2\">\n                            <figure class=\"figure\">\n                                <div class=\"image\" data-aos=\"fade\" data-aos-delay=\"600\" data-aos-duration=\"800\"><img decoding=\"async\" src=\"https:\/\/educamos.com\/wp-content\/uploads\/2023\/01\/girl-jumping-1.png\" class=\"img-fluid\" alt=\"Prep\u00e1rate para el salto\"><\/div>\n                                                            <\/figure>\n                        <\/div>\n                    <\/div>\n                <\/div>\n            <\/div>\n        <\/section>\n\t\t\t\t\t\t<\/div>\n\t\t\t\t<\/div>\n\t\t\t\t<div class=\"elementor-element elementor-element-dc371e3 elementor-widget elementor-widget-bloque-cuenta-con-nosotros\" data-id=\"dc371e3\" data-element_type=\"widget\" data-e-type=\"widget\" data-widget_type=\"bloque-cuenta-con-nosotros.default\">\n\t\t\t\t<div class=\"elementor-widget-container\">\n\t\t\t\t\t        <!-- Cuenta con nosotros -->\n        <section class=\"bloque bloque-cuentaconnosotros \">\n            <div class=\"container\">\n                <div class=\"estrecho\">\n                    <div class=\"row\">\n                                                <h2 class=\"titulos\" data-aos=\"fade-left\" data-aos-duration=\"700\">Cuidamos de ustedes con acompa\u00f1amiento<\/h2>\n                                                                        <div class=\"subtitulos\" data-aos=\"fade-left\" data-aos-delay=\"250\" data-aos-duration=\"700\"><p>Estar cerca de nuestros usuarios a trav\u00e9s de una atenci\u00f3n personalizada y continuada a lo largo del tiempo es algo que nos distingue e identifica en el mercado.<\/p>\n<\/div>\n                                                <div class=\"listado\" >\n                            <div class=\"row accordion\" id=\"accordionCuenta\">\n                                                                            <div class=\"col-12 col-md-4  d-flex align-items-stretch\" data-aos=\"fade-up\" data-aos-delay=\"300\" data-aos-duration=\"700\">\n                                            <div class=\"item\">\n                                                <img decoding=\"async\" src=\"https:\/\/educamos.com\/wp-content\/uploads\/2022\/11\/icono-asesoramiento-1.svg\" class=\"icono img-fluid\" data-aos=\"flip-left\" data-aos-delay=\"450\" data-aos-duration=\"700\" alt=\"Asesores especialistas\" \/>\n                                                <h3 class=\"accordion-header\" id=\"heading300\"><button class=\"subtitulos accordion-button collapsed\" type=\"button\" data-bs-toggle=\"collapse\" data-bs-target=\"#collapse300\" aria-expanded=\"false\" aria-controls=\"collapse300\">Asesores especialistas<\/button><\/h3>\n                                                <div id=\"collapse300\" class=\"accordion-collapse collapse\" aria-labelledby=\"heading300\" data-bs-parent=\"#accordionCuenta\">\n                                                    <div class=\"accordion-body\">\n                                                        <p>Se encargan de la implantaci\u00f3n, te acompa\u00f1an en el d\u00eda a d\u00eda y te ayudan a sacar el mayor partido a las funcionalidades y herramientas del ecosistema.<\/p>\n                                                    <\/div>\n                                                <\/div>\n                                            <\/div>\n                                        <\/div>\n                                                                                <div class=\"col-12 col-md-4  d-flex align-items-stretch\" data-aos=\"fade-up\" data-aos-delay=\"600\" data-aos-duration=\"700\">\n                                            <div class=\"item\">\n                                                <img decoding=\"async\" src=\"https:\/\/educamos.com\/wp-content\/uploads\/2022\/11\/icono-comunidad-1.svg\" class=\"icono img-fluid\" data-aos=\"flip-left\" data-aos-delay=\"750\" data-aos-duration=\"700\" alt=\"Comunidad Educamos Makers\" \/>\n                                                <h3 class=\"accordion-header\" id=\"heading600\"><button class=\"subtitulos accordion-button collapsed\" type=\"button\" data-bs-toggle=\"collapse\" data-bs-target=\"#collapse600\" aria-expanded=\"false\" aria-controls=\"collapse600\">Comunidad Educamos Makers<\/button><\/h3>\n                                                <div id=\"collapse600\" class=\"accordion-collapse collapse\" aria-labelledby=\"heading600\" data-bs-parent=\"#accordionCuenta\">\n                                                    <div class=\"accordion-body\">\n                                                        <p>Permite mantenerte al d\u00eda de las novedades, buscar informaci\u00f3n acerca del ecosistema y reportar dudas o incidencias en cualquier momento v\u00eda web.<\/p>\n                                                    <\/div>\n                                                <\/div>\n                                            <\/div>\n                                        <\/div>\n                                                                                <div class=\"col-12 col-md-4  d-flex align-items-stretch\" data-aos=\"fade-up\" data-aos-delay=\"900\" data-aos-duration=\"700\">\n                                            <div class=\"item\">\n                                                <img decoding=\"async\" src=\"https:\/\/educamos.com\/wp-content\/uploads\/2022\/11\/icono-soporte-1.svg\" class=\"icono img-fluid\" data-aos=\"flip-left\" data-aos-delay=\"1050\" data-aos-duration=\"700\" alt=\"Equipo de soporte t\u00e9cnico\" \/>\n                                                <h3 class=\"accordion-header\" id=\"heading900\"><button class=\"subtitulos accordion-button collapsed\" type=\"button\" data-bs-toggle=\"collapse\" data-bs-target=\"#collapse900\" aria-expanded=\"false\" aria-controls=\"collapse900\">Equipo de soporte t\u00e9cnico<\/button><\/h3>\n                                                <div id=\"collapse900\" class=\"accordion-collapse collapse\" aria-labelledby=\"heading900\" data-bs-parent=\"#accordionCuenta\">\n                                                    <div class=\"accordion-body\">\n                                                        <p>Se encarga del mantenimiento y actualizaci\u00f3n del ecosistema. Adem\u00e1s de ayudar a los centros a resolver dudas o incidencias.<\/p>\n                                                    <\/div>\n                                                <\/div>\n                                            <\/div>\n                                        <\/div>\n                                                                        <\/div>\n                            <\/div>\n                        <div class=\"col-12\" data-aos=\"fade-up\" data-aos-duration=\"700\">\n                                                        <a href=\"https:\/\/educamos.com\/es-cl\/solicita-una-demo\" class=\"btn btn-secondary\">Solicitar informaci\u00f3n<\/a>\n                                                                                    <a href=\"https:\/\/educamos.com\/es-cl\/contacto\" class=\"enlace btn-arrow\">Contacto<\/a>\n                                                    <\/div>\n                    <\/div>\n                <\/div>\n            <\/div>\n        <\/section>\n\t\t\t\t\t\t<\/div>\n\t\t\t\t<\/div>\n\t\t\t\t<div class=\"elementor-element elementor-element-cf68c00 elementor-widget elementor-widget-bloque-carrusel\" data-id=\"cf68c00\" data-element_type=\"widget\" data-e-type=\"widget\" data-widget_type=\"bloque-carrusel.default\">\n\t\t\t\t<div class=\"elementor-widget-container\">\n\t\t\t\t\t        <!-- Banners 'Sab\u00edas que...' -->\n<script>\n    $('select').on('select2:select', function(e) {\n  var element = $(this).find('[value=\"' + e.params.data.id + '\"]');\n  $(this).append(element);\n  $(this).trigger('change');\n});\n    <\/script>\n        <section class=\"bloque bloque-sabiasque \">\n            <div class=\"container\">\n                <h2 class=\"titulos\" data-aos=\"fade-left\" data-aos-duration=\"700\">\u00bfSab\u00edas que...<\/h2>                <div class=\"estrecho\">\n                    <div class=\"row\">\n                        <div class=\"col-12\" data-aos=\"fade-up\" data-aos-duration=\"700\">\n                            <div class=\"carousel-sabiasque owl-carousel\" >\n                                \n                                \n                                    <a href=\"https:\/\/educamos.com\/es-cl\/educamos-makers\" class=\"item-owl\" style=\"background-color:#f4a900\" title=\"M\u00e1s sobre Educamos Makers\" >\n                                    \n                                    <img fetchpriority=\"high\" decoding=\"async\" width=\"1116\" height=\"320\" src=\"https:\/\/educamos.com\/wp-content\/uploads\/2022\/11\/banner-makers-1.png\" class=\"img-fluid wp-post-image\" alt=\"\" srcset=\"https:\/\/educamos.com\/wp-content\/uploads\/2022\/11\/banner-makers-1.png 1116w, https:\/\/educamos.com\/wp-content\/uploads\/2022\/11\/banner-makers-1-300x86.png 300w, https:\/\/educamos.com\/wp-content\/uploads\/2022\/11\/banner-makers-1-1024x294.png 1024w, https:\/\/educamos.com\/wp-content\/uploads\/2022\/11\/banner-makers-1-768x220.png 768w, https:\/\/educamos.com\/wp-content\/uploads\/2022\/11\/banner-makers-1-956x274.png 956w\" sizes=\"(max-width: 1116px) 100vw, 1116px\" \/>                                    <div style=\"background-color:#f4a900\">\n                                        <h3 class=\"subtitulos\">&nbsp;&#8230; en Educamos todos somos Educamos Makers?<\/h3>\n                                                                                <div class=\"enlace btn-arrow\">M\u00e1s sobre Educamos Makers<\/div>\n                                    <\/div>    \n                                <\/a>\n\t\t                     \n                                \n                                    <a href=\"https:\/\/educamos.com\/es-cl\/educamos-makers\" class=\"item-owl\" style=\"background-color:#3195EF\" title=\"M\u00e1s sobre el crecimiento de Educamos\" >\n                                    \n                                    <img decoding=\"async\" width=\"1116\" height=\"320\" src=\"https:\/\/educamos.com\/wp-content\/uploads\/2022\/11\/banner-sabias-que-usuarios.png\" class=\"img-fluid wp-post-image\" alt=\"\" srcset=\"https:\/\/educamos.com\/wp-content\/uploads\/2022\/11\/banner-sabias-que-usuarios.png 1116w, https:\/\/educamos.com\/wp-content\/uploads\/2022\/11\/banner-sabias-que-usuarios-300x86.png 300w, https:\/\/educamos.com\/wp-content\/uploads\/2022\/11\/banner-sabias-que-usuarios-1024x294.png 1024w, https:\/\/educamos.com\/wp-content\/uploads\/2022\/11\/banner-sabias-que-usuarios-768x220.png 768w, https:\/\/educamos.com\/wp-content\/uploads\/2022\/11\/banner-sabias-que-usuarios-956x274.png 956w\" sizes=\"(max-width: 1116px) 100vw, 1116px\" \/>                                    <div style=\"background-color:#3195EF\">\n                                        <h3 class=\"subtitulos\">&nbsp;&#8230; en Educamos tenemos muy en cuenta el conocimiento y experiencia de nuestros usuarios?<\/h3>\n                                                                                <div class=\"enlace btn-arrow\">M\u00e1s sobre el crecimiento de Educamos<\/div>\n                                    <\/div>    \n                                <\/a>\n\t\t                                                 <\/div>\n                            <script>\n                                jQuery( document ).ready(function() {\n                                    jQuery('.carousel-sabiasque').owlCarousel({\n                                        loop:true,\n                                        items:1,\n                                        margin:0,\n                                        nav:true,\n                                        dots:true,\n                                        animateOut:'fadeOut',\n                                        autoplay:true,\n                                        autoplayTimeout:6000,\n                                        freeDrag:false,\n                                        autoplayHoverPause:true,\n                                    });\n                                });\n                            <\/script>\n                        <\/div>\n                    <\/div>\n                <\/div>\n            <\/div>\n        <\/section>\n\t\t\t\t\t\t<\/div>\n\t\t\t\t<\/div>\n\t\t\t\t\t<\/div>\n\t\t<\/div>\n\t\t\t\t\t<\/div>\n\t\t<\/section>\n\t\t\t\t<section class=\"elementor-section elementor-top-section elementor-element elementor-element-1aee58e2 elementor-section-boxed elementor-section-height-default elementor-section-height-default\" data-id=\"1aee58e2\" data-element_type=\"section\" data-e-type=\"section\">\n\t\t\t\t\t\t<div class=\"elementor-container elementor-column-gap-default\">\n\t\t\t\t\t<div class=\"elementor-column elementor-col-100 elementor-top-column elementor-element elementor-element-7e4cf851\" data-id=\"7e4cf851\" data-element_type=\"column\" data-e-type=\"column\">\n\t\t\t<div class=\"elementor-widget-wrap elementor-element-populated\">\n\t\t\t\t\t\t<div class=\"elementor-element elementor-element-32cca062 elementor-widget elementor-widget-html\" data-id=\"32cca062\" data-element_type=\"widget\" data-e-type=\"widget\" data-widget_type=\"html.default\">\n\t\t\t\t<div class=\"elementor-widget-container\">\n\t\t\t\t\t<style type=\"text\/css\">@media (max-width: 767px) {\n        .faqs .bloque-desplegable .accordion-item .accordion-button {\n            font-size: initial !important;\n        }\n        .faqs .bloque-desplegable .accordion-item .accordion-button:after {\n            top: 1rem;\n        }\n    }\n    @media (min-width: 768px) {\n        .faqs .bloque-desplegable .accordion-item .accordion-button {\n            font-size: initial !important;\n            font-weight: 700 !important;\n        }\n        .faqs .bloque-desplegable .accordion-item .accordion-body .the_content {\n            padding-right: 1.5rem;\n        }\n        .faqs .bloque-desplegable .accordion-item .accordion-button:after {\n            top: 1rem;\n        }\n    }\n    @media (min-width: 992px) {\n        .faqs .bloque-desplegable .accordion-item .accordion-button:after {\n            top: 1.5rem;\n        }\n    }\n    @media (min-width: 1200px) {\n        .faqs .bloque-desplegable .accordion-item .accordion-button:after {\n            top: 1.5rem;\n        }\n    }\n    @media (min-width: 1400px) {\n        .faqs .bloque-desplegable .accordion-item .accordion-button:after {\n            top: 1.5rem;\n        }\n    }<\/style>\t\t\t\t<\/div>\n\t\t\t\t<\/div>\n\t\t\t\t<div class=\"elementor-element elementor-element-26217986 faqs elementor-widget elementor-widget-bloque-desplegables\" data-id=\"26217986\" data-element_type=\"widget\" data-e-type=\"widget\" data-widget_type=\"bloque-desplegables.default\">\n\t\t\t\t<div class=\"elementor-widget-container\">\n\t\t\t\t\t        <!-- Bloque contenidos: Desplegables -->\n        <section class=\"bloque bloque-desplegable \">\n            <div class=\"container\">\n                <h2 class=\"titulos\" data-aos=\"fade-left\" data-aos-duration=\"700\">Preguntas frecuentes (FAQ)<\/h2>                <div class=\"estrecho2\">\n                    <div class=\"row\">\n                        <div class=\"col-12\" data-aos=\"fade-up\" data-aos-duration=\"700\">\n                            <!-- Acordeon -->\n                                                        <div class=\"accordion\" id=\"bloqueDesplegables-nnmycbllfziebthgh\">\n                                                                    <div class=\"accordion-item\">\n                                        <h3 class=\"accordion-header\" id=\"bd-heading-qgftucveti\">\n                                            <button class=\"accordion-button \" type=\"button\" data-bs-toggle=\"collapse\" data-bs-target=\"#bd-collapse-qgftucveti\" aria-expanded=\"true\" aria-controls=\"bd-collapse-qgftucveti\">\u00bfQu\u00e9 es una plataforma de gesti\u00f3n escolar integral?<\/button>\n                                        <\/h3>\n                                        <div id=\"bd-collapse-qgftucveti\" class=\"accordion-collapse collapse show\" aria-labelledby=\"bd-heading-qgftucveti\" data-bs-parent=\"#bloqueDesplegables-nnmycbllfziebthgh\">\n                                            <div class=\"accordion-body\">\n                                                <div class=\"the_content\">\n                                                    <p>Es una soluci\u00f3n tecnol\u00f3gica que centraliza todos los procesos de un <b>establecimiento educacional<\/b>, desde la <b>administraci\u00f3n escolar<\/b> hasta la <b>gesti\u00f3n pedag\u00f3gica<\/b> y comunicacional. Una plataforma de este tipo permite trabajar de forma m\u00e1s eficiente y colaborativa, mejorando la toma de decisiones y la experiencia de toda la comunidad educativa.<\/p>                                                <\/div>\n                                            <\/div>\n                                        <\/div>\n                                    <\/div>\n                                                                    <div class=\"accordion-item\">\n                                        <h3 class=\"accordion-header\" id=\"bd-heading-bwzfqpiizo\">\n                                            <button class=\"accordion-button collapsed\" type=\"button\" data-bs-toggle=\"collapse\" data-bs-target=\"#bd-collapse-bwzfqpiizo\" aria-expanded=\"true\" aria-controls=\"bd-collapse-bwzfqpiizo\">\u00bfQu\u00e9 funcionalidades ofrece Educamos?<\/button>\n                                        <\/h3>\n                                        <div id=\"bd-collapse-bwzfqpiizo\" class=\"accordion-collapse collapse \" aria-labelledby=\"bd-heading-bwzfqpiizo\" data-bs-parent=\"#bloqueDesplegables-nnmycbllfziebthgh\">\n                                            <div class=\"accordion-body\">\n                                                <div class=\"the_content\">\n                                                    <p>Educamos es un <b>software para colegios<\/b> que ofrece funcionalidades como:<\/p><ul><li aria-level=\"1\">Gesti\u00f3n acad\u00e9mica y administrativa<\/li><li aria-level=\"1\"><b>Aula virtual<\/b><b><br \/><\/b><\/li><li aria-level=\"1\">Evaluaci\u00f3n por competencias<\/li><li aria-level=\"1\">Comunicaci\u00f3n con <b>apoderados<\/b><b><br \/><\/b><\/li><li aria-level=\"1\">Seguimiento de asistencia y disciplina<\/li><li aria-level=\"1\">Gesti\u00f3n financiera y documental<\/li><li aria-level=\"1\">Informes y anal\u00edtica educativa<\/li><li aria-level=\"1\">Recursos digitales para el aula<\/li><\/ul><p>Todo disponible desde cualquier dispositivo con conexi\u00f3n a internet.<\/p>                                                <\/div>\n                                            <\/div>\n                                        <\/div>\n                                    <\/div>\n                                                                    <div class=\"accordion-item\">\n                                        <h3 class=\"accordion-header\" id=\"bd-heading-fwsqiwoemn\">\n                                            <button class=\"accordion-button collapsed\" type=\"button\" data-bs-toggle=\"collapse\" data-bs-target=\"#bd-collapse-fwsqiwoemn\" aria-expanded=\"true\" aria-controls=\"bd-collapse-fwsqiwoemn\">\u00bfQu\u00e9 es un aula virtual y c\u00f3mo se utiliza dentro de Educamos?<\/button>\n                                        <\/h3>\n                                        <div id=\"bd-collapse-fwsqiwoemn\" class=\"accordion-collapse collapse \" aria-labelledby=\"bd-heading-fwsqiwoemn\" data-bs-parent=\"#bloqueDesplegables-nnmycbllfziebthgh\">\n                                            <div class=\"accordion-body\">\n                                                <div class=\"the_content\">\n                                                    <p>El <b>aula virtual<\/b> de Educamos es un espacio digital donde docentes y estudiantes pueden interactuar, compartir contenidos, asignar tareas, participar en foros y desarrollar actividades asincr\u00f3nicas o en l\u00ednea. Es una herramienta clave para fortalecer el aprendizaje dentro y fuera del aula tradicional.<\/p>                                                <\/div>\n                                            <\/div>\n                                        <\/div>\n                                    <\/div>\n                                                                    <div class=\"accordion-item\">\n                                        <h3 class=\"accordion-header\" id=\"bd-heading-pocfwjjfsi\">\n                                            <button class=\"accordion-button collapsed\" type=\"button\" data-bs-toggle=\"collapse\" data-bs-target=\"#bd-collapse-pocfwjjfsi\" aria-expanded=\"true\" aria-controls=\"bd-collapse-pocfwjjfsi\">\u00bfCu\u00e1l es la diferencia entre un aula virtual y una plataforma de gesti\u00f3n escolar?<\/button>\n                                        <\/h3>\n                                        <div id=\"bd-collapse-pocfwjjfsi\" class=\"accordion-collapse collapse \" aria-labelledby=\"bd-heading-pocfwjjfsi\" data-bs-parent=\"#bloqueDesplegables-nnmycbllfziebthgh\">\n                                            <div class=\"accordion-body\">\n                                                <div class=\"the_content\">\n                                                    <p>Una <b>plataforma de gesti\u00f3n escolar<\/b> se enfoca en la organizaci\u00f3n y <b>administraci\u00f3n escolar<\/b> del establecimiento, mientras que el <b>aula virtual<\/b> se orienta al proceso de ense\u00f1anza-aprendizaje. Educamos integra ambas funcionalidades, ofreciendo una experiencia educativa completa y conectada.<\/p>                                                <\/div>\n                                            <\/div>\n                                        <\/div>\n                                    <\/div>\n                                                                    <div class=\"accordion-item\">\n                                        <h3 class=\"accordion-header\" id=\"bd-heading-acvftwedgd\">\n                                            <button class=\"accordion-button collapsed\" type=\"button\" data-bs-toggle=\"collapse\" data-bs-target=\"#bd-collapse-acvftwedgd\" aria-expanded=\"true\" aria-controls=\"bd-collapse-acvftwedgd\">\u00bfC\u00f3mo facilita Educamos la evaluaci\u00f3n por competencias?<\/button>\n                                        <\/h3>\n                                        <div id=\"bd-collapse-acvftwedgd\" class=\"accordion-collapse collapse \" aria-labelledby=\"bd-heading-acvftwedgd\" data-bs-parent=\"#bloqueDesplegables-nnmycbllfziebthgh\">\n                                            <div class=\"accordion-body\">\n                                                <div class=\"the_content\">\n                                                    <p>Educamos permite a los docentes dise\u00f1ar y aplicar instrumentos de evaluaci\u00f3n alineados con competencias, registrar evidencias de aprendizaje, utilizar <b>r\u00fabricas digitales<\/b> y generar informes personalizados. Todo el proceso se gestiona desde la misma plataforma, optimizando la <b>gesti\u00f3n pedag\u00f3gica<\/b>.<\/p>                                                <\/div>\n                                            <\/div>\n                                        <\/div>\n                                    <\/div>\n                                                                    <div class=\"accordion-item\">\n                                        <h3 class=\"accordion-header\" id=\"bd-heading-cbaolxdxaf\">\n                                            <button class=\"accordion-button collapsed\" type=\"button\" data-bs-toggle=\"collapse\" data-bs-target=\"#bd-collapse-cbaolxdxaf\" aria-expanded=\"true\" aria-controls=\"bd-collapse-cbaolxdxaf\">\u00bfPermite Educamos aplicar metodolog\u00edas activas en clase?<\/button>\n                                        <\/h3>\n                                        <div id=\"bd-collapse-cbaolxdxaf\" class=\"accordion-collapse collapse \" aria-labelledby=\"bd-heading-cbaolxdxaf\" data-bs-parent=\"#bloqueDesplegables-nnmycbllfziebthgh\">\n                                            <div class=\"accordion-body\">\n                                                <div class=\"the_content\">\n                                                    <p>S\u00ed. La plataforma est\u00e1 dise\u00f1ada para favorecer el uso de metodolog\u00edas como el trabajo colaborativo, el aprendizaje basado en problemas, el desarrollo por competencias o el <b>modelo de aula invertida<\/b>, integrando actividades digitales en el <b>aula virtual<\/b>.<\/p>                                                <\/div>\n                                            <\/div>\n                                        <\/div>\n                                    <\/div>\n                                                                    <div class=\"accordion-item\">\n                                        <h3 class=\"accordion-header\" id=\"bd-heading-svokpuodhw\">\n                                            <button class=\"accordion-button collapsed\" type=\"button\" data-bs-toggle=\"collapse\" data-bs-target=\"#bd-collapse-svokpuodhw\" aria-expanded=\"true\" aria-controls=\"bd-collapse-svokpuodhw\">\u00bfSe puede trabajar por proyectos o por competencias con Educamos?<\/button>\n                                        <\/h3>\n                                        <div id=\"bd-collapse-svokpuodhw\" class=\"accordion-collapse collapse \" aria-labelledby=\"bd-heading-svokpuodhw\" data-bs-parent=\"#bloqueDesplegables-nnmycbllfziebthgh\">\n                                            <div class=\"accordion-body\">\n                                                <div class=\"the_content\">\n                                                    <p>Por supuesto. Educamos facilita la planificaci\u00f3n y seguimiento de proyectos interdisciplinarios, el desarrollo de habilidades clave y la evaluaci\u00f3n por competencias, apoyando una ense\u00f1anza m\u00e1s flexible, inclusiva y centrada en el estudiante.<\/p>                                                <\/div>\n                                            <\/div>\n                                        <\/div>\n                                    <\/div>\n                                                                    <div class=\"accordion-item\">\n                                        <h3 class=\"accordion-header\" id=\"bd-heading-uzaggvlotn\">\n                                            <button class=\"accordion-button collapsed\" type=\"button\" data-bs-toggle=\"collapse\" data-bs-target=\"#bd-collapse-uzaggvlotn\" aria-expanded=\"true\" aria-controls=\"bd-collapse-uzaggvlotn\">\u00bfA qu\u00e9 tipo de colegios est\u00e1 dirigido Educamos?<\/button>\n                                        <\/h3>\n                                        <div id=\"bd-collapse-uzaggvlotn\" class=\"accordion-collapse collapse \" aria-labelledby=\"bd-heading-uzaggvlotn\" data-bs-parent=\"#bloqueDesplegables-nnmycbllfziebthgh\">\n                                            <div class=\"accordion-body\">\n                                                <div class=\"the_content\">\n                                                    <p>Educamos est\u00e1 pensado para <b>colegios<\/b> y <b>establecimientos educacionales<\/b> de nivel parvulario, b\u00e1sico y medio. Es especialmente \u00fatil para centros que buscan fortalecer su <b>gesti\u00f3n educativa<\/b>, optimizar procesos y avanzar hacia una transformaci\u00f3n digital efectiva.<\/p>                                                <\/div>\n                                            <\/div>\n                                        <\/div>\n                                    <\/div>\n                                                                    <div class=\"accordion-item\">\n                                        <h3 class=\"accordion-header\" id=\"bd-heading-thplrqafhc\">\n                                            <button class=\"accordion-button collapsed\" type=\"button\" data-bs-toggle=\"collapse\" data-bs-target=\"#bd-collapse-thplrqafhc\" aria-expanded=\"true\" aria-controls=\"bd-collapse-thplrqafhc\">\u00bfQu\u00e9 recursos digitales para el aula incluye la plataforma?<\/button>\n                                        <\/h3>\n                                        <div id=\"bd-collapse-thplrqafhc\" class=\"accordion-collapse collapse \" aria-labelledby=\"bd-heading-thplrqafhc\" data-bs-parent=\"#bloqueDesplegables-nnmycbllfziebthgh\">\n                                            <div class=\"accordion-body\">\n                                                <div class=\"the_content\">\n                                                    <p>Educamos ofrece acceso a materiales digitales interactivos, bancos de recursos, actividades evaluativas, plantillas, r\u00fabricas, herramientas de autor y contenidos integrados. Todo ello disponible dentro de la <b>plataforma educativa<\/b>, accesible desde cualquier dispositivo.<\/p>                                                <\/div>\n                                            <\/div>\n                                        <\/div>\n                                    <\/div>\n                                                                    <div class=\"accordion-item\">\n                                        <h3 class=\"accordion-header\" id=\"bd-heading-paunllivjr\">\n                                            <button class=\"accordion-button collapsed\" type=\"button\" data-bs-toggle=\"collapse\" data-bs-target=\"#bd-collapse-paunllivjr\" aria-expanded=\"true\" aria-controls=\"bd-collapse-paunllivjr\">\u00bfSe puede integrar Educamos con otros sistemas o plataformas?<\/button>\n                                        <\/h3>\n                                        <div id=\"bd-collapse-paunllivjr\" class=\"accordion-collapse collapse \" aria-labelledby=\"bd-heading-paunllivjr\" data-bs-parent=\"#bloqueDesplegables-nnmycbllfziebthgh\">\n                                            <div class=\"accordion-body\">\n                                                <div class=\"the_content\">\n                                                    <p>S\u00ed. Educamos permite la integraci\u00f3n con otros <b>sistemas y plataformas<\/b> digitales a trav\u00e9s de APIs, lo que facilita su interoperabilidad con soluciones de contabilidad, contenidos digitales o evaluaciones externas, adapt\u00e1ndose a las necesidades particulares de cada <b>colegio<\/b>.<\/p>                                                <\/div>\n                                            <\/div>\n                                        <\/div>\n                                    <\/div>\n                                                            <\/div>\n                                                        <!-- \/ -->\n                        <\/div>\n                    <\/div>\n                <\/div>\n            <\/div>\n        <\/section>\n\t\t\t\t\t\t<\/div>\n\t\t\t\t<\/div>\n\t\t\t\t\t<\/div>\n\t\t<\/div>\n\t\t\t\t\t<\/div>\n\t\t<\/section>\n\t\t\t\t<\/div>\n\t\t","protected":false},"excerpt":{"rendered":"<p>Solicitar informaci\u00f3nM\u00e1s info Abrir men\u00fa Cerrar men\u00fa Educamos \u00bfQu\u00e9 es? \u00bfPor qu\u00e9? Educamos Makers Contacto Funcionalidades Anal\u00edtica de datos Comunicaci\u00f3n del colegio Gesti\u00f3n del colegio Innovaci\u00f3n pedag\u00f3gica Beneficios para Centros educativos Red de escuelas Docentes Familias Alumnos\/as Insights Blog Ebooks Clientes Comunidad Educamos Makers Inicio Un ecosistema educativo digital abierto, flexible y en continua evoluci\u00f3n [&hellip;]<\/p>\n","protected":false},"author":1,"featured_media":9518,"parent":0,"menu_order":0,"comment_status":"closed","ping_status":"closed","template":"","meta":{"_acf_changed":false,"footnotes":""},"class_list":["post-9687","page","type-page","status-publish","has-post-thumbnail","hentry"],"acf":[],"yoast_head":"<!-- This site is optimized with the Yoast SEO plugin v27.0 - https:\/\/yoast.com\/product\/yoast-seo-wordpress\/ -->\n<title>\u00bfQu\u00e9 es? | Educamos<\/title>\n<meta name=\"description\" content=\"Educamos es un ecosistema educativo digital que conecta personas, soluciones de aprendizaje, datos y herramientas eficaces para la gesti\u00f3n integral de tu centro educativo, acompa\u00f1\u00e1ndolo en el proceso de transformaci\u00f3n hacia un nuevo modelo m\u00e1s innovador, diferencial y eficiente.\" \/>\n<meta name=\"robots\" content=\"index, follow, max-snippet:-1, max-image-preview:large, max-video-preview:-1\" \/>\n<link rel=\"canonical\" href=\"https:\/\/educamos.com\/es-cl\/que-es\/\" \/>\n<meta property=\"og:locale\" content=\"es_ES\" \/>\n<meta property=\"og:type\" content=\"article\" \/>\n<meta property=\"og:title\" content=\"\u00bfQu\u00e9 es? | Educamos\" \/>\n<meta property=\"og:description\" content=\"Educamos es un ecosistema educativo digital que conecta personas, soluciones de aprendizaje, datos y herramientas eficaces para la gesti\u00f3n integral de tu centro educativo, acompa\u00f1\u00e1ndolo en el proceso de transformaci\u00f3n hacia un nuevo modelo m\u00e1s innovador, diferencial y eficiente.\" \/>\n<meta property=\"og:url\" content=\"https:\/\/educamos.com\/es-cl\/que-es\/\" \/>\n<meta property=\"og:site_name\" content=\"Educamos\" \/>\n<meta property=\"article:modified_time\" content=\"2025-12-10T14:14:25+00:00\" \/>\n<meta property=\"og:image\" content=\"https:\/\/educamos.com\/wp-content\/uploads\/2023\/01\/rrss_que_es_01-min.png\" \/>\n\t<meta property=\"og:image:width\" content=\"1200\" \/>\n\t<meta property=\"og:image:height\" content=\"600\" \/>\n\t<meta property=\"og:image:type\" content=\"image\/png\" \/>\n<meta name=\"twitter:card\" content=\"summary_large_image\" \/>\n<meta name=\"twitter:label1\" content=\"Tiempo estimado de lectura\" \/>\n\t<meta name=\"twitter:data1\" content=\"11 minutos\" \/>\n<script type=\"application\/ld+json\" class=\"yoast-schema-graph\">{\"@context\":\"https:\/\/schema.org\",\"@graph\":[{\"@type\":\"WebPage\",\"@id\":\"https:\/\/educamos.com\/es-cl\/que-es\/\",\"url\":\"https:\/\/educamos.com\/es-cl\/que-es\/\",\"name\":\"\u00bfQu\u00e9 es? | Educamos\",\"isPartOf\":{\"@id\":\"https:\/\/educamos.com\/es-cl\/#website\"},\"primaryImageOfPage\":{\"@id\":\"https:\/\/educamos.com\/es-cl\/que-es\/#primaryimage\"},\"image\":{\"@id\":\"https:\/\/educamos.com\/es-cl\/que-es\/#primaryimage\"},\"thumbnailUrl\":\"https:\/\/educamos.com\/wp-content\/uploads\/2023\/01\/rrss_que_es_01-min.png\",\"datePublished\":\"2022-11-11T16:51:50+00:00\",\"dateModified\":\"2025-12-10T14:14:25+00:00\",\"description\":\"Educamos es un ecosistema educativo digital que conecta personas, soluciones de aprendizaje, datos y herramientas eficaces para la gesti\u00f3n integral de tu centro educativo, acompa\u00f1\u00e1ndolo en el proceso de transformaci\u00f3n hacia un nuevo modelo m\u00e1s innovador, diferencial y eficiente.\",\"breadcrumb\":{\"@id\":\"https:\/\/educamos.com\/es-cl\/que-es\/#breadcrumb\"},\"inLanguage\":\"es-CL\",\"potentialAction\":[{\"@type\":\"ReadAction\",\"target\":[\"https:\/\/educamos.com\/es-cl\/que-es\/\"]}]},{\"@type\":\"ImageObject\",\"inLanguage\":\"es-CL\",\"@id\":\"https:\/\/educamos.com\/es-cl\/que-es\/#primaryimage\",\"url\":\"https:\/\/educamos.com\/wp-content\/uploads\/2023\/01\/rrss_que_es_01-min.png\",\"contentUrl\":\"https:\/\/educamos.com\/wp-content\/uploads\/2023\/01\/rrss_que_es_01-min.png\",\"width\":1200,\"height\":600},{\"@type\":\"BreadcrumbList\",\"@id\":\"https:\/\/educamos.com\/es-cl\/que-es\/#breadcrumb\",\"itemListElement\":[{\"@type\":\"ListItem\",\"position\":1,\"name\":\"Inicio\",\"item\":\"https:\/\/educamos.com\/es-cl\/\"},{\"@type\":\"ListItem\",\"position\":2,\"name\":\"\u00bfQu\u00e9 es?\"}]},{\"@type\":\"WebSite\",\"@id\":\"https:\/\/educamos.com\/es-cl\/#website\",\"url\":\"https:\/\/educamos.com\/es-cl\/\",\"name\":\"Educamos\",\"description\":\"La escuela de hoy\",\"potentialAction\":[{\"@type\":\"SearchAction\",\"target\":{\"@type\":\"EntryPoint\",\"urlTemplate\":\"https:\/\/educamos.com\/es-cl\/?s={search_term_string}\"},\"query-input\":{\"@type\":\"PropertyValueSpecification\",\"valueRequired\":true,\"valueName\":\"search_term_string\"}}],\"inLanguage\":\"es-CL\"}]}<\/script>\n<!-- \/ Yoast SEO plugin. -->","yoast_head_json":{"title":"\u00bfQu\u00e9 es? | Educamos","description":"Educamos es un ecosistema educativo digital que conecta personas, soluciones de aprendizaje, datos y herramientas eficaces para la gesti\u00f3n integral de tu centro educativo, acompa\u00f1\u00e1ndolo en el proceso de transformaci\u00f3n hacia un nuevo modelo m\u00e1s innovador, diferencial y eficiente.","robots":{"index":"index","follow":"follow","max-snippet":"max-snippet:-1","max-image-preview":"max-image-preview:large","max-video-preview":"max-video-preview:-1"},"canonical":"https:\/\/educamos.com\/es-cl\/que-es\/","og_locale":"es_ES","og_type":"article","og_title":"\u00bfQu\u00e9 es? | Educamos","og_description":"Educamos es un ecosistema educativo digital que conecta personas, soluciones de aprendizaje, datos y herramientas eficaces para la gesti\u00f3n integral de tu centro educativo, acompa\u00f1\u00e1ndolo en el proceso de transformaci\u00f3n hacia un nuevo modelo m\u00e1s innovador, diferencial y eficiente.","og_url":"https:\/\/educamos.com\/es-cl\/que-es\/","og_site_name":"Educamos","article_modified_time":"2025-12-10T14:14:25+00:00","og_image":[{"width":1200,"height":600,"url":"https:\/\/educamos.com\/wp-content\/uploads\/2023\/01\/rrss_que_es_01-min.png","type":"image\/png"}],"twitter_card":"summary_large_image","twitter_misc":{"Tiempo estimado de lectura":"11 minutos"},"schema":{"@context":"https:\/\/schema.org","@graph":[{"@type":"WebPage","@id":"https:\/\/educamos.com\/es-cl\/que-es\/","url":"https:\/\/educamos.com\/es-cl\/que-es\/","name":"\u00bfQu\u00e9 es? | Educamos","isPartOf":{"@id":"https:\/\/educamos.com\/es-cl\/#website"},"primaryImageOfPage":{"@id":"https:\/\/educamos.com\/es-cl\/que-es\/#primaryimage"},"image":{"@id":"https:\/\/educamos.com\/es-cl\/que-es\/#primaryimage"},"thumbnailUrl":"https:\/\/educamos.com\/wp-content\/uploads\/2023\/01\/rrss_que_es_01-min.png","datePublished":"2022-11-11T16:51:50+00:00","dateModified":"2025-12-10T14:14:25+00:00","description":"Educamos es un ecosistema educativo digital que conecta personas, soluciones de aprendizaje, datos y herramientas eficaces para la gesti\u00f3n integral de tu centro educativo, acompa\u00f1\u00e1ndolo en el proceso de transformaci\u00f3n hacia un nuevo modelo m\u00e1s innovador, diferencial y eficiente.","breadcrumb":{"@id":"https:\/\/educamos.com\/es-cl\/que-es\/#breadcrumb"},"inLanguage":"es-CL","potentialAction":[{"@type":"ReadAction","target":["https:\/\/educamos.com\/es-cl\/que-es\/"]}]},{"@type":"ImageObject","inLanguage":"es-CL","@id":"https:\/\/educamos.com\/es-cl\/que-es\/#primaryimage","url":"https:\/\/educamos.com\/wp-content\/uploads\/2023\/01\/rrss_que_es_01-min.png","contentUrl":"https:\/\/educamos.com\/wp-content\/uploads\/2023\/01\/rrss_que_es_01-min.png","width":1200,"height":600},{"@type":"BreadcrumbList","@id":"https:\/\/educamos.com\/es-cl\/que-es\/#breadcrumb","itemListElement":[{"@type":"ListItem","position":1,"name":"Inicio","item":"https:\/\/educamos.com\/es-cl\/"},{"@type":"ListItem","position":2,"name":"\u00bfQu\u00e9 es?"}]},{"@type":"WebSite","@id":"https:\/\/educamos.com\/es-cl\/#website","url":"https:\/\/educamos.com\/es-cl\/","name":"Educamos","description":"La escuela de hoy","potentialAction":[{"@type":"SearchAction","target":{"@type":"EntryPoint","urlTemplate":"https:\/\/educamos.com\/es-cl\/?s={search_term_string}"},"query-input":{"@type":"PropertyValueSpecification","valueRequired":true,"valueName":"search_term_string"}}],"inLanguage":"es-CL"}]}},"_links":{"self":[{"href":"https:\/\/educamos.com\/es-cl\/wp-json\/wp\/v2\/pages\/9687","targetHints":{"allow":["GET"]}}],"collection":[{"href":"https:\/\/educamos.com\/es-cl\/wp-json\/wp\/v2\/pages"}],"about":[{"href":"https:\/\/educamos.com\/es-cl\/wp-json\/wp\/v2\/types\/page"}],"author":[{"embeddable":true,"href":"https:\/\/educamos.com\/es-cl\/wp-json\/wp\/v2\/users\/1"}],"replies":[{"embeddable":true,"href":"https:\/\/educamos.com\/es-cl\/wp-json\/wp\/v2\/comments?post=9687"}],"version-history":[{"count":24,"href":"https:\/\/educamos.com\/es-cl\/wp-json\/wp\/v2\/pages\/9687\/revisions"}],"predecessor-version":[{"id":28391,"href":"https:\/\/educamos.com\/es-cl\/wp-json\/wp\/v2\/pages\/9687\/revisions\/28391"}],"wp:featuredmedia":[{"embeddable":true,"href":"https:\/\/educamos.com\/es-cl\/wp-json\/wp\/v2\/media\/9518"}],"wp:attachment":[{"href":"https:\/\/educamos.com\/es-cl\/wp-json\/wp\/v2\/media?parent=9687"}],"curies":[{"name":"wp","href":"https:\/\/api.w.org\/{rel}","templated":true}]}}