{"id":1116,"date":"2022-11-11T16:04:21","date_gmt":"2022-11-11T16:04:21","guid":{"rendered":"https:\/\/educamos.com\/?page_id=1116"},"modified":"2026-03-16T11:54:03","modified_gmt":"2026-03-16T10:54:03","slug":"inicio","status":"publish","type":"page","link":"https:\/\/educamos.com\/es\/","title":{"rendered":"Inicio"},"content":{"rendered":"\t\t<div data-elementor-type=\"wp-page\" data-elementor-id=\"1116\" class=\"elementor elementor-1116\" data-elementor-post-type=\"page\">\n\t\t\t\t\t\t<section class=\"elementor-section elementor-top-section elementor-element elementor-element-53c5b819 elementor-section-full_width elementor-section-height-default elementor-section-height-default\" data-id=\"53c5b819\" data-element_type=\"section\" data-e-type=\"section\">\n\t\t\t\t\t\t<div class=\"elementor-container elementor-column-gap-default\">\n\t\t\t\t\t<div class=\"elementor-column elementor-col-100 elementor-top-column elementor-element elementor-element-140cbe5c\" data-id=\"140cbe5c\" data-element_type=\"column\" data-e-type=\"column\">\n\t\t\t<div class=\"elementor-widget-wrap elementor-element-populated\">\n\t\t\t\t\t\t<div class=\"elementor-element elementor-element-d217548 elementor-widget elementor-widget-html\" data-id=\"d217548\" data-element_type=\"widget\" data-e-type=\"widget\" data-widget_type=\"html.default\">\n\t\t\t\t<div class=\"elementor-widget-container\">\n\t\t\t\t\t<style type=\"text\/css\">\n    .sdui-group {}\n    .sdui-group .bloque.rosa {\n        background-color: #dacfcb !important;\n    }\n    .sdui-group .bloque-texto-con-imagen.rosa {\n        color: #3C3C3C !important;\n    }\n    @media (min-width: 768px) {\n        .bloque-secundario ul.list-group > li {\n            margin-bottom: 1rem;\n        }\n        .bloque-secundario ul.list-group > li:only-child,\n        .bloque-secundario ul.list-group > li:last-child {\n            margin-bottom: 0;\n        }\n        .bloque-secundario img.icono {\n            float: left;\n            margin-top: -10px;\n        }\n        .bloque-principal .datos .titular {\n            font-size: 27px;\n        }\n    }\n    @media (min-width: 992px) {\n        .bloque-principal .datos .titular > .d-block {\n            letter-spacing: -1px;\n            font-size: 52px;\n        }\n        .bloque-principal .datos .titular {\n            font-size: 32px;\n        }\n    }\n    @media (min-width: 1200px) {\n        .bloque-principal .datos .titular > .d-block {\n            letter-spacing: -3px;\n            font-size: 70px;\n        }\n        .bloque-principal img.image + .datos > .datos-content > .resumen,\n        .bloque-principal img.image + .datos > .datos-content > .play-video {\n            margin-left: 810px;\n            margin-right: 0;\n        }\n        .bloque-principal .datos .titular {\n            font-size: 42px;\n        }\n    }\n    @media (min-width: 1400px) {\n        .bloque-principal .datos .titular > .d-block {\n            letter-spacing: -3px;\n            font-size: 82px;\n        }\n        .bloque-principal .datos .titular {\n            font-size: 50px;\n        }\n        .bloque-principal img.image + .datos > .datos-content > .resumen,\n        .bloque-principal img.image + .datos > .datos-content > .play-video {\n            margin-left: 910px;\n            margin-right: 0;\n        }\n    }<\/style>\t\t\t\t<\/div>\n\t\t\t\t<\/div>\n\t\t\t\t<div class=\"elementor-element elementor-element-bedd2e1 elementor-widget elementor-widget-bloque-cabecera-menu-landing\" data-id=\"bedd2e1\" data-element_type=\"widget\" data-e-type=\"widget\" data-widget_type=\"bloque-cabecera-menu-landing.default\">\n\t\t\t\t<div class=\"elementor-widget-container\">\n\t\t\t\t\t        <div class=\"header-editor\"><\/div>\n        <!-- Encabezado -->\n        <header class=\"header flotante \">\n            <div id=\"sticky_header\" class=\"sticky-header \"> \n                <div class=\"container\">\n                    <div class=\"row\">\n                        <div class=\"col-12 d-flex justify-content-between align-items-center\">\n                                                            <div class=\"logo\"><a href=\"https:\/\/educamos.com\/es\/\"><img decoding=\"async\" src=\"https:\/\/educamos.com\/wp-content\/themes\/educamos\/images\/logotipo-2026.png\" class=\"img-fluid\" alt=\"Logotipo de Educamos\" \/><\/a><\/div>\n                                                                                        <div class=\"menu-header\">\n                                                                        <a href=\"\/es\/solicita-una-demo\" class=\"btn btn-primary demo\" title=\"Solicitar informaci\u00f3n\"><span class=\"d-none d-sm-block\">Solicitar informaci\u00f3n<\/span><span class=\"d-block d-sm-none\">M\u00e1s info<\/span><\/a>\n                                                                        <button data-target=\"#main_menu\" data-toggle=\"collapse\" class=\"navbar-toggle openMenu\" type=\"button\">\n                                        <i class=\"far fa-bars\"><\/i> <span class=\"sr-only\">Abrir men\u00fa<\/span>\n                                        <i class=\"far fa-times\"><\/i> <span class=\"sr-only\">Cerrar men\u00fa<\/span>    \n                                    <\/button>\n                                <\/div>\n\n                                <!-- MEGAMENU -->\n                                <div class=\"megamenu\">\n                                    <div class=\"container\">\n                                    <ul id=\"menu-menu-principal-espana\" class=\"dropdown-menu\" itemscope itemtype=\"http:\/\/www.schema.org\/SiteNavigationElement\"><li  id=\"menu-item-746\" class=\"menu-item menu-item-type-custom menu-item-object-custom menu-item-has-children dropdown menu-item-746 nav-item\"><a href=\"#\" aria-expanded=\"false\" class=\"dropdown-toggle nav-link\" id=\"menu-item-dropdown-746\" data-bs-toggle=\"dropdown\"><span itemprop=\"name\">Educamos<\/span><\/a>\n<ul class=\"dropdown-menu\" aria-labelledby=\"menu-item-dropdown-746\">\n\t<li  id=\"menu-item-2722\" class=\"menu-item menu-item-type-post_type menu-item-object-page menu-item-2722 nav-item\"><a itemprop=\"url\" href=\"https:\/\/educamos.com\/es\/que-es\/\" class=\"dropdown-item\"><span itemprop=\"name\">\u00bfQu\u00e9 es?<\/span><\/a><\/li>\n\t<li  id=\"menu-item-2721\" class=\"menu-item menu-item-type-post_type menu-item-object-page menu-item-2721 nav-item\"><a itemprop=\"url\" href=\"https:\/\/educamos.com\/es\/por-que\/\" class=\"dropdown-item\"><span itemprop=\"name\">\u00bfPor qu\u00e9?<\/span><\/a><\/li>\n\t<li  id=\"menu-item-7714\" class=\"menu-item menu-item-type-post_type menu-item-object-page menu-item-7714 nav-item\"><a itemprop=\"url\" href=\"https:\/\/educamos.com\/es\/educamos-makers\/\" class=\"dropdown-item\"><span itemprop=\"name\">Educamos Makers<\/span><\/a><\/li>\n\t<li  id=\"menu-item-2720\" class=\"menu-item menu-item-type-post_type menu-item-object-page menu-item-2720 nav-item\"><a itemprop=\"url\" href=\"https:\/\/educamos.com\/es\/contacto\/\" class=\"dropdown-item\"><span itemprop=\"name\">Contacto<\/span><\/a><\/li>\n<\/ul>\n<\/li>\n<li  id=\"menu-item-764\" class=\"menu-item menu-item-type-post_type_archive menu-item-object-funcionalidades menu-item-has-children dropdown menu-item-764 nav-item\"><a href=\"#\" aria-expanded=\"false\" class=\"dropdown-toggle nav-link\" id=\"menu-item-dropdown-764\" data-bs-toggle=\"dropdown\"><span itemprop=\"name\">Funcionalidades<\/span><\/a>\n<ul class=\"dropdown-menu\" aria-labelledby=\"menu-item-dropdown-764\">\n\t<li  id=\"menu-item-765\" class=\"menu-item menu-item-type-post_type menu-item-object-funcionalidades menu-item-765 nav-item\"><a itemprop=\"url\" href=\"https:\/\/educamos.com\/es\/funcionalidades\/analitica-de-datos\/\" class=\"dropdown-item\"><span itemprop=\"name\">Anal\u00edtica de datos<\/span><\/a><\/li>\n\t<li  id=\"menu-item-766\" class=\"menu-item menu-item-type-post_type menu-item-object-funcionalidades menu-item-766 nav-item\"><a itemprop=\"url\" href=\"https:\/\/educamos.com\/es\/funcionalidades\/comunicacion-del-centro\/\" class=\"dropdown-item\"><span itemprop=\"name\">Comunicaci\u00f3n del centro<\/span><\/a><\/li>\n\t<li  id=\"menu-item-4325\" class=\"menu-item menu-item-type-post_type menu-item-object-funcionalidades menu-item-4325 nav-item\"><a itemprop=\"url\" href=\"https:\/\/educamos.com\/es\/funcionalidades\/gestion-del-centro\/\" class=\"dropdown-item\"><span itemprop=\"name\">Gesti\u00f3n del centro<\/span><\/a><\/li>\n\t<li  id=\"menu-item-4324\" class=\"menu-item menu-item-type-post_type menu-item-object-funcionalidades menu-item-4324 nav-item\"><a itemprop=\"url\" href=\"https:\/\/educamos.com\/es\/funcionalidades\/innovacion-pedagogica\/\" class=\"dropdown-item\"><span itemprop=\"name\">Innovaci\u00f3n pedag\u00f3gica<\/span><\/a><\/li>\n<\/ul>\n<\/li>\n<li  id=\"menu-item-767\" class=\"menu-item menu-item-type-post_type_archive menu-item-object-beneficios menu-item-has-children dropdown menu-item-767 nav-item\"><a href=\"#\" aria-expanded=\"false\" class=\"dropdown-toggle nav-link\" id=\"menu-item-dropdown-767\" data-bs-toggle=\"dropdown\"><span itemprop=\"name\">Beneficios para<\/span><\/a>\n<ul class=\"dropdown-menu\" aria-labelledby=\"menu-item-dropdown-767\">\n\t<li  id=\"menu-item-3407\" class=\"menu-item menu-item-type-post_type menu-item-object-beneficios menu-item-3407 nav-item\"><a itemprop=\"url\" href=\"https:\/\/educamos.com\/es\/beneficios\/centros-educativos\/\" class=\"dropdown-item\"><span itemprop=\"name\">Centros educativos<\/span><\/a><\/li>\n\t<li  id=\"menu-item-768\" class=\"menu-item menu-item-type-post_type menu-item-object-beneficios menu-item-768 nav-item\"><a itemprop=\"url\" href=\"https:\/\/educamos.com\/es\/beneficios\/red-de-escuelas\/\" class=\"dropdown-item\"><span itemprop=\"name\">Red de escuelas<\/span><\/a><\/li>\n\t<li  id=\"menu-item-15259\" class=\"menu-item menu-item-type-custom menu-item-object-custom menu-item-15259 nav-item\"><a itemprop=\"url\" href=\"https:\/\/educamos.com\/es\/beneficios\/formacion-profesional\/\" class=\"dropdown-item\"><span itemprop=\"name\">Formaci\u00f3n Profesional<\/span><\/a><\/li>\n\t<li  id=\"menu-item-5260\" class=\"menu-item menu-item-type-post_type menu-item-object-beneficios menu-item-5260 nav-item\"><a itemprop=\"url\" href=\"https:\/\/educamos.com\/es\/beneficios\/docentes\/\" class=\"dropdown-item\"><span itemprop=\"name\">Docentes<\/span><\/a><\/li>\n\t<li  id=\"menu-item-3406\" class=\"menu-item menu-item-type-post_type menu-item-object-beneficios menu-item-3406 nav-item\"><a itemprop=\"url\" href=\"https:\/\/educamos.com\/es\/beneficios\/familias\/\" class=\"dropdown-item\"><span itemprop=\"name\">Familias<\/span><\/a><\/li>\n\t<li  id=\"menu-item-5259\" class=\"menu-item menu-item-type-post_type menu-item-object-beneficios menu-item-5259 nav-item\"><a itemprop=\"url\" href=\"https:\/\/educamos.com\/es\/beneficios\/alumnos-as\/\" class=\"dropdown-item\"><span itemprop=\"name\">Alumnos\/as<\/span><\/a><\/li>\n<\/ul>\n<\/li>\n<li  id=\"menu-item-769\" class=\"menu-item menu-item-type-custom menu-item-object-custom menu-item-has-children dropdown menu-item-769 nav-item\"><a href=\"#\" aria-expanded=\"false\" class=\"dropdown-toggle nav-link\" id=\"menu-item-dropdown-769\" data-bs-toggle=\"dropdown\"><span itemprop=\"name\">Insights<\/span><\/a>\n<ul class=\"dropdown-menu\" aria-labelledby=\"menu-item-dropdown-769\">\n\t<li  id=\"menu-item-20587\" class=\"menu-item menu-item-type-taxonomy menu-item-object-category menu-item-20587 nav-item\"><a itemprop=\"url\" href=\"https:\/\/educamos.com\/es\/blog\/\" class=\"dropdown-item\"><span itemprop=\"name\">Blog<\/span><\/a><\/li>\n\t<li  id=\"menu-item-20499\" class=\"menu-item menu-item-type-post_type_archive menu-item-object-ebook menu-item-20499 nav-item\"><a itemprop=\"url\" href=\"https:\/\/educamos.com\/es\/ebook\/\" class=\"dropdown-item\"><span itemprop=\"name\">Ebooks<\/span><\/a><\/li>\n<\/ul>\n<\/li>\n<li  id=\"menu-item-770\" class=\"menu-item menu-item-type-custom menu-item-object-custom menu-item-has-children dropdown menu-item-770 nav-item\"><a href=\"#\" aria-expanded=\"false\" class=\"dropdown-toggle nav-link\" id=\"menu-item-dropdown-770\" data-bs-toggle=\"dropdown\"><span itemprop=\"name\">Clientes<\/span><\/a>\n<ul class=\"dropdown-menu\" aria-labelledby=\"menu-item-dropdown-770\">\n\t<li  id=\"menu-item-771\" class=\"link-externo menu-item menu-item-type-custom menu-item-object-custom menu-item-771 nav-item\"><a target=\"_blank\" rel=\"noopener noreferrer\" itemprop=\"url\" href=\"https:\/\/www.educamoscerca.com\/\" class=\"dropdown-item\"><span itemprop=\"name\">Comunidad Educamos Cerca<\/span><\/a><\/li>\n<\/ul>\n<\/li>\n<\/ul>                                    <\/div>\n                                <\/div>  \n                                                    <\/div>\n                    <\/div>\n                <\/div>\n            <\/div>\n        <\/header>\n        <!-- \/ -->\n\t\t\t\t\t\t<\/div>\n\t\t\t\t<\/div>\n\t\t\t\t<div class=\"elementor-element elementor-element-6a169ce elementor-widget elementor-widget-portada-hero-persona\" data-id=\"6a169ce\" data-element_type=\"widget\" data-e-type=\"widget\" data-widget_type=\"portada-hero-persona.default\">\n\t\t\t\t<div class=\"elementor-widget-container\">\n\t\t\t\t\t        <!-- Portada Hero Persona -->\n        <section class=\"bloque bloque-principal azul mb-0\">\n            <div class=\"container\">\n                <div class=\"row\">\n                    <div class=\"col-12 d-flex align-items-end\">\n                        <img decoding=\"async\" src=\"https:\/\/educamos.com\/wp-content\/uploads\/2022\/12\/imagen-bloque-principal-2-optimizada.png\" class=\"image img-fluid mx-auto d-block\" data-aos=\"fade-up\" data-aos-delay=\"750\" data-aos-duration=\"700\" alt=\"La plataforma educativa l\u00edder en gesti\u00f3n escolar para centros educativos\">\n                        <div class=\"datos\">\n                            <div class=\"datos-content\">\n                                <div class=\"gradient\"><\/div>\n                                <h1 class=\"titular\">\n                                    <div class=\"d-block\" data-aos=\"fade-left\" data-aos-delay=\"1000\" data-aos-duration=\"700\">La plataforma educativa l\u00edder<\/div>\n                                    <div data-aos=\"fade-right\" data-aos-delay=\"1000\" data-aos-duration=\"700\">en gesti\u00f3n escolar para centros educativos<\/div>\n                                <\/h1>\n                                <div class=\"resumen\" data-aos=\"fade-left\" data-aos-delay=\"1250\" data-aos-duration=\"700\">\n                                    <p>Conoce Educamos, el ecosistema educativo digital que conecta a toda la comunidad escolar y facilita la gesti\u00f3n educativa, administrativa y comunicativa de los colegios.<\/p>                                <\/div>\n                                                                 <a href=\"https:\/\/www.youtube.com\/watch?v=UubgqJYqDfE\" class=\"play-video\" title=\"Ver v\u00eddeo\" data-aos=\"zoom-in\" data-aos-delay=\"1750\" data-aos-duration=\"700\" data-bs-toggle=\"modal\" data-bs-target=\"#modalHero\" data-url=\"https:\/\/www.youtube.com\/embed\/UubgqJYqDfE\"><span class=\"btn btn-primary\"><i class=\"fa fa-play\"><\/i> <\/span> <span class=\"hidden-xs\">Ver v\u00eddeo<\/span><\/a>\n                                                            <\/div>\n                        <\/div>\n                    <\/div>\n                <\/div>\n            <\/div>\n        <\/section>\n                <!-- Modal -->\n        <div class=\"modal fade\" id=\"modalHero\" tabindex=\"-1\" aria-labelledby=\"modalHeroLabel\" aria-hidden=\"true\">\n            <button type=\"button\" class=\"btn-close\" data-bs-dismiss=\"modal\" aria-label=\"Cerrar\"><\/button>\n            <div class=\"modal-dialog modal-dialog-centered modal-xl\">\n                <div class=\"modal-content\">\n                    <div class=\"modal-body\">\n                        <div class=\"embed-responsive embed-responsive-16by9\">\n                            <iframe class=\"embed-responsive-item\" src=\"\" allowfullscreen  allowtransparency=\"true\" ><\/iframe>\n                        <\/div>\n                    <\/div>\n                <\/div>\n            <\/div>\n        <\/div>\n        <script>\n         jQuery( document ).ready(function() {\n              jQuery(\"#modalHero\").on(\"hide.bs.modal\", function(e) {\n                jQuery(\"#modalHero iframe\").attr(\"src\", \"\"); \/\/ Remove the video source.\n              });\n\n              jQuery('.play-video').click(function(e){\n                e.preventDefault();\n                var mymodal = $('#modalHero');\n                jQuery('#modalHero .modal-body iframe').attr('src', jQuery(this).data('url'));\n                mymodal.show;\n\n              });\n            })\n\n        <\/script>\n\t\t\t\t\t\t<\/div>\n\t\t\t\t<\/div>\n\t\t\t\t<div class=\"elementor-element elementor-element-45901cc7 elementor-widget elementor-widget-portada-educamos\" data-id=\"45901cc7\" data-element_type=\"widget\" data-e-type=\"widget\" data-widget_type=\"portada-educamos.default\">\n\t\t\t\t<div class=\"elementor-widget-container\">\n\t\t\t\t\t        <!-- Bloque SM Educamos -->\n        <section class=\"bloque bloque-secundario mb-0 azul\">\n            <div class=\"container\">\n                <div class=\"estrecho\">\n                    <div class=\"row\">\n                                                                        <div class=\"subtitulos\" data-aos=\"fade-left\" data-aos-duration=\"700\"><p>La plataforma educativa integral para gestionar tu colegio<\/p><\/div>\n                                                <div class=\"col-12 col-sm-8 col-md-7 col-lg-4 order-2 order-sm-1\">\n                            <div class=\"animated\" data-aos=\"fade-left\" data-aos-delay=\"250\" data-aos-duration=\"700\"><p>Educamos es la plataforma de gesti\u00f3n escolar integral que permite a los centros educativos centralizar su gesti\u00f3n, mejorar la comunicaci\u00f3n con las familias y apoyar el aprendizaje personalizado. Es una soluci\u00f3n dise\u00f1ada para responder a los grandes retos de la escuela actual:<\/p><\/div>\n\n                            <ul class=\"list-group\"><li class=\"list-group-item\" data-aos=\"fade-left\" data-aos-delay=\"250\" data-aos-duration=\"700\"><img decoding=\"async\" src=\"https:\/\/educamos.com\/wp-content\/uploads\/2025\/06\/icon-desktop.png\" class=\"icono\" alt=\"Gesti\u00f3n escolar centralizada desde una \u00fanica plataforma\"> Gesti\u00f3n escolar centralizada desde una \u00fanica plataforma<\/li><li class=\"list-group-item\" data-aos=\"fade-left\" data-aos-delay=\"250\" data-aos-duration=\"700\"><img decoding=\"async\" src=\"https:\/\/educamos.com\/wp-content\/uploads\/2025\/06\/icon-optimized.png\" class=\"icono\" alt=\"Flexible y configurable seg\u00fan las particularidades de tu centro educativo\"> Flexible y configurable seg\u00fan las particularidades de tu centro educativo<\/li><li class=\"list-group-item\" data-aos=\"fade-left\" data-aos-delay=\"250\" data-aos-duration=\"700\"><img decoding=\"async\" src=\"https:\/\/educamos.com\/wp-content\/uploads\/2025\/06\/icon-headphones.png\" class=\"icono\" alt=\"Soporte cercano y especializado en todo momento\"> Soporte cercano y especializado en todo momento<\/li><li class=\"list-group-item\" data-aos=\"fade-left\" data-aos-delay=\"250\" data-aos-duration=\"700\"><img decoding=\"async\" src=\"https:\/\/educamos.com\/wp-content\/uploads\/2025\/06\/icon-shield.png\" class=\"icono\" alt=\"M\u00e1xima seguridad y cumplimiento en la protecci\u00f3n de datos\"> M\u00e1xima seguridad y cumplimiento en la protecci\u00f3n de datos<\/li><\/ul>                                                        \n                            <div data-aos=\"fade-left\" data-aos-delay=\"300\" data-aos-duration=\"700\"><a href=\"https:\/\/educamos.com\/es\/que-es\/\" class=\"enlace btn-arrow\" href=\"https:\/\/educamos.com\/es\/que-es\/\">M\u00e1s sobre Educamos<\/a><\/div>\n                                                                                    <div data-aos=\"fade-left\" data-aos-delay=\"300\" data-aos-duration=\"700\"> \n                                <a href=\"https:\/\/educamos.com\/es\/solicita-una-demo\/\" class=\"btn btn-primary\" href=\"https:\/\/educamos.com\/es\/solicita-una-demo\/\">Solicitar informaci\u00f3n<\/a>\n                            <\/div>    \n                                                    <\/div>\n                        <div class=\"col-12 col-sm-4 col-md-5 col-lg-8 order-1 order-sm-2\">\n                            <img decoding=\"async\" src=\"https:\/\/educamos.com\/wp-content\/uploads\/2023\/01\/captura-sm-educamos-portada-big.png\" class=\"screenshot-01\" data-aos=\"fade-up\" data-aos-delay=\"1000\" data-aos-duration=\"1200\" alt=\"\">\n                            <img decoding=\"async\" src=\"https:\/\/educamos.com\/wp-content\/uploads\/2023\/01\/captura-sm-educamos-portada-small.png\" class=\"screenshot-02 \" data-aos=\"fade-down\" data-aos-delay=\"1250\" data-aos-duration=\"1200\" alt=\"\">\n                        <\/div>\n                    <\/div>\n                <\/div>\n            <\/div>\n        <\/section>\n\t\t\t\t\t\t<\/div>\n\t\t\t\t<\/div>\n\t\t\t\t<div class=\"elementor-element elementor-element-5f02f99 elementor-widget elementor-widget-bloque-funcionalidades-relacionadas\" data-id=\"5f02f99\" data-element_type=\"widget\" data-e-type=\"widget\" data-widget_type=\"bloque-funcionalidades-relacionadas.default\">\n\t\t\t\t<div class=\"elementor-widget-container\">\n\t\t\t\t\t        <!-- Funcionalidades -->\n        <section class=\"bloque bloque-funcionalidades \">\n            <div class=\"container\">\n                <h2 class=\"titulos\" data-aos=\"fade-left\" data-aos-duration=\"700\">Funcionalidades clave de nuestra plataforma de gesti\u00f3n escolar<\/h2>                <div class=\"subtitulos\" data-aos=\"fade-left\" data-aos-duration=\"700\"><p>Educamos ofrece funcionalidades integradas en cuatro grandes \u00e1reas que cubren todas las necesidades de gesti\u00f3n, comunicaci\u00f3n y aprendizaje de los centros educativos. Una plataforma educativa completa, adaptable y dise\u00f1ada para impulsar la transformaci\u00f3n digital del colegio.<\/p><\/div>\n                                <div class=\"estrecho2\">\n                    <div class=\"row\">\n                                                    <div class=\"col-md-6\" data-aos=\"fade-up\" data-aos-duration=\"700\">\n                                <div class=\"image\" style=\"background-color:#feb3ad\"><img decoding=\"async\" src=\"https:\/\/educamos.com\/wp-content\/uploads\/2022\/11\/icono-analitica.svg\" class=\"icono\" alt=\"Icono representativo de Anal\u00edtica de datos\"><\/div>\n                                <h3 class=\"subtitulos\">Anal\u00edtica de datos<\/h3>\n                                <p>Explotaci\u00f3n de informaci\u00f3n acad\u00e9mica, administrativa y econ\u00f3mica mediante paneles e informes visuales. Herramientas de Business Intelligence (BI) que mejoran la toma de decisiones.<\/p>\n                                <a href=\"https:\/\/educamos.com\/es\/funcionalidades\/analitica-de-datos\/\" title=\"M\u00e1s sobre anal\u00edtica de datos\" class=\"enlace btn-arrow\">M\u00e1s sobre anal\u00edtica de datos<\/a>\n                            <\/div>\n\t\t                                             <div class=\"col-md-6\" data-aos=\"fade-up\" data-aos-duration=\"700\">\n                                <div class=\"image\" style=\"background-color:#6fc7a8\"><img decoding=\"async\" src=\"https:\/\/educamos.com\/wp-content\/uploads\/2022\/11\/icono-comunicacion.svg\" class=\"icono\" alt=\"Icono representativo de Comunicaci\u00f3n del centro\"><\/div>\n                                <h3 class=\"subtitulos\">Comunicaci\u00f3n del centro<\/h3>\n                                <p>Canales seguros y \u00e1giles para facilitar la relaci\u00f3n entre el colegio, las familias y el alumnado, garantizando privacidad y trazabilidad.<\/p>\n                                <a href=\"https:\/\/educamos.com\/es\/funcionalidades\/comunicacion-del-centro\/\" title=\"M\u00e1s sobre comunicaci\u00f3n del centro\" class=\"enlace btn-arrow\">M\u00e1s sobre comunicaci\u00f3n del centro<\/a>\n                            <\/div>\n\t\t                                             <div class=\"col-md-6\" data-aos=\"fade-up\" data-aos-duration=\"700\">\n                                <div class=\"image\" style=\"background-color:#3093f5\"><img decoding=\"async\" src=\"https:\/\/educamos.com\/wp-content\/uploads\/2022\/11\/icono-gestion.svg\" class=\"icono\" alt=\"Icono representativo de Gesti\u00f3n del centro educativo\"><\/div>\n                                <h3 class=\"subtitulos\">Gesti\u00f3n del centro educativo<\/h3>\n                                <p>Control centralizado de la operativa diaria del colegio: procesos acad\u00e9micos, administrativos, de aula, evaluaci\u00f3n y secretar\u00eda, todo desde un \u00fanico entorno digital.<\/p>\n                                <a href=\"https:\/\/educamos.com\/es\/funcionalidades\/gestion-del-centro\/\" title=\"M\u00e1s sobre gesti\u00f3n del centro educativo\" class=\"enlace btn-arrow\">M\u00e1s sobre gesti\u00f3n del centro educativo<\/a>\n                            <\/div>\n\t\t                                             <div class=\"col-md-6\" data-aos=\"fade-up\" data-aos-duration=\"700\">\n                                <div class=\"image\" style=\"background-color:#f4a900\"><img decoding=\"async\" src=\"https:\/\/educamos.com\/wp-content\/uploads\/2022\/11\/icono-innovacion.svg\" class=\"icono\" alt=\"Icono representativo de Innovaci\u00f3n educativa\"><\/div>\n                                <h3 class=\"subtitulos\">Innovaci\u00f3n educativa<\/h3>\n                                <p>Entorno Virtual de Aprendizaje (EVA) con recursos educativos editoriales, propios o de terceros, que permiten un aprendizaje flexible, personalizado y adaptado a los nuevos retos educativos.<\/p>\n                                <a href=\"https:\/\/educamos.com\/es\/funcionalidades\/innovacion-pedagogica\/\" title=\"M\u00e1s sobre innovaci\u00f3n educativa\" class=\"enlace btn-arrow\">M\u00e1s sobre innovaci\u00f3n educativa<\/a>\n                            <\/div>\n\t\t                                     <\/div>\n                <\/div>\n            <\/div>\n        <\/section>\n\t\t\t\t\t\t<\/div>\n\t\t\t\t<\/div>\n\t\t\t\t<div class=\"elementor-element elementor-element-64da30b elementor-widget elementor-widget-html\" data-id=\"64da30b\" data-element_type=\"widget\" data-e-type=\"widget\" data-widget_type=\"html.default\">\n\t\t\t\t<div class=\"elementor-widget-container\">\n\t\t\t\t\t<!-- Texto + imagen -->\n<section class=\"bloque bloque-texto-con-imagen sdui\">\n    <div class=\"container\">\n        <div class=\"estrecho\">\n            <div class=\"row\">\n                <div class=\"col-12 col-md-7 col-lg-6 d-flex justify-content-between align-items-center order-1\">\n                    <div class=\"the_content\" data-aos=\"fade-up\" data-aos-duration=\"700\">\n                        <h2 class=\"titulos\" data-aos=\"fade-left\" data-aos-duration=\"900\">Formamos parte de Seven Education<\/h2>\n                        <p>Junto con marcas como <b>Sdui, KidsFox, SchoolFox, Additio App, Konecto y Pupil<\/b>, estamos creando una plataforma compartida de <b>soluciones digitales inteligentes: Seven Education<\/b>.<\/p>\n                        <p>Juntos impulsamos a las personas a transformar la educaci\u00f3n y a mejorar el desarrollo y crecimiento individual mediante <b>soluciones digitales inclusivas y con impacto<\/b>.<\/p>\n                        <p>M\u00e1s de <b>25.000 centros educativos<\/b> ya utilizan nuestras soluciones con \u00e9xito, con m\u00e1s de <b>40 funcionalidades<\/b> que apoyan su trabajo diario en el \u00e1mbito educativo.<\/p>\n                        <div data-aos=\"fade-left\" data-aos-delay=\"300\" data-aos-duration=\"700\" class=\"aos-init aos-animate\" style=\"padding-bottom: 25px;\"> \n                            <a href=\"https:\/\/www.7education.com\/es-es\/\" target=\"_blank\" class=\"btn btn-primary\">M\u00e1s sobre Seven Education<\/a>\n                        <\/div>\n                    <\/div>\n                <\/div>\n                <div class=\"col-12 col-md-5 col-lg-6 d-flex justify-content-between align-items-center order-2\">\n                    <figure class=\"figure\">\n                        <div class=\"image\" data-aos=\"fade\" data-aos-delay=\"600\" data-aos-duration=\"1000\"><a href=\"https:\/\/www.7education.com\/es-es\/noticias\/seven-education-sdui-group-agrupa-marcas-educativas-europeas-bajo-un-nuevo-nombre\" target=\"_blank\"><img decoding=\"async\" src=\"https:\/\/educamos.com\/wp-content\/uploads\/2026\/03\/seven-education-facebook-esp.jpg\" class=\"img-fluid\" alt=\"Imagen con el texto Somos Seven Education\"><\/a><\/div>\n                    <\/figure>\n                <\/div>\n            <\/div>\n        <\/div>\n    <\/div>\n<\/section>\n<style type=\"text\/css\">\n    .sdui .antetitulo {\n        color: #3195EF;\n        font-weight: 700;\n        line-height: 1.2;\n        margin-bottom: 1.2rem;\n    }\n    @media (max-width: 767px) {\n        .sdui .the_content h2,\n        .sdui .the_content .titulos {\n            font-size: 40px !important;\n        }\n        .sdui .bloque-texto-con-imagen .image {\n            margin-top: 1rem !important;\n            margin-bottom: 0 !important;\n        }\n    }\n    @media (min-width: 768px) {\n        .sdui .the_content h2,\n        .sdui .the_content .titulos {\n            font-size: 40px !important;\n        }\n    }\n    @media (min-width: 992px) {\n        .sdui .the_content h2,\n        .sdui .the_content .titulos {\n            font-size: 40px !important;\n        }\n    }\n    @media (min-width: 1200px) {\n        .sdui .the_content h2,\n        .sdui .the_content .titulos {\n            font-size: 50px !important;\n        }\n        body.home .bloque.bloque-funcionalidades > .container {\n            padding-bottom: 0 !important;\n        }\n    }\n    @media (min-width: 1400px) {\n        .sdui .the_content h2,\n        .sdui .the_content .titulos {\n            font-size: 57px !important;\n        }\n        body.home .bloque.bloque-funcionalidades > .container {\n            padding-bottom: 0 !important;\n        }\n    }\n<\/style>\t\t\t\t<\/div>\n\t\t\t\t<\/div>\n\t\t\t\t<div class=\"elementor-element elementor-element-6c418c83 elementor-widget elementor-widget-portada-carrusel-logotipos\" data-id=\"6c418c83\" data-element_type=\"widget\" data-e-type=\"widget\" data-widget_type=\"portada-carrusel-logotipos.default\">\n\t\t\t\t<div class=\"elementor-widget-container\">\n\t\t\t\t\t        <!-- Carrusel logos productos -->\n        <section class=\"bloque bloque-productos mb-0\">\n            <div class=\"container\">\n                <div class=\"estrecho\">\n                    <div class=\"row d-flex justify-content-between align-items-center\">\n                        <div class=\"col-12 col-md-8 col-lg-9\">\n                            <h2 class=\"titulos\" data-aos=\"fade-left\" data-aos-duration=\"700\">Una soluci\u00f3n flexible y abierta<\/h2>                                                        <div data-aos=\"fade\" data-aos-delay=\"250\" data-aos-duration=\"700\"><p><strong>Educamos<\/strong> permite la integraci\u00f3n con soluciones y servicios propios o de terceros.<\/p><\/div>\n                                                    <\/div>\n                        <div class=\"col-12 col-md-4 col-lg-3\">\n                            <div data-aos=\"fade\" data-aos-delay=\"250\" data-aos-duration=\"700\">\n                            <div id=\"carouselSoftware\" class=\"carousel-software owl-carousel\"><div class=\"item-owl\"><img decoding=\"async\" src=\"https:\/\/educamos.com\/wp-content\/uploads\/2022\/11\/logo-google-suite.png\" class=\"img-fluid\" alt=\"Google Suite\" \/><\/div><div class=\"item-owl\"><img decoding=\"async\" src=\"https:\/\/educamos.com\/wp-content\/uploads\/2022\/11\/logo-software-moodle.png\" class=\"img-fluid\" alt=\"Moodle\" \/><\/div><div class=\"item-owl\"><img decoding=\"async\" src=\"https:\/\/educamos.com\/wp-content\/uploads\/2023\/01\/power_BI-logo.png\" class=\"img-fluid\" alt=\"Power BI\" \/><\/div><div class=\"item-owl\"><img decoding=\"async\" src=\"https:\/\/educamos.com\/wp-content\/uploads\/2022\/12\/logo-office-365.png\" class=\"img-fluid\" alt=\"Office 365\" \/><\/div><div class=\"item-owl\"><img decoding=\"async\" src=\"https:\/\/educamos.com\/wp-content\/uploads\/2022\/11\/logo-teams.png\" class=\"img-fluid\" alt=\"Microsoft Teams\" \/><\/div><div class=\"item-owl\"><img decoding=\"async\" src=\"https:\/\/educamos.com\/wp-content\/uploads\/2022\/11\/logo-school-tracker.png\" class=\"img-fluid\" alt=\"SchoolTraker\" \/><\/div><div class=\"item-owl\"><img decoding=\"async\" src=\"https:\/\/educamos.com\/wp-content\/uploads\/2022\/11\/logo-IMT-lazarus.png\" class=\"img-fluid\" alt=\"IMTLazarus\" \/><\/div><div class=\"item-owl\"><img decoding=\"async\" src=\"https:\/\/educamos.com\/wp-content\/uploads\/2022\/11\/logo-escudoweb.png\" class=\"img-fluid\" alt=\"EscudoWeb\" \/><\/div><div class=\"item-owl\"><img decoding=\"async\" src=\"https:\/\/educamos.com\/wp-content\/uploads\/2022\/11\/logo-sage200.png\" class=\"img-fluid\" alt=\"Sage 200\" \/><\/div><div class=\"item-owl\"><img decoding=\"async\" src=\"https:\/\/educamos.com\/wp-content\/uploads\/2022\/12\/logo-kineox-1.png\" class=\"img-fluid\" alt=\"Kineox\" \/><\/div><\/div>                            <\/div>    \n                            <script>\n                                jQuery( document ).ready(function() {\n                                    jQuery('.carousel-software').owlCarousel({\n                                        loop:true,\n                                        items:1,\n                                        nav:false,\n                                        dots:true,\n                                        autoplay:true,\n                                        autoplayTimeout:5000,\n                                        responsiveClass:true,\n                                        responsive:{\n                                            0:{\n                                                items:1,\n                                                margin:0,\n                                                nav:false,\n                                                dots:true,\n                                            },\n                                            600:{\n                                                items:1,\n                                                margin:10,\n                                                nav:false,\n                                                dots:true,\n                                            },\n                                        }\n                                    });\n                                });\n                            <\/script>\n                        <\/div>\n                    <\/div>\n                <\/div>\n            <\/div>\n        <\/section>\n\n\t\t\t\t\t\t<\/div>\n\t\t\t\t<\/div>\n\t\t\t\t<div class=\"elementor-element elementor-element-5425ae9 elementor-widget elementor-widget-portada-beneficios-relacionados\" data-id=\"5425ae9\" data-element_type=\"widget\" data-e-type=\"widget\" data-widget_type=\"portada-beneficios-relacionados.default\">\n\t\t\t\t<div class=\"elementor-widget-container\">\n\t\t\t\t\t        <!-- Pesta\u00f1as\/acorde\u00f3n > Educamos Maker -->\n        <section class=\"bloque bloque-educamosmaker pb-0 mb-0\">\n            <div class=\"container\">\n                <h2 class=\"titulos\" data-aos=\"fade-left\" data-aos-duration=\"700\">Educamos Maker,<br>esto es para ti<\/h2>                <div class=\"estrecho\">\n                    <div class=\"row\">\n                        <!-- Tabs -->\n                                                    <ul class=\"col-12 col-sm-4 col-md-3 nav nav-tabs d-none d-lg-flex\" role=\"tablist\" data-aos=\"fade-left\" data-aos-duration=\"700\">\n                                                            <li class=\"nav-item\" role=\"presentation\"><button class=\"nav-link active\" id=\"tab-<337e9c033675fbe5d074509c\" data-bs-toggle=\"tab\" data-bs-target=\"#revolucion-tab-337e9c033675fbe5d074509c\" type=\"button\" role=\"tab\" aria-controls=\"revolucion-tab-337e9c033675fbe5d074509c\" aria-selected=\"true\">Centros educativos<\/button><\/li>\n                                                                <li class=\"nav-item\" role=\"presentation\"><button class=\"nav-link \" id=\"tab-<748747609785ba60164688c3\" data-bs-toggle=\"tab\" data-bs-target=\"#revolucion-tab-748747609785ba60164688c3\" type=\"button\" role=\"tab\" aria-controls=\"revolucion-tab-748747609785ba60164688c3\" aria-selected=\"true\">Red de escuelas<\/button><\/li>\n                                                                <li class=\"nav-item\" role=\"presentation\"><button class=\"nav-link \" id=\"tab-<23c13580792ca283f43deb88\" data-bs-toggle=\"tab\" data-bs-target=\"#revolucion-tab-23c13580792ca283f43deb88\" type=\"button\" role=\"tab\" aria-controls=\"revolucion-tab-23c13580792ca283f43deb88\" aria-selected=\"true\">Formaci\u00f3n Profesional<\/button><\/li>\n                                                                <li class=\"nav-item\" role=\"presentation\"><button class=\"nav-link \" id=\"tab-<e7e964fec10586e8078a7263\" data-bs-toggle=\"tab\" data-bs-target=\"#revolucion-tab-e7e964fec10586e8078a7263\" type=\"button\" role=\"tab\" aria-controls=\"revolucion-tab-e7e964fec10586e8078a7263\" aria-selected=\"true\">Docentes<\/button><\/li>\n                                                                <li class=\"nav-item\" role=\"presentation\"><button class=\"nav-link \" id=\"tab-<689df9438d08c311bdb232f0\" data-bs-toggle=\"tab\" data-bs-target=\"#revolucion-tab-689df9438d08c311bdb232f0\" type=\"button\" role=\"tab\" aria-controls=\"revolucion-tab-689df9438d08c311bdb232f0\" aria-selected=\"true\">Familias<\/button><\/li>\n                                                                <li class=\"nav-item\" role=\"presentation\"><button class=\"nav-link \" id=\"tab-<fc604daa636a17bc587f3334\" data-bs-toggle=\"tab\" data-bs-target=\"#revolucion-tab-fc604daa636a17bc587f3334\" type=\"button\" role=\"tab\" aria-controls=\"revolucion-tab-fc604daa636a17bc587f3334\" aria-selected=\"true\">Alumnos\/as<\/button><\/li>\n                                                            <\/ul>\n                                                <!-- Tab contents -->\n                        <div class=\"col-12 col-sm-8 col-md-9 tab-content accordion\" id=\"smcysthzjwapfh\" data-aos=\"fade\" data-aos-duration=\"700\">\n                                                    <!-- Tab#337e9c033675fbe5d074509c -->\n                            <div class=\"tab-pane fade show active accordion-item\" id=\"revolucion-tab-337e9c033675fbe5d074509c\" role=\"tabpanel\" aria-labelledby=\"tab-337e9c033675fbe5d074509c\" tabindex=\"0\">\n                                <h3 class=\"accordion-header d-block d-md-none d-lg-none\" id=\"heading-337e9c033675fbe5d074509c\"><button class=\"accordion-button \" type=\"button\" data-bs-toggle=\"collapse\" data-bs-target=\"#collapse-337e9c033675fbe5d074509c\" aria-expanded=\"false\" aria-controls=\"collapse-337e9c033675fbe5d074509c\">Centros educativos<\/button><\/h3>\n                                <div id=\"collapse-337e9c033675fbe5d074509c\" class=\"accordion-collapse collapse show d-md-block d-lg-block\" aria-labelledby=\"heading-337e9c033675fbe5d074509c\" data-bs-parent=\"#smcysthzjwapfh\">\n                                    <div class=\"accordion-body\">\n                                        <div class=\"image\"><img decoding=\"async\" src=\"https:\/\/educamos.com\/wp-content\/uploads\/2022\/11\/imagen-perfiles-centros-educativos-2.png\" class=\"img-fluid\" alt=\"\"><\/div>\n                                        <div class=\"datos\">\n                                            <div class=\"the_content\">\n                                                <h3 class=\"subtitulos\">Centros educativos<\/h3>\n                                                <p>Permite gestionar de forma centralizada la operativa, ganando tiempo y recursos. Adem\u00e1s, introduce la cultura del dato a trav\u00e9s de paneles y gr\u00e1ficos que ayudan a la toma de decisiones. Todo ello favorece la sostenibilidad del centro a largo plazo.<\/p>\n                                                <a href=\"https:\/\/educamos.com\/es\/beneficios\/centros-educativos\/\" class=\"enlace btn-arrow\">M\u00e1s para centros educativos<\/a>\n                                            <\/div>\n                                        <\/div>\n                                    <\/div>\n                                <\/div>\n                            <\/div>\n                                                    <!-- Tab#748747609785ba60164688c3 -->\n                            <div class=\"tab-pane fade  accordion-item\" id=\"revolucion-tab-748747609785ba60164688c3\" role=\"tabpanel\" aria-labelledby=\"tab-748747609785ba60164688c3\" tabindex=\"0\">\n                                <h3 class=\"accordion-header d-block d-md-none d-lg-none\" id=\"heading-748747609785ba60164688c3\"><button class=\"accordion-button collapsed\" type=\"button\" data-bs-toggle=\"collapse\" data-bs-target=\"#collapse-748747609785ba60164688c3\" aria-expanded=\"false\" aria-controls=\"collapse-748747609785ba60164688c3\">Red de escuelas<\/button><\/h3>\n                                <div id=\"collapse-748747609785ba60164688c3\" class=\"accordion-collapse collapse  d-md-block d-lg-block\" aria-labelledby=\"heading-748747609785ba60164688c3\" data-bs-parent=\"#smcysthzjwapfh\">\n                                    <div class=\"accordion-body\">\n                                        <div class=\"image\"><img decoding=\"async\" src=\"https:\/\/educamos.com\/wp-content\/uploads\/2022\/11\/imagen-perfiles-red-escuelas.png\" class=\"img-fluid\" alt=\"\"><\/div>\n                                        <div class=\"datos\">\n                                            <div class=\"the_content\">\n                                                <h3 class=\"subtitulos\">Red de escuelas<\/h3>\n                                                <p>Posibilita modelos de trabajo unificados, sinergias y una mayor eficiencia para toda la red de centros. Este car\u00e1cter global aporta mayor visibilidad a la instituci\u00f3n, adem\u00e1s de potenciar el desarrollo de objetivos comunes y planes estrat\u00e9gicos.<\/p>\n                                                <a href=\"https:\/\/educamos.com\/es\/beneficios\/red-de-escuelas\/\" class=\"enlace btn-arrow\">M\u00e1s para redes de escuelas<\/a>\n                                            <\/div>\n                                        <\/div>\n                                    <\/div>\n                                <\/div>\n                            <\/div>\n                                                    <!-- Tab#23c13580792ca283f43deb88 -->\n                            <div class=\"tab-pane fade  accordion-item\" id=\"revolucion-tab-23c13580792ca283f43deb88\" role=\"tabpanel\" aria-labelledby=\"tab-23c13580792ca283f43deb88\" tabindex=\"0\">\n                                <h3 class=\"accordion-header d-block d-md-none d-lg-none\" id=\"heading-23c13580792ca283f43deb88\"><button class=\"accordion-button collapsed\" type=\"button\" data-bs-toggle=\"collapse\" data-bs-target=\"#collapse-23c13580792ca283f43deb88\" aria-expanded=\"false\" aria-controls=\"collapse-23c13580792ca283f43deb88\">Formaci\u00f3n Profesional<\/button><\/h3>\n                                <div id=\"collapse-23c13580792ca283f43deb88\" class=\"accordion-collapse collapse  d-md-block d-lg-block\" aria-labelledby=\"heading-23c13580792ca283f43deb88\" data-bs-parent=\"#smcysthzjwapfh\">\n                                    <div class=\"accordion-body\">\n                                        <div class=\"image\"><img decoding=\"async\" src=\"https:\/\/educamos.com\/wp-content\/uploads\/2023\/06\/720x640.png\" class=\"img-fluid\" alt=\"\"><\/div>\n                                        <div class=\"datos\">\n                                            <div class=\"the_content\">\n                                                <h3 class=\"subtitulos\">Formaci\u00f3n Profesional<\/h3>\n                                                <p>Facilita la comunicaci\u00f3n con el alumno a trav\u00e9s de canales que protegen la identidad de tu centro FP. Y, entre otros beneficios, ahorra tiempo con documentaci\u00f3n oficial y procesos vigentes a la normativa para aspectos econ\u00f3micos, administrativos y acad\u00e9micos.<\/p>\n                                                <a href=\"https:\/\/educamos.com\/es\/beneficios\/formacion-profesional\/\" class=\"enlace btn-arrow\">M\u00e1s para Formaci\u00f3n Profesional<\/a>\n                                            <\/div>\n                                        <\/div>\n                                    <\/div>\n                                <\/div>\n                            <\/div>\n                                                    <!-- Tab#e7e964fec10586e8078a7263 -->\n                            <div class=\"tab-pane fade  accordion-item\" id=\"revolucion-tab-e7e964fec10586e8078a7263\" role=\"tabpanel\" aria-labelledby=\"tab-e7e964fec10586e8078a7263\" tabindex=\"0\">\n                                <h3 class=\"accordion-header d-block d-md-none d-lg-none\" id=\"heading-e7e964fec10586e8078a7263\"><button class=\"accordion-button collapsed\" type=\"button\" data-bs-toggle=\"collapse\" data-bs-target=\"#collapse-e7e964fec10586e8078a7263\" aria-expanded=\"false\" aria-controls=\"collapse-e7e964fec10586e8078a7263\">Docentes<\/button><\/h3>\n                                <div id=\"collapse-e7e964fec10586e8078a7263\" class=\"accordion-collapse collapse  d-md-block d-lg-block\" aria-labelledby=\"heading-e7e964fec10586e8078a7263\" data-bs-parent=\"#smcysthzjwapfh\">\n                                    <div class=\"accordion-body\">\n                                        <div class=\"image\"><img decoding=\"async\" src=\"https:\/\/educamos.com\/wp-content\/uploads\/2022\/11\/imagen-perfiles-docentes5.png\" class=\"img-fluid\" alt=\"\"><\/div>\n                                        <div class=\"datos\">\n                                            <div class=\"the_content\">\n                                                <h3 class=\"subtitulos\">Docentes<\/h3>\n                                                <p>Asegura que la tarea principal de los docentes sea la de educar y acompa\u00f1ar a sus alumnos. Ponemos a su disposici\u00f3n entornos virtuales de aprendizaje y funcionalidades de gesti\u00f3n del aula y seguimiento del alumnado.<\/p>\n                                                <a href=\"https:\/\/educamos.com\/es\/beneficios\/docentes\/\" class=\"enlace btn-arrow\">M\u00e1s para docentes<\/a>\n                                            <\/div>\n                                        <\/div>\n                                    <\/div>\n                                <\/div>\n                            <\/div>\n                                                    <!-- Tab#689df9438d08c311bdb232f0 -->\n                            <div class=\"tab-pane fade  accordion-item\" id=\"revolucion-tab-689df9438d08c311bdb232f0\" role=\"tabpanel\" aria-labelledby=\"tab-689df9438d08c311bdb232f0\" tabindex=\"0\">\n                                <h3 class=\"accordion-header d-block d-md-none d-lg-none\" id=\"heading-689df9438d08c311bdb232f0\"><button class=\"accordion-button collapsed\" type=\"button\" data-bs-toggle=\"collapse\" data-bs-target=\"#collapse-689df9438d08c311bdb232f0\" aria-expanded=\"false\" aria-controls=\"collapse-689df9438d08c311bdb232f0\">Familias<\/button><\/h3>\n                                <div id=\"collapse-689df9438d08c311bdb232f0\" class=\"accordion-collapse collapse  d-md-block d-lg-block\" aria-labelledby=\"heading-689df9438d08c311bdb232f0\" data-bs-parent=\"#smcysthzjwapfh\">\n                                    <div class=\"accordion-body\">\n                                        <div class=\"image\"><img decoding=\"async\" src=\"https:\/\/educamos.com\/wp-content\/uploads\/2022\/11\/imagen-perfiles-familias-3-optimizada.png\" class=\"img-fluid\" alt=\"\"><\/div>\n                                        <div class=\"datos\">\n                                            <div class=\"the_content\">\n                                                <h3 class=\"subtitulos\">Familias<\/h3>\n                                                <p>Ayudamos a que los padres se sientan siempre conectados al centro escolar de sus hijos gracias a herramientas que posibilitan una comunicaci\u00f3n fluida en tiempo real.<\/p>\n                                                <a href=\"https:\/\/educamos.com\/es\/beneficios\/familias\/\" class=\"enlace btn-arrow\">M\u00e1s para familias<\/a>\n                                            <\/div>\n                                        <\/div>\n                                    <\/div>\n                                <\/div>\n                            <\/div>\n                                                    <!-- Tab#fc604daa636a17bc587f3334 -->\n                            <div class=\"tab-pane fade  accordion-item\" id=\"revolucion-tab-fc604daa636a17bc587f3334\" role=\"tabpanel\" aria-labelledby=\"tab-fc604daa636a17bc587f3334\" tabindex=\"0\">\n                                <h3 class=\"accordion-header d-block d-md-none d-lg-none\" id=\"heading-fc604daa636a17bc587f3334\"><button class=\"accordion-button collapsed\" type=\"button\" data-bs-toggle=\"collapse\" data-bs-target=\"#collapse-fc604daa636a17bc587f3334\" aria-expanded=\"false\" aria-controls=\"collapse-fc604daa636a17bc587f3334\">Alumnos\/as<\/button><\/h3>\n                                <div id=\"collapse-fc604daa636a17bc587f3334\" class=\"accordion-collapse collapse  d-md-block d-lg-block\" aria-labelledby=\"heading-fc604daa636a17bc587f3334\" data-bs-parent=\"#smcysthzjwapfh\">\n                                    <div class=\"accordion-body\">\n                                        <div class=\"image\"><img decoding=\"async\" src=\"https:\/\/educamos.com\/wp-content\/uploads\/2022\/11\/imagen-perfiles-alumnos-2-optimizada.png\" class=\"img-fluid\" alt=\"\"><\/div>\n                                        <div class=\"datos\">\n                                            <div class=\"the_content\">\n                                                <h3 class=\"subtitulos\">Alumnos\/as<\/h3>\n                                                <p>Posibilita que el centro realice un seguimiento personalizado de cada uno de sus alumnos para que ellos mismos se vean beneficiados de un aprendizaje integral y adaptado a sus propias necesidades.<\/p>\n                                                <a href=\"https:\/\/educamos.com\/es\/beneficios\/alumnos-as\/\" class=\"enlace btn-arrow\">M\u00e1s para alumnos\/as<\/a>\n                                            <\/div>\n                                        <\/div>\n                                    <\/div>\n                                <\/div>\n                            <\/div>\n                                                <\/div>\n                                            <\/div>\n                <\/div>\n            <\/div>\n        <\/section>\n\t\t\t\t\t\t<\/div>\n\t\t\t\t<\/div>\n\t\t\t\t<div class=\"elementor-element elementor-element-444110ea elementor-widget elementor-widget-bloque-cuenta-con-nosotros\" data-id=\"444110ea\" data-element_type=\"widget\" data-e-type=\"widget\" data-widget_type=\"bloque-cuenta-con-nosotros.default\">\n\t\t\t\t<div class=\"elementor-widget-container\">\n\t\t\t\t\t        <!-- Cuenta con nosotros -->\n        <section class=\"bloque bloque-cuentaconnosotros \">\n            <div class=\"container\">\n                <div class=\"estrecho\">\n                    <div class=\"row\">\n                                                <h2 class=\"titulos\" data-aos=\"fade-left\" data-aos-duration=\"700\">Cuidamos de vosotros con acompa\u00f1amiento<\/h2>\n                                                                        <div class=\"subtitulos\" data-aos=\"fade-left\" data-aos-delay=\"250\" data-aos-duration=\"700\"><p>Estar cerca de nuestros usuarios a trav\u00e9s de una atenci\u00f3n personalizada y continuada a lo largo del tiempo es algo que nos distingue e identifica en el mercado.<\/p>\n<\/div>\n                                                <div class=\"listado\" >\n                            <div class=\"row accordion\" id=\"accordionCuenta\">\n                                                                            <div class=\"col-12 col-md-4  d-flex align-items-stretch\" data-aos=\"fade-up\" data-aos-delay=\"300\" data-aos-duration=\"700\">\n                                            <div class=\"item\">\n                                                <img decoding=\"async\" src=\"https:\/\/educamos.com\/wp-content\/uploads\/2022\/11\/icono-asesoramiento-1.svg\" class=\"icono img-fluid\" data-aos=\"flip-left\" data-aos-delay=\"450\" data-aos-duration=\"700\" alt=\"Asesores especialistas\" \/>\n                                                <h3 class=\"accordion-header\" id=\"heading300\"><button class=\"subtitulos accordion-button collapsed\" type=\"button\" data-bs-toggle=\"collapse\" data-bs-target=\"#collapse300\" aria-expanded=\"false\" aria-controls=\"collapse300\">Asesores especialistas<\/button><\/h3>\n                                                <div id=\"collapse300\" class=\"accordion-collapse collapse\" aria-labelledby=\"heading300\" data-bs-parent=\"#accordionCuenta\">\n                                                    <div class=\"accordion-body\">\n                                                        <p>Se encargan de la implantaci\u00f3n, te acompa\u00f1an en el d\u00eda a d\u00eda y te ayudan a sacar el mayor partido a las funcionalidades y herramientas del ecosistema.<\/p>\n                                                    <\/div>\n                                                <\/div>\n                                            <\/div>\n                                        <\/div>\n                                                                                <div class=\"col-12 col-md-4  d-flex align-items-stretch\" data-aos=\"fade-up\" data-aos-delay=\"600\" data-aos-duration=\"700\">\n                                            <div class=\"item\">\n                                                <img decoding=\"async\" src=\"https:\/\/educamos.com\/wp-content\/uploads\/2022\/11\/icono-comunidad-1.svg\" class=\"icono img-fluid\" data-aos=\"flip-left\" data-aos-delay=\"750\" data-aos-duration=\"700\" alt=\"Comunidad Educamos Makers\" \/>\n                                                <h3 class=\"accordion-header\" id=\"heading600\"><button class=\"subtitulos accordion-button collapsed\" type=\"button\" data-bs-toggle=\"collapse\" data-bs-target=\"#collapse600\" aria-expanded=\"false\" aria-controls=\"collapse600\">Comunidad Educamos Makers<\/button><\/h3>\n                                                <div id=\"collapse600\" class=\"accordion-collapse collapse\" aria-labelledby=\"heading600\" data-bs-parent=\"#accordionCuenta\">\n                                                    <div class=\"accordion-body\">\n                                                        <p>Permite mantenerte al d\u00eda de las novedades, buscar informaci\u00f3n acerca del ecosistema y reportar dudas o incidencias en cualquier momento v\u00eda web.<\/p>\n                                                    <\/div>\n                                                <\/div>\n                                            <\/div>\n                                        <\/div>\n                                                                                <div class=\"col-12 col-md-4  d-flex align-items-stretch\" data-aos=\"fade-up\" data-aos-delay=\"900\" data-aos-duration=\"700\">\n                                            <div class=\"item\">\n                                                <img decoding=\"async\" src=\"https:\/\/educamos.com\/wp-content\/uploads\/2022\/11\/icono-soporte-1.svg\" class=\"icono img-fluid\" data-aos=\"flip-left\" data-aos-delay=\"1050\" data-aos-duration=\"700\" alt=\"Equipo de soporte t\u00e9cnico\" \/>\n                                                <h3 class=\"accordion-header\" id=\"heading900\"><button class=\"subtitulos accordion-button collapsed\" type=\"button\" data-bs-toggle=\"collapse\" data-bs-target=\"#collapse900\" aria-expanded=\"false\" aria-controls=\"collapse900\">Equipo de soporte t\u00e9cnico<\/button><\/h3>\n                                                <div id=\"collapse900\" class=\"accordion-collapse collapse\" aria-labelledby=\"heading900\" data-bs-parent=\"#accordionCuenta\">\n                                                    <div class=\"accordion-body\">\n                                                        <p>Se encarga del mantenimiento y actualizaci\u00f3n del ecosistema. Adem\u00e1s de ayudar a los centros a resolver dudas o incidencias.<\/p>\n                                                    <\/div>\n                                                <\/div>\n                                            <\/div>\n                                        <\/div>\n                                                                        <\/div>\n                            <\/div>\n                        <div class=\"col-12\" data-aos=\"fade-up\" data-aos-duration=\"700\">\n                                                        <a href=\"https:\/\/educamos.com\/es\/solicita-una-demo\" class=\"btn btn-secondary\">Solicitar informaci\u00f3n<\/a>\n                                                                                    <a href=\"https:\/\/educamos.com\/es\/contacto\" class=\"enlace btn-arrow\">Contacto<\/a>\n                                                    <\/div>\n                    <\/div>\n                <\/div>\n            <\/div>\n        <\/section>\n\t\t\t\t\t\t<\/div>\n\t\t\t\t<\/div>\n\t\t\t\t<div class=\"elementor-element elementor-element-553b4e8 elementor-widget elementor-widget-bloque-carrusel\" data-id=\"553b4e8\" data-element_type=\"widget\" data-e-type=\"widget\" data-widget_type=\"bloque-carrusel.default\">\n\t\t\t\t<div class=\"elementor-widget-container\">\n\t\t\t\t\t        <!-- Banners 'Sab\u00edas que...' -->\n<script>\n    $('select').on('select2:select', function(e) {\n  var element = $(this).find('[value=\"' + e.params.data.id + '\"]');\n  $(this).append(element);\n  $(this).trigger('change');\n});\n    <\/script>\n        <section class=\"bloque bloque-sabiasque \">\n            <div class=\"container\">\n                <h2 class=\"titulos\" data-aos=\"fade-left\" data-aos-duration=\"700\">\u00bfSab\u00edas que...<\/h2>                <div class=\"estrecho\">\n                    <div class=\"row\">\n                        <div class=\"col-12\" data-aos=\"fade-up\" data-aos-duration=\"700\">\n                            <div class=\"carousel-sabiasque owl-carousel\" >\n                                \n                                \n                                    <a href=\"https:\/\/educamos-1.wistia.com\/medias\/amozqgmju6\" class=\"item-owl\" style=\"background-color:#3195EF\" title=\"M\u00e1s sobre Secretar\u00eda Virtual\"  target=\"_blank\" rel=\"nofollow\">\n                                    \n                                    <img fetchpriority=\"high\" decoding=\"async\" width=\"1116\" height=\"320\" src=\"https:\/\/educamos.com\/wp-content\/uploads\/2023\/10\/MicrosoftTeams-image-148.png\" class=\"img-fluid wp-post-image\" alt=\"\" srcset=\"https:\/\/educamos.com\/wp-content\/uploads\/2023\/10\/MicrosoftTeams-image-148.png 1116w, https:\/\/educamos.com\/wp-content\/uploads\/2023\/10\/MicrosoftTeams-image-148-300x86.png 300w, https:\/\/educamos.com\/wp-content\/uploads\/2023\/10\/MicrosoftTeams-image-148-1024x294.png 1024w, https:\/\/educamos.com\/wp-content\/uploads\/2023\/10\/MicrosoftTeams-image-148-768x220.png 768w, https:\/\/educamos.com\/wp-content\/uploads\/2023\/10\/MicrosoftTeams-image-148-956x274.png 956w\" sizes=\"(max-width: 1116px) 100vw, 1116px\" \/>                                    <div style=\"background-color:#3195EF\">\n                                        <h3 class=\"subtitulos\">&#8230; &#8220;Secretar\u00eda Virtual&#8221; es la nueva funcionalidad de Educamos?<\/h3>\n                                                                                <div class=\"enlace btn-arrow\">M\u00e1s sobre Secretar\u00eda Virtual<\/div>\n                                    <\/div>    \n                                <\/a>\n\t\t                     \n                                \n                                    <a href=\"https:\/\/educamos.com\/es\/educamos-makers\" class=\"item-owl\" style=\"background-color:#f4a900\" title=\"M\u00e1s sobre Educamos Makers\" >\n                                    \n                                    <img decoding=\"async\" width=\"1116\" height=\"320\" src=\"https:\/\/educamos.com\/wp-content\/uploads\/2022\/11\/banner-makers-1.png\" class=\"img-fluid wp-post-image\" alt=\"\" srcset=\"https:\/\/educamos.com\/wp-content\/uploads\/2022\/11\/banner-makers-1.png 1116w, https:\/\/educamos.com\/wp-content\/uploads\/2022\/11\/banner-makers-1-300x86.png 300w, https:\/\/educamos.com\/wp-content\/uploads\/2022\/11\/banner-makers-1-1024x294.png 1024w, https:\/\/educamos.com\/wp-content\/uploads\/2022\/11\/banner-makers-1-768x220.png 768w, https:\/\/educamos.com\/wp-content\/uploads\/2022\/11\/banner-makers-1-956x274.png 956w\" sizes=\"(max-width: 1116px) 100vw, 1116px\" \/>                                    <div style=\"background-color:#f4a900\">\n                                        <h3 class=\"subtitulos\">&nbsp;&#8230; en Educamos todos somos Educamos Makers?<\/h3>\n                                                                                <div class=\"enlace btn-arrow\">M\u00e1s sobre Educamos Makers<\/div>\n                                    <\/div>    \n                                <\/a>\n\t\t                     \n                                \n                                    <a href=\"https:\/\/educamos.com\/es\/educamos-makers\" class=\"item-owl\" style=\"background-color:#3195EF\" title=\"M\u00e1s sobre el crecimiento de Educamos\" >\n                                    \n                                    <img decoding=\"async\" width=\"1116\" height=\"320\" src=\"https:\/\/educamos.com\/wp-content\/uploads\/2022\/11\/banner-sabias-que-usuarios.png\" class=\"img-fluid wp-post-image\" alt=\"\" srcset=\"https:\/\/educamos.com\/wp-content\/uploads\/2022\/11\/banner-sabias-que-usuarios.png 1116w, https:\/\/educamos.com\/wp-content\/uploads\/2022\/11\/banner-sabias-que-usuarios-300x86.png 300w, https:\/\/educamos.com\/wp-content\/uploads\/2022\/11\/banner-sabias-que-usuarios-1024x294.png 1024w, https:\/\/educamos.com\/wp-content\/uploads\/2022\/11\/banner-sabias-que-usuarios-768x220.png 768w, https:\/\/educamos.com\/wp-content\/uploads\/2022\/11\/banner-sabias-que-usuarios-956x274.png 956w\" sizes=\"(max-width: 1116px) 100vw, 1116px\" \/>                                    <div style=\"background-color:#3195EF\">\n                                        <h3 class=\"subtitulos\">&nbsp;&#8230; en Educamos tenemos muy en cuenta el conocimiento y experiencia de nuestros usuarios?<\/h3>\n                                                                                <div class=\"enlace btn-arrow\">M\u00e1s sobre el crecimiento de Educamos<\/div>\n                                    <\/div>    \n                                <\/a>\n\t\t                     \n                                \n                                    <a href=\"https:\/\/educamos.com\/es\/kit-digital\" class=\"item-owl\" style=\"background-color:#fb464d\" title=\"M\u00e1s sobre el programa kit digital\" >\n                                    \n                                    <img loading=\"lazy\" decoding=\"async\" width=\"1116\" height=\"320\" src=\"https:\/\/educamos.com\/wp-content\/uploads\/2022\/12\/banner-kit.png\" class=\"img-fluid wp-post-image\" alt=\"\" srcset=\"https:\/\/educamos.com\/wp-content\/uploads\/2022\/12\/banner-kit.png 1116w, https:\/\/educamos.com\/wp-content\/uploads\/2022\/12\/banner-kit-300x86.png 300w, https:\/\/educamos.com\/wp-content\/uploads\/2022\/12\/banner-kit-1024x294.png 1024w, https:\/\/educamos.com\/wp-content\/uploads\/2022\/12\/banner-kit-768x220.png 768w, https:\/\/educamos.com\/wp-content\/uploads\/2022\/12\/banner-kit-956x274.png 956w\" sizes=\"(max-width: 1116px) 100vw, 1116px\" \/>                                    <div style=\"background-color:#fb464d\">\n                                        <h3 class=\"subtitulos\">&nbsp;&#8230; puedes beneficiarte de hasta 6000 \u20ac con el programa kit digital?<\/h3>\n                                                                                <div class=\"enlace btn-arrow\">M\u00e1s sobre el programa kit digital<\/div>\n                                    <\/div>    \n                                <\/a>\n\t\t                                                 <\/div>\n                            <script>\n                                jQuery( document ).ready(function() {\n                                    jQuery('.carousel-sabiasque').owlCarousel({\n                                        loop:true,\n                                        items:1,\n                                        margin:0,\n                                        nav:true,\n                                        dots:true,\n                                        animateOut:'fadeOut',\n                                        autoplay:true,\n                                        autoplayTimeout:6000,\n                                        freeDrag:false,\n                                        autoplayHoverPause:true,\n                                    });\n                                });\n                            <\/script>\n                        <\/div>\n                    <\/div>\n                <\/div>\n            <\/div>\n        <\/section>\n\t\t\t\t\t\t<\/div>\n\t\t\t\t<\/div>\n\t\t\t\t<div class=\"elementor-element elementor-element-5fb6e04a elementor-widget elementor-widget-bloque-cifras\" data-id=\"5fb6e04a\" data-element_type=\"widget\" data-e-type=\"widget\" data-widget_type=\"bloque-cifras.default\">\n\t\t\t\t<div class=\"elementor-widget-container\">\n\t\t\t\t\t        <!-- Bloque Cifras y letras -->\n        <section class=\"bloque bloque-cifras verde \" style=\"background-image: url('https:\/\/educamos.com\/wp-content\/themes\/educamos\/images\/fondo-cifrasyletras-04.png');\">\n            \n            <div class=\"container\">\n                <h2 class=\"titulos\" data-aos=\"fade-left\" data-aos-duration=\"700\">Cifras y letras<\/h2>                                <div class=\"estrecho\">\n                    <ul class=\"row justify-content-end\">\n                                                    <li class=\"col-12 col-md-3 d-flex align-items-stretch\">\n                                <div class=\"dato\" data-aos=\"fade-up\" data-aos-delay=\"300\" data-aos-duration=\"700\">\n                                    <h3 class=\"numero\">+1600<\/h3>\n                                    <div><p>Centros educativos<\/p><\/div>\n                                <\/div>\n                            <\/li>\n                                                    <li class=\"col-12 col-md-3 d-flex align-items-stretch\">\n                                <div class=\"dato\" data-aos=\"fade-up\" data-aos-delay=\"600\" data-aos-duration=\"700\">\n                                    <h3 class=\"numero\">+85<\/h3>\n                                    <div>Avalados por m\u00e1s de 85 a\u00f1os dedicados al sector de la educaci\u00f3n<\/div>\n                                <\/div>\n                            <\/li>\n                                                    <li class=\"col-12 col-md-3 d-flex align-items-stretch\">\n                                <div class=\"dato\" data-aos=\"fade-up\" data-aos-delay=\"900\" data-aos-duration=\"700\">\n                                    <h3 class=\"numero\">+15<\/h3>\n                                    <div><p>Pa\u00edses Educamos entre Iberoam\u00e9rica, Europa y \u00c1frica<\/p><\/div>\n                                <\/div>\n                            <\/li>\n                                                    <li class=\"col-12 col-md-3 d-flex align-items-stretch\">\n                                <div class=\"dato\" data-aos=\"fade-up\" data-aos-delay=\"1200\" data-aos-duration=\"700\">\n                                    <h3 class=\"numero\">+2<\/h3>\n                                    <div><p>Millones de usuarios<\/p><\/div>\n                                <\/div>\n                            <\/li>\n                                            <\/ul>\n                <\/div>\n            <\/div>\n        <\/section>\n\t\t\t\t\t\t<\/div>\n\t\t\t\t<\/div>\n\t\t\t\t<div class=\"elementor-element elementor-element-ac94e9f elementor-widget elementor-widget-bloque-voces-del-cambio\" data-id=\"ac94e9f\" data-element_type=\"widget\" data-e-type=\"widget\" data-widget_type=\"bloque-voces-del-cambio.default\">\n\t\t\t\t<div class=\"elementor-widget-container\">\n\t\t\t\t\t        <!-- Blog -->\n        <section class=\"bloque bloque-voces \">\n            <div class=\"container\">\n                <h2 class=\"titulos\" data-aos=\"fade-left\" data-aos-duration=\"700\">Voces del cambio<\/h2>                <div class=\"estrecho2\">\n                    <div class=\"row\">\n                        <div class=\"col-12 \">\n                            <div class=\"carousel-voces owl-carousel\" data-aos=\"fade-up\" data-aos-duration=\"700\">\n                                                        \n                                \n                                <div class=\"item-owl\">\n                                    <a href=\"#\" class=\"verVideoVoces\" data-bs-toggle=\"modal\" data-bs-target=\"#modalVoces\" title=\"Javier Laiseca\" data-url=\"https:\/\/www.youtube.com\/embed\/cAd2TJ4qUwM\" data-title=\"Hoy contamos con muchos m\u00e1s datos que antes, lo que nos permite tomar decisiones con mayor agilidad y rigor\">\n                                        <div class=\"image\"><img decoding=\"async\" src=\"https:\/\/img.youtube.com\/vi\/cAd2TJ4qUwM\/maxresdefault.jpg\" class=\"img-fluid\" alt=\"Fotograf\u00eda ilustrativa del video: Hoy contamos con muchos m\u00e1s datos que antes, lo que nos permite tomar decisiones con mayor agilidad y rigor\" \/><\/div>\n                                        <h3 class=\"subtitulos\">Hoy contamos con muchos m\u00e1s datos que antes, lo que nos permite tomar decisiones con mayor agilidad y rigor<\/h3>\n                                                                                <p>\n                                            <strong>Javier Laiseca<\/strong>\n                                            <br>Director Centro Formaci\u00f3n Somorrostro,                                            <br>Somorrostro (Espa\u00f1a)                                        <\/p>\n                                    <\/a>    \n                                <\/div>\n                                                        \n                                \n                                <div class=\"item-owl\">\n                                    <a href=\"#\" class=\"verVideoVoces\" data-bs-toggle=\"modal\" data-bs-target=\"#modalVoces\" title=\"Katherine Araya\" data-url=\"https:\/\/fast.wistia.net\/embed\/iframe\/z5nsit5rlg\" data-title=\"Algo que nos facilit\u00f3 mucho la vida, fue el ahorro de los tiempos, algo muy necesario e importante hoy en d\u00eda para los Centros Educativos\">\n                                        <div class=\"image\"><img decoding=\"async\" src=\"https:\/\/embed-ssl.wistia.com\/deliveries\/a7b27dff0c5a707b66107cacc97ab0b8601760be.jpg?image_crop_resized=400x225\" class=\"img-fluid\" alt=\"Fotograf\u00eda ilustrativa del video: Algo que nos facilit\u00f3 mucho la vida, fue el ahorro de los tiempos, algo muy necesario e importante hoy en d\u00eda para los Centros Educativos\" \/><\/div>\n                                        <h3 class=\"subtitulos\">Algo que nos facilit\u00f3 mucho la vida, fue el ahorro de los tiempos, algo muy necesario e importante hoy en d\u00eda para los Centros Educativos<\/h3>\n                                                                                <p>\n                                            <strong>Katherine Araya<\/strong>\n                                            <br>Rectora del Grace Collage,                                            <br>Regi\u00f3n Metropolitana (Chile)                                        <\/p>\n                                    <\/a>    \n                                <\/div>\n                                                        \n                                \n                                <div class=\"item-owl\">\n                                    <a href=\"#\" class=\"verVideoVoces\" data-bs-toggle=\"modal\" data-bs-target=\"#modalVoces\" title=\"Mar\u00eda Jes\u00fas. \" data-url=\"https:\/\/fast.wistia.net\/embed\/iframe\/e2mkw1aph3\" data-title=\"Mi aula con Educamos ha cambiado mucho. Ahora mi clase es mucho m\u00e1s din\u00e1mica y mis alumnos est\u00e1n mucho m\u00e1s atentos\">\n                                        <div class=\"image\"><img decoding=\"async\" src=\"https:\/\/embed-ssl.wistia.com\/deliveries\/daefc611e1d5d1c1471e54dbb8c41d3d957f7212.jpg?image_crop_resized=400x225\" class=\"img-fluid\" alt=\"Fotograf\u00eda ilustrativa del video: Mi aula con Educamos ha cambiado mucho. Ahora mi clase es mucho m\u00e1s din\u00e1mica y mis alumnos est\u00e1n mucho m\u00e1s atentos\" \/><\/div>\n                                        <h3 class=\"subtitulos\">Mi aula con Educamos ha cambiado mucho. Ahora mi clase es mucho m\u00e1s din\u00e1mica y mis alumnos est\u00e1n mucho m\u00e1s atentos<\/h3>\n                                                                                <p>\n                                            <strong>Mar\u00eda Jes\u00fas. <\/strong>\n                                            <br>Profesora Secundaria del colegio H\u00e9lade,                                            <br>Boadilla del Monte (Espa\u00f1a)                                        <\/p>\n                                    <\/a>    \n                                <\/div>\n                                                        \n                                \n                                <div class=\"item-owl\">\n                                    <a href=\"#\" class=\"verVideoVoces\" data-bs-toggle=\"modal\" data-bs-target=\"#modalVoces\" title=\"Ana Mar\u00eda\" data-url=\"https:\/\/fast.wistia.net\/embed\/iframe\/t4qaohs5ih\" data-title=\"Utilizo Educamos desde la app del m\u00f3vil. Me resulta muy c\u00f3modo informarme de las circulares, las notas, etc, en los momentos libres que encuentro\">\n                                        <div class=\"image\"><img decoding=\"async\" src=\"https:\/\/embed-ssl.wistia.com\/deliveries\/0083e5887b30513a991da731d7ffb59d31bd1d69.jpg?image_crop_resized=400x225\" class=\"img-fluid\" alt=\"Fotograf\u00eda ilustrativa del video: Utilizo Educamos desde la app del m\u00f3vil. Me resulta muy c\u00f3modo informarme de las circulares, las notas, etc, en los momentos libres que encuentro\" \/><\/div>\n                                        <h3 class=\"subtitulos\">Utilizo Educamos desde la app del m\u00f3vil. Me resulta muy c\u00f3modo informarme de las circulares, las notas, etc, en los momentos libres que encuentro<\/h3>\n                                                                                <p>\n                                            <strong>Ana Mar\u00eda<\/strong>\n                                            <br>Madre de alumnas del colegio Sagrados Corazones,                                            <br>Torrelavega (Espa\u00f1a)                                        <\/p>\n                                    <\/a>    \n                                <\/div>\n                                                        \n                                \n                                <div class=\"item-owl\">\n                                    <a href=\"#\" class=\"verVideoVoces\" data-bs-toggle=\"modal\" data-bs-target=\"#modalVoces\" title=\"Benjam\u00edn Contreras\" data-url=\"https:\/\/fast.wistia.net\/embed\/iframe\/nspo92ge9a\" data-title=\"Uno de los m\u00f3dulos m\u00e1s relevantes para nosotros es el de Gesti\u00f3n Econ\u00f3mica, donde llevamos el control financiero de todos los niveles\">\n                                        <div class=\"image\"><img decoding=\"async\" src=\"https:\/\/embed-ssl.wistia.com\/deliveries\/d33e47c9fe1b93a7a94fdcde5ff5215f604ce502.jpg?image_crop_resized=400x225\" class=\"img-fluid\" alt=\"Fotograf\u00eda ilustrativa del video: Uno de los m\u00f3dulos m\u00e1s relevantes para nosotros es el de Gesti\u00f3n Econ\u00f3mica, donde llevamos el control financiero de todos los niveles\" \/><\/div>\n                                        <h3 class=\"subtitulos\">Uno de los m\u00f3dulos m\u00e1s relevantes para nosotros es el de Gesti\u00f3n Econ\u00f3mica, donde llevamos el control financiero de todos los niveles<\/h3>\n                                                                                <p>\n                                            <strong>Benjam\u00edn Contreras<\/strong>\n                                            <br>Director general del colegio Baja California,                                            <br>Tijuana (M\u00e9xico)                                        <\/p>\n                                    <\/a>    \n                                <\/div>\n                                                        \n                                \n                                <div class=\"item-owl\">\n                                    <a href=\"#\" class=\"verVideoVoces\" data-bs-toggle=\"modal\" data-bs-target=\"#modalVoces\" title=\"Gerardo Perez Benito\" data-url=\"https:\/\/fast.wistia.net\/embed\/iframe\/fy3doa0i53\" data-title=\"Destacar\u00eda la posibilidad de hacer un seguimiento m\u00e1s individual del alumno y de personalizar los contenidos. A la vez es una valiosa fuente de informaci\u00f3n\">\n                                        <div class=\"image\"><img decoding=\"async\" src=\"https:\/\/embed-ssl.wistia.com\/deliveries\/59f384e9906a8e6462fa64449a044e17e6979f3a.jpg?image_crop_resized=400x225\" class=\"img-fluid\" alt=\"Fotograf\u00eda ilustrativa del video: Destacar\u00eda la posibilidad de hacer un seguimiento m\u00e1s individual del alumno y de personalizar los contenidos. A la vez es una valiosa fuente de informaci\u00f3n\" \/><\/div>\n                                        <h3 class=\"subtitulos\">Destacar\u00eda la posibilidad de hacer un seguimiento m\u00e1s individual del alumno y de personalizar los contenidos. A la vez es una valiosa fuente de informaci\u00f3n<\/h3>\n                                                                                <p>\n                                            <strong>Gerardo Perez Benito<\/strong>\n                                            <br>Profesor y tutor de 5\u00ba de primaria del Colegio Summa Aldapeta,                                            <br>San Sebasti\u00e1n (Espa\u00f1a)                                        <\/p>\n                                    <\/a>    \n                                <\/div>\n                                                        \n                                \n                                <div class=\"item-owl\">\n                                    <a href=\"#\" class=\"verVideoVoces\" data-bs-toggle=\"modal\" data-bs-target=\"#modalVoces\" title=\"Santiago L\u00f3pez Navia\" data-url=\"https:\/\/fast.wistia.net\/embed\/iframe\/ty5p9n8rox\" data-title=\"Las dos principales razones por las que el equipo directivo ha optado por utilizar Educamos son la funcionalidad y la interactividad\">\n                                        <div class=\"image\"><img decoding=\"async\" src=\"https:\/\/embed-ssl.wistia.com\/deliveries\/9f19e87b7ba4b8750e6d39ccb50ebf177c030db5.jpg?image_crop_resized=400x225\" class=\"img-fluid\" alt=\"Fotograf\u00eda ilustrativa del video: Las dos principales razones por las que el equipo directivo ha optado por utilizar Educamos son la funcionalidad y la interactividad\" \/><\/div>\n                                        <h3 class=\"subtitulos\">Las dos principales razones por las que el equipo directivo ha optado por utilizar Educamos son la funcionalidad y la interactividad<\/h3>\n                                                                                <p>\n                                            <strong>Santiago L\u00f3pez Navia<\/strong>\n                                            <br>Director acad\u00e9mico de Trinity College Liceo Serrano,                                            <br>Boadilla del Monte (Espa\u00f1a)                                        <\/p>\n                                    <\/a>    \n                                <\/div>\n                                                            <\/div>\n                        <\/div>\n                    <\/div>\n                <\/div>\n                                <script>\n                    jQuery( document ).ready(function() {\n                        jQuery('.carousel-voces').owlCarousel({\n                            loop:true,\n                            mouseDrag: false,\n                            autoplay:false,\n                            autoplayTimeout:5000,\n                            responsiveClass:true,\n                            responsive:{\n                                0:{\n                                    items:1,\n                                    margin:0,\n                                    nav:false,\n                                    dots:true,\n                                },\n                                768:{\n                                    items:2,\n                                    margin:65,\n                                    nav:true,\n                                    dots:false,\n                                },\n                            }\n                        });   \n                    });      \n                <\/script>\n                        <script>\n                 jQuery( document ).ready(function() {\n                      jQuery(\"#modalVoces\").on(\"hide.bs.modal\", function(e) {\n                        jQuery(\"#modalVoces iframe\").attr(\"src\", \"\"); \/\/ Remove the video source.\n                        \/\/jQuery('.carousel-voces').trigger('play.owl.autoplay',5000);   \n                      });\n\n                      jQuery(document).on('click','.verVideoVoces',function (e) {\n                        e.preventDefault();\n                        \/\/jQuery('.carousel-voces').trigger('stop.owl.autoplay');  \n                        var mymodal = $('#modalVoces');\n                        jQuery('#modalVoces .modal-body iframe').attr('src', jQuery(this).data('url'));\n                        mymodal.show;\n\n                      });\n                    });\n                \n                <\/script>\n            <\/div>\n        <\/section>\n\n        <!-- Modal -->\n        <div class=\"modal fade\" id=\"modalVoces\" tabindex=\"-1\" aria-labelledby=\"modalVocesLabel\" aria-hidden=\"true\">\n            <button type=\"button\" class=\"btn-close\" data-bs-dismiss=\"modal\" aria-label=\"Cerrar\"><\/button>\n            <div class=\"modal-dialog modal-dialog-centered modal-xl\">\n                <div class=\"modal-content\">\n                    <div class=\"modal-body\">\n                        <div class=\"embed-responsive embed-responsive-16by9\">\n                            <iframe class=\"embed-responsive-item\" src=\"\" allowfullscreen  allowtransparency=\"true\" ><\/iframe>\n                        <\/div>\n                    <\/div>\n                <\/div>\n            <\/div>\n        <\/div>\n\t\t\t\t\t\t<\/div>\n\t\t\t\t<\/div>\n\t\t\t\t<div class=\"elementor-element elementor-element-105f24f elementor-widget elementor-widget-bloque-blog\" data-id=\"105f24f\" data-element_type=\"widget\" data-e-type=\"widget\" data-widget_type=\"bloque-blog.default\">\n\t\t\t\t<div class=\"elementor-widget-container\">\n\t\t\t\t\t        <!-- Blog -->\n        <section class=\"bloque bloque-noticias \">\n            <div class=\"container\">\n                <h2 class=\"titulos\" data-aos=\"fade-left\" data-aos-duration=\"700\">Educaci\u00f3n, innovaci\u00f3n y progreso<\/h2>                <div class=\"estrecho\">\n                                            <a href=\"\/es\/blog\" class=\"btn-circle\" title=\"Ver m\u00e1s\" data-aos=\"fade-right\" data-aos-duration=\"700\"><i class=\"fal fa-plus\"><\/i><\/a>\n                                        <div class=\"row\" data-aos=\"fade-up\" data-aos-duration=\"700\">\n                        <div class=\"owl-carousel carousel-noticias\">\n                                                                    <div class=\"col-12 col-md-12\">\n                                            <a href=\"https:\/\/educamos.com\/es\/blog\/claves-para-evaluar-el-progreso-de-tus-estudiantes\/\" class=\"noticia\">\n                                                <div class=\"image\">\n                                                    <img loading=\"lazy\" decoding=\"async\" width=\"483\" height=\"237\" src=\"https:\/\/educamos.com\/wp-content\/uploads\/2024\/11\/adobestock-322914233-483x237.jpg\" class=\"img-fluid wp-post-image\" alt=\"Fotograf\u00eda de un profesor corrigiendo un examen, imagen en primer plano.\" \/>                                                <\/div>\n                                                <div class=\"datos\">\n                                                    <h3 class=\"subtitulos\">Claves para evaluar el progreso de tus estudiantes<\/h3>\n                                                    <div class=\"enlace btn-arrow\">Leer art\u00edculo<\/div>\n                                                <\/div>\n                                            <\/a>\n                                        <\/div>\n                                                                            <div class=\"col-12 col-md-12\">\n                                            <a href=\"https:\/\/educamos.com\/es\/blog\/5-consejos-organizar-curso-escolar\/\" class=\"noticia\">\n                                                <div class=\"image\">\n                                                    <img loading=\"lazy\" decoding=\"async\" width=\"483\" height=\"237\" src=\"https:\/\/educamos.com\/wp-content\/uploads\/2024\/06\/AdobeStock_518656278-min-1-483x237.jpeg\" class=\"img-fluid wp-post-image\" alt=\"\" \/>                                                <\/div>\n                                                <div class=\"datos\">\n                                                    <h3 class=\"subtitulos\">\u00bfC\u00f3mo organizar el nuevo curso escolar? 5 claves para planificar el a\u00f1o escolar<\/h3>\n                                                    <div class=\"enlace btn-arrow\">Leer art\u00edculo<\/div>\n                                                <\/div>\n                                            <\/a>\n                                        <\/div>\n                                                            <\/div>\n                    <\/div>\n                    <script>\n                        jQuery( document ).ready(function() {\n                            jQuery('.carousel-noticias').owlCarousel({\n                                loop:true,\n                                responsiveClass:true,\n                                responsive:{\n                                    0:{\n                                        items:1,\n                                        margin:0,\n                                        nav:false,\n                                        dots:true,\n                                    },\n                                    768:{\n                                        items:2,\n                                        margin:50,\n                                        nav:false,\n                                        loop:false,\n                                        freeDrag:false,\n                                        dots:true,\n                                    },\n                                }\n                            });\n                        });\n                    <\/script>\n                <\/div>\n            <\/div>\n        <\/section>\n\t\t\t\t\t\t<\/div>\n\t\t\t\t<\/div>\n\t\t\t\t<div class=\"elementor-element elementor-element-7f27a07 elementor-widget elementor-widget-bloque-formulario\" data-id=\"7f27a07\" data-element_type=\"widget\" data-e-type=\"widget\" data-widget_type=\"bloque-formulario.default\">\n\t\t\t\t<div class=\"elementor-widget-container\">\n\t\t\t\t\t    \n    <section class=\"bloque bloque-solicitardemo bloque-formulario-columnas \" id=\"\">\n        <div class=\"container\">\n            <div class=\"estrecho\">\n                <div class=\"row\">\n                    <div class=\"col-12 col-md-6\">\n\n                        <h2 class=\"titulos\" data-aos=\"fade-left\" data-aos-duration=\"700\">Solicita informaci\u00f3n<\/h2>\n                                                    <div class=\"subtitulos\" data-aos=\"fade-left\" data-aos-duration=\"700\">\n                                Solicita informaci\u00f3n a trav\u00e9s de este formulario. Un asesor se pondr\u00e1 en contacto contigo lo antes posible.                            <\/div>\n                        \n                    <\/div>\n\n                    <div class=\"col-12 col-md-6\" data-aos=\"fade-up\" data-aos-duration=\"700\">\n\n                        <div class=\"nopreview\">\n                            La vista previa del formulario no est\u00e1 disponible en el editor de bloques de Elementor.\n                        <\/div>\n\n                        <div class=\"gf_browser_chrome gform_wrapper gform_legacy_markup_wrapper\">\n\n                            <script type=\"text\/javascript\">\n\/* <![CDATA[ *\/\nvar gform;gform||(document.addEventListener(\"gform_main_scripts_loaded\",function(){gform.scriptsLoaded=!0}),document.addEventListener(\"gform\/theme\/scripts_loaded\",function(){gform.themeScriptsLoaded=!0}),window.addEventListener(\"DOMContentLoaded\",function(){gform.domLoaded=!0}),gform={domLoaded:!1,scriptsLoaded:!1,themeScriptsLoaded:!1,isFormEditor:()=>\"function\"==typeof InitializeEditor,callIfLoaded:function(o){return!(!gform.domLoaded||!gform.scriptsLoaded||!gform.themeScriptsLoaded&&!gform.isFormEditor()||(gform.isFormEditor()&&console.warn(\"The use of gform.initializeOnLoaded() is deprecated in the form editor context and will be removed in Gravity Forms 3.1.\"),o(),0))},initializeOnLoaded:function(o){gform.callIfLoaded(o)||(document.addEventListener(\"gform_main_scripts_loaded\",()=>{gform.scriptsLoaded=!0,gform.callIfLoaded(o)}),document.addEventListener(\"gform\/theme\/scripts_loaded\",()=>{gform.themeScriptsLoaded=!0,gform.callIfLoaded(o)}),window.addEventListener(\"DOMContentLoaded\",()=>{gform.domLoaded=!0,gform.callIfLoaded(o)}))},hooks:{action:{},filter:{}},addAction:function(o,r,e,t){gform.addHook(\"action\",o,r,e,t)},addFilter:function(o,r,e,t){gform.addHook(\"filter\",o,r,e,t)},doAction:function(o){gform.doHook(\"action\",o,arguments)},applyFilters:function(o){return gform.doHook(\"filter\",o,arguments)},removeAction:function(o,r){gform.removeHook(\"action\",o,r)},removeFilter:function(o,r,e){gform.removeHook(\"filter\",o,r,e)},addHook:function(o,r,e,t,n){null==gform.hooks[o][r]&&(gform.hooks[o][r]=[]);var d=gform.hooks[o][r];null==n&&(n=r+\"_\"+d.length),gform.hooks[o][r].push({tag:n,callable:e,priority:t=null==t?10:t})},doHook:function(r,o,e){var t;if(e=Array.prototype.slice.call(e,1),null!=gform.hooks[r][o]&&((o=gform.hooks[r][o]).sort(function(o,r){return o.priority-r.priority}),o.forEach(function(o){\"function\"!=typeof(t=o.callable)&&(t=window[t]),\"action\"==r?t.apply(null,e):e[0]=t.apply(null,e)})),\"filter\"==r)return e[0]},removeHook:function(o,r,t,n){var e;null!=gform.hooks[o][r]&&(e=(e=gform.hooks[o][r]).filter(function(o,r,e){return!!(null!=n&&n!=o.tag||null!=t&&t!=o.priority)}),gform.hooks[o][r]=e)}});\n\/* ]]> *\/\n<\/script>\n\n                <div class='gf_browser_gecko gform_wrapper gravity-theme gform-theme--no-framework' data-form-theme='gravity-theme' data-form-index='0' id='gform_wrapper_1' style='display:none'><div id='gf_1' class='gform_anchor' tabindex='-1'><\/div>\n                        <div class='gform_heading'>\n\t\t\t\t\t\t\t<p class='gform_required_legend'>&quot;<span class=\"gfield_required gfield_required_asterisk\">*<\/span>&quot; se\u00f1ala los campos obligatorios<\/p>\n                        <\/div><form method='post' enctype='multipart\/form-data' target='gform_ajax_frame_1' id='gform_1'  action='\/es\/wp-json\/wp\/v2\/pages\/1116#gf_1' data-formid='1' novalidate>\n                        <div class='gform-body gform_body'><div id='gform_fields_1' class='gform_fields top_label form_sublabel_below description_below validation_below'><div id=\"field_1_28\" class=\"gfield gfield--type-honeypot gform_validation_container field_sublabel_below gfield--has-description field_description_below field_validation_below gfield_visibility_visible\"  ><label class='gfield_label gform-field-label' for='input_1_28'>Email<\/label><div class='ginput_container'><input name='input_28' id='input_1_28' type='text' value='' autocomplete='new-password'\/><\/div><div class='gfield_description' id='gfield_description_1_28'>Este campo es un campo de validaci\u00f3n y debe quedar sin cambios.<\/div><\/div><div id=\"field_1_4\" class=\"gfield gfield--type-text gfield--input-type-text gfield--width-full nombre gfield_contains_required field_sublabel_below gfield--no-description field_description_below field_validation_below gfield_visibility_visible\"  ><label class='gfield_label gform-field-label' for='input_1_4'>Nombre<span class=\"gfield_required\"><span class=\"gfield_required gfield_required_asterisk\">*<\/span><\/span><\/label><div class='ginput_container ginput_container_text'><input name='input_4' id='input_1_4' type='text' value='' class='large' maxlength='40'   placeholder='Nombre *' aria-required=\"true\" aria-invalid=\"false\"   \/><\/div><\/div><div id=\"field_1_5\" class=\"gfield gfield--type-text gfield--input-type-text gfield--width-full apellidos gfield_contains_required field_sublabel_below gfield--no-description field_description_below field_validation_below gfield_visibility_visible\"  ><label class='gfield_label gform-field-label' for='input_1_5'>Apellidos<span class=\"gfield_required\"><span class=\"gfield_required gfield_required_asterisk\">*<\/span><\/span><\/label><div class='ginput_container ginput_container_text'><input name='input_5' id='input_1_5' type='text' value='' class='large' maxlength='80'   placeholder='Apellidos *' aria-required=\"true\" aria-invalid=\"false\"   \/><\/div><\/div><div id=\"field_1_6\" class=\"gfield gfield--type-email gfield--input-type-email gfield--width-full email gfield_contains_required field_sublabel_below gfield--no-description field_description_below field_validation_below gfield_visibility_visible\"  ><label class='gfield_label gform-field-label' for='input_1_6'>E-mail<span class=\"gfield_required\"><span class=\"gfield_required gfield_required_asterisk\">*<\/span><\/span><\/label><div class='ginput_container ginput_container_email'>\n                            <input name='input_6' id='input_1_6' type='email' value='' class='large'   placeholder='E-mail *' aria-required=\"true\" aria-invalid=\"false\"  \/>\n                        <\/div><\/div><div id=\"field_1_7\" class=\"gfield gfield--type-phone gfield--input-type-phone gfield--width-full telefono gfield_contains_required field_sublabel_below gfield--no-description field_description_below field_validation_below gfield_visibility_visible\"  ><label class='gfield_label gform-field-label' for='input_1_7'>Tel\u00e9fono<span class=\"gfield_required\"><span class=\"gfield_required gfield_required_asterisk\">*<\/span><\/span><\/label><div class='ginput_container ginput_container_phone'><input name='input_7' id='input_1_7' type='tel' value='' class='large'  placeholder='Tel\u00e9fono *' aria-required=\"true\" aria-invalid=\"false\"   \/><\/div><\/div><div id=\"field_1_15\" class=\"gfield gfield--type-select gfield--input-type-select gfield--width-full cargo gfield_contains_required field_sublabel_below gfield--no-description field_description_below field_validation_below gfield_visibility_visible\"  ><label class='gfield_label gform-field-label' for='input_1_15'>Perfil<span class=\"gfield_required\"><span class=\"gfield_required gfield_required_asterisk\">*<\/span><\/span><\/label><div class='ginput_container ginput_container_select'><select name='input_15' id='input_1_15' class='large gfield_select'    aria-required=\"true\" aria-invalid=\"false\" ><option value='' >Perfil *<\/option><option value='CA14' >Director<\/option><option value='CA18' >Profesor<\/option><option value='CA11' >Coordinador TIC<\/option><option value='CA112' >Responsable titularidad<\/option><option value='Alumno' >Alumno<\/option><option value='Familiar' >Familiar<\/option><option value='CA26' >Otros<\/option><\/select><\/div><\/div><div id=\"field_1_1\" class=\"gfield gfield--type-text gfield--input-type-text cp gfield_contains_required field_sublabel_below gfield--no-description field_description_below field_validation_below gfield_visibility_visible\"  ><label class='gfield_label gform-field-label' for='input_1_1'>C\u00f3digo postal<span class=\"gfield_required\"><span class=\"gfield_required gfield_required_asterisk\">*<\/span><\/span><\/label><div class='ginput_container ginput_container_text'><input name='input_1' id='input_1_1' type='text' value='' class='large'    placeholder='C\u00f3digo postal *' aria-required=\"true\" aria-invalid=\"false\"   \/><\/div><\/div><div id=\"field_1_3\" class=\"gfield gfield--type-select gfield--input-type-select gfield--width-full centro gfield_contains_required field_sublabel_below gfield--no-description field_description_below field_validation_below gfield_visibility_visible\"  ><label class='gfield_label gform-field-label' for='input_1_3'>Centro educativo<span class=\"gfield_required\"><span class=\"gfield_required gfield_required_asterisk\">*<\/span><\/span><\/label><div class='ginput_container ginput_container_select'><select name='input_3' id='input_1_3' class='large gfield_select'    aria-required=\"true\" aria-invalid=\"false\" ><option value='' selected='selected'>Centro educativo *<\/option><option value='' >Introduce un c\u00f3digo postal para ver el listado de centros educativos<\/option><\/select><\/div><\/div><div id=\"field_1_27\" class=\"gfield gfield--type-select gfield--input-type-select gfield--width-full gfield_contains_required field_sublabel_below gfield--no-description field_description_below field_validation_below gfield_visibility_visible\"  ><label class='gfield_label gform-field-label' for='input_1_27'>\u00bfC\u00f3mo nos conociste?<span class=\"gfield_required\"><span class=\"gfield_required gfield_required_asterisk\">*<\/span><\/span><\/label><div class='ginput_container ginput_container_select'><select name='input_27' id='input_1_27' class='large gfield_select'    aria-required=\"true\" aria-invalid=\"false\" ><option value='' selected='selected'>\u00bfC\u00f3mo nos conociste? *<\/option><option value='Instagram' >Instagram<\/option><option value='Facebook' >Facebook<\/option><option value='LinkedIn' >LinkedIn<\/option><option value='X (Twitter)' >X (Twitter)<\/option><option value='Evento' >Evento<\/option><option value='Recomendaci\u00f3n' >Recomendaci\u00f3n<\/option><option value='Google' >Google<\/option><option value='Otros' >Otros<\/option><\/select><\/div><\/div><fieldset id=\"field_1_22\" class=\"gfield gfield--type-radio gfield--type-choice gfield--input-type-radio gfield--width-full usuario gfield_contains_required field_sublabel_below gfield--no-description field_description_below field_validation_below gfield_visibility_visible\"  ><legend class='gfield_label gform-field-label' >\u00bfEres usuario\/a de Educamos?<span class=\"gfield_required\"><span class=\"gfield_required gfield_required_asterisk\">*<\/span><\/span><\/legend><div class='ginput_container ginput_container_radio'><div class='gfield_radio' id='input_1_22'>\n\t\t\t<div class='gchoice gchoice_1_22_0'>\n\t\t\t\t\t<input class='gfield-choice-input' name='input_22' type='radio' value='true'  id='choice_1_22_0' onchange='gformToggleRadioOther( this )'    \/>\n\t\t\t\t\t<label for='choice_1_22_0' id='label_1_22_0' class='gform-field-label gform-field-label--type-inline'>Si<\/label>\n\t\t\t<\/div>\n\t\t\t<div class='gchoice gchoice_1_22_1'>\n\t\t\t\t\t<input class='gfield-choice-input' name='input_22' type='radio' value='false'  id='choice_1_22_1' onchange='gformToggleRadioOther( this )'    \/>\n\t\t\t\t\t<label for='choice_1_22_1' id='label_1_22_1' class='gform-field-label gform-field-label--type-inline'>No<\/label>\n\t\t\t<\/div><\/div><\/div><\/fieldset><div id=\"field_1_20\" class=\"gfield gfield--type-html gfield--input-type-html gfield--width-full textolegal gfield_html gfield_html_formatted gfield_no_follows_desc field_sublabel_below gfield--no-description field_description_below field_validation_below gfield_visibility_visible\"  ><div class=\"texto-legal-form gfield_checkbox\" style=\"margin-top: 1.5rem; margin-bottom: -1.5rem;\"><p><label><strong>RESPONSABLE DEL TRATAMIENTO: TECNOLOG\u00cdA Y GESTI\u00d3N EDUCATIVA, S.L.U.<\/strong><\/label><\/p><p><label><strong>FINALIDAD:<\/strong> Gesti\u00f3n de las solicitudes de contacto e informaci\u00f3n, y env\u00edo de informaci\u00f3n y ofertas comerciales de nuestros productos y servicios.<\/label><\/p><p><label><strong>DERECHOS:<\/strong> Puede acceder, rectificar y suprimir los datos, as\u00ed como ejercitar otros derechos legales, dirigi\u00e9ndose por escrito a nuestro Delegado de Protecci\u00f3n de Datos (<a href=\"https:\/\/contactodpo.educamos.com\" target=\"_blank\">https:\/\/contactodpo.educamos.com<\/a>). Para m\u00e1s informaci\u00f3n, consulte la <a href=\"\/es\/politica-de-privacidad\/\" target=\"_blank\">Pol\u00edtica de privacidad<\/a>.<\/label><\/p><\/div><\/div><fieldset id=\"field_1_13\" class=\"gfield gfield--type-checkbox gfield--type-choice gfield--input-type-checkbox gfield_contains_required field_sublabel_below gfield--no-description field_description_below hidden_label field_validation_below gfield_visibility_visible\"  ><legend class='gfield_label gform-field-label gfield_label_before_complex' >Condiciones<span class=\"gfield_required\"><span class=\"gfield_required gfield_required_asterisk\">*<\/span><\/span><\/legend><div class='ginput_container ginput_container_checkbox'><div class='gfield_checkbox ' id='input_1_13'><div class='gchoice gchoice_1_13_1'>\n\t\t\t\t\t\t\t\t<input class='gfield-choice-input' name='input_13.1' type='checkbox'  value='He le\u00eddo y acepto las &lt;a href=&quot;\/es\/condiciones-de-uso\/&quot; title=&quot;Condiciones de Uso&quot; target=&quot;_blank&quot;&gt;Condiciones de Uso&lt;\/a&gt; y la &lt;a href=&quot;\/es\/politica-de-privacidad\/&quot; title=&quot;Pol\u00edtica de privacidad&quot; target=&quot;_blank&quot;&gt;Pol\u00edtica de privacidad&lt;\/a&gt; *'  id='choice_1_13_1'   \/>\n\t\t\t\t\t\t\t\t<label for='choice_1_13_1' id='label_1_13_1' class='gform-field-label gform-field-label--type-inline'>He le\u00eddo y acepto las <a href=\"\/es\/condiciones-de-uso\/\" title=\"Condiciones de Uso\" target=\"_blank\">Condiciones de Uso<\/a> y la <a href=\"\/es\/politica-de-privacidad\/\" title=\"Pol\u00edtica de privacidad\" target=\"_blank\">Pol\u00edtica de privacidad<\/a> *<\/label>\n\t\t\t\t\t\t\t<\/div><\/div><\/div><\/fieldset><fieldset id=\"field_1_14\" class=\"gfield gfield--type-checkbox gfield--type-choice gfield--input-type-checkbox comunicaciones field_sublabel_below gfield--no-description field_description_below hidden_label field_validation_below gfield_visibility_visible\"  ><legend class='gfield_label gform-field-label gfield_label_before_complex' >Comunicaciones comerciales<\/legend><div class='ginput_container ginput_container_checkbox'><div class='gfield_checkbox ' id='input_1_14'><div class='gchoice gchoice_1_14_1'>\n\t\t\t\t\t\t\t\t<input class='gfield-choice-input' name='input_14.1' type='checkbox'  value='true'  id='choice_1_14_1'   \/>\n\t\t\t\t\t\t\t\t<label for='choice_1_14_1' id='label_1_14_1' class='gform-field-label gform-field-label--type-inline'>Deseo recibir comunicaciones comerciales.<\/label>\n\t\t\t\t\t\t\t<\/div><\/div><\/div><\/fieldset><div id=\"field_1_12\" class=\"gfield gfield--type-text gfield--input-type-text gfield--width-full idcolegio gfield_contains_required field_sublabel_below gfield--no-description field_description_below field_validation_below gfield_visibility_hidden\"  ><div class=\"admin-hidden-markup\"><i class=\"gform-icon gform-icon--hidden\" aria-hidden=\"true\" title=\"Este campo est\u00e1 oculto cuando se visualiza el formulario\"><\/i><span>Este campo est\u00e1 oculto cuando se visualiza el formulario<\/span><\/div><label class='gfield_label gform-field-label' for='input_1_12'>Id colegio<span class=\"gfield_required\"><span class=\"gfield_required gfield_required_asterisk\">*<\/span><\/span><\/label><div class='ginput_container ginput_container_text'><input name='input_12' id='input_1_12' type='text' value='' class='large'     aria-required=\"true\" aria-invalid=\"false\"   \/><\/div><\/div><div id=\"field_1_16\" class=\"gfield gfield--type-text gfield--input-type-text estado gfield_contains_required field_sublabel_below gfield--no-description field_description_below field_validation_below gfield_visibility_hidden\"  ><div class=\"admin-hidden-markup\"><i class=\"gform-icon gform-icon--hidden\" aria-hidden=\"true\" title=\"Este campo est\u00e1 oculto cuando se visualiza el formulario\"><\/i><span>Este campo est\u00e1 oculto cuando se visualiza el formulario<\/span><\/div><label class='gfield_label gform-field-label' for='input_1_16'>Estado<span class=\"gfield_required\"><span class=\"gfield_required gfield_required_asterisk\">*<\/span><\/span><\/label><div class='ginput_container ginput_container_text'><input name='input_16' id='input_1_16' type='text' value='Error' class='large'     aria-required=\"true\" aria-invalid=\"false\"   \/><\/div><\/div><div id=\"field_1_17\" class=\"gfield gfield--type-text gfield--input-type-text gfield--width-full pais gfield_contains_required field_sublabel_below gfield--no-description field_description_below field_validation_below gfield_visibility_hidden\"  ><div class=\"admin-hidden-markup\"><i class=\"gform-icon gform-icon--hidden\" aria-hidden=\"true\" title=\"Este campo est\u00e1 oculto cuando se visualiza el formulario\"><\/i><span>Este campo est\u00e1 oculto cuando se visualiza el formulario<\/span><\/div><label class='gfield_label gform-field-label' for='input_1_17'>Pa\u00eds<span class=\"gfield_required\"><span class=\"gfield_required gfield_required_asterisk\">*<\/span><\/span><\/label><div class='ginput_container ginput_container_text'><input name='input_17' id='input_1_17' type='text' value='Espa\u00f1a' class='large'     aria-required=\"true\" aria-invalid=\"false\"   \/><\/div><\/div><div id=\"field_1_18\" class=\"gfield gfield--type-text gfield--input-type-text gfield--width-full idcampana field_sublabel_below gfield--no-description field_description_below field_validation_below gfield_visibility_hidden\"  ><div class=\"admin-hidden-markup\"><i class=\"gform-icon gform-icon--hidden\" aria-hidden=\"true\" title=\"Este campo est\u00e1 oculto cuando se visualiza el formulario\"><\/i><span>Este campo est\u00e1 oculto cuando se visualiza el formulario<\/span><\/div><label class='gfield_label gform-field-label' for='input_1_18'>ID Campa\u00f1a<\/label><div class='ginput_container ginput_container_text'><input name='input_18' id='input_1_18' type='text' value='' class='large'      aria-invalid=\"false\"   \/><\/div><\/div><div id=\"field_1_23\" class=\"gfield gfield--type-text gfield--input-type-text gfield--width-full idsalesforce field_sublabel_below gfield--no-description field_description_below field_validation_below gfield_visibility_hidden\"  ><div class=\"admin-hidden-markup\"><i class=\"gform-icon gform-icon--hidden\" aria-hidden=\"true\" title=\"Este campo est\u00e1 oculto cuando se visualiza el formulario\"><\/i><span>Este campo est\u00e1 oculto cuando se visualiza el formulario<\/span><\/div><label class='gfield_label gform-field-label' for='input_1_23'>ID Salesforce<\/label><div class='ginput_container ginput_container_text'><input name='input_23' id='input_1_23' type='text' value='' class='large'      aria-invalid=\"false\"   \/><\/div><\/div><div id=\"field_1_24\" class=\"gfield gfield--type-text gfield--input-type-text gfield--width-full errorsalesforce field_sublabel_below gfield--no-description field_description_below field_validation_below gfield_visibility_hidden\"  ><div class=\"admin-hidden-markup\"><i class=\"gform-icon gform-icon--hidden\" aria-hidden=\"true\" title=\"Este campo est\u00e1 oculto cuando se visualiza el formulario\"><\/i><span>Este campo est\u00e1 oculto cuando se visualiza el formulario<\/span><\/div><label class='gfield_label gform-field-label' for='input_1_24'>Error Salesforce<\/label><div class='ginput_container ginput_container_text'><input name='input_24' id='input_1_24' type='text' value='' class='large'      aria-invalid=\"false\"   \/><\/div><\/div><div id=\"field_1_19\" class=\"gfield gfield--type-text gfield--input-type-text gfield--width-full asunto gfield_contains_required field_sublabel_below gfield--no-description field_description_below field_validation_below gfield_visibility_hidden\"  ><div class=\"admin-hidden-markup\"><i class=\"gform-icon gform-icon--hidden\" aria-hidden=\"true\" title=\"Este campo est\u00e1 oculto cuando se visualiza el formulario\"><\/i><span>Este campo est\u00e1 oculto cuando se visualiza el formulario<\/span><\/div><label class='gfield_label gform-field-label' for='input_1_19'>Asunto<span class=\"gfield_required\"><span class=\"gfield_required gfield_required_asterisk\">*<\/span><\/span><\/label><div class='ginput_container ginput_container_text'><input name='input_19' id='input_1_19' type='text' value='Solicitud de una demo Educamos' class='large'     aria-required=\"true\" aria-invalid=\"false\"   \/><\/div><\/div><div id=\"field_1_21\" class=\"gfield gfield--type-text gfield--input-type-text gfield--width-full descripcion gfield_contains_required field_sublabel_below gfield--no-description field_description_below field_validation_below gfield_visibility_hidden\"  ><div class=\"admin-hidden-markup\"><i class=\"gform-icon gform-icon--hidden\" aria-hidden=\"true\" title=\"Este campo est\u00e1 oculto cuando se visualiza el formulario\"><\/i><span>Este campo est\u00e1 oculto cuando se visualiza el formulario<\/span><\/div><label class='gfield_label gform-field-label' for='input_1_21'>Descripcion<span class=\"gfield_required\"><span class=\"gfield_required gfield_required_asterisk\">*<\/span><\/span><\/label><div class='ginput_container ginput_container_text'><input name='input_21' id='input_1_21' type='text' value='\u00a1Nueva solicitud de informaci\u00f3n de Educamos! Tienes una nueva tarea porque este candidato\/contacto ha dejado sus datos en la web educamos.com solicitando una demo. Con la intenci\u00f3n de que las solicitudes no se enfr\u00eden, es importante que gestionemos r\u00e1pidamente este tipo de tareas. Por tanto, tan pronto como sea posible, ponte en contacto con \u00e9l para informarle acerca de Educamos y atender posibles consultas. Recuerda que debes ir notificando en Salesforce el estado de la tarea; marca &quot;en curso&quot; mientras la gestionas y &quot;completada&quot; una vez la hayas terminado.   \u00a1Muchas gracias!' class='large'     aria-required=\"true\" aria-invalid=\"false\"   \/><\/div><\/div><div id=\"field_1_25\" class=\"gfield gfield--type-text gfield--input-type-text gfield--width-full field_sublabel_below gfield--no-description field_description_below field_validation_below gfield_visibility_hidden\"  ><div class=\"admin-hidden-markup\"><i class=\"gform-icon gform-icon--hidden\" aria-hidden=\"true\" title=\"Este campo est\u00e1 oculto cuando se visualiza el formulario\"><\/i><span>Este campo est\u00e1 oculto cuando se visualiza el formulario<\/span><\/div><label class='gfield_label gform-field-label' for='input_1_25'>Url de origen<\/label><div class='ginput_container ginput_container_text'><input name='input_25' id='input_1_25' type='text' value='https:\/\/educamos.com\/es\/wp-json\/wp\/v2\/pages\/1116' class='large'      aria-invalid=\"false\"   \/><\/div><\/div><div id=\"field_1_26\" class=\"gfield gfield--type-text gfield--input-type-text gfield--width-full field_sublabel_below gfield--no-description field_description_below field_validation_below gfield_visibility_hidden\"  ><div class=\"admin-hidden-markup\"><i class=\"gform-icon gform-icon--hidden\" aria-hidden=\"true\" title=\"Este campo est\u00e1 oculto cuando se visualiza el formulario\"><\/i><span>Este campo est\u00e1 oculto cuando se visualiza el formulario<\/span><\/div><label class='gfield_label gform-field-label' for='input_1_26'>Fecha<\/label><div class='ginput_container ginput_container_text'><input name='input_26' id='input_1_26' type='text' value='05\/03\/2026' class='large'      aria-invalid=\"false\"   \/><\/div><\/div><\/div><\/div>\n        <div class='gform-footer gform_footer top_label'> <input type='submit' id='gform_submit_button_1' class='gform_button button' onclick='gform.submission.handleButtonClick(this);' data-submission-type='submit' value='Enviar'  \/> <input type='hidden' name='gform_ajax' value='form_id=1&amp;title=&amp;description=&amp;tabindex=0&amp;theme=gravity-theme&amp;styles=[]&amp;hash=bde3598043eecdf3e196dbf72ef5b83d' \/>\n            <input type='hidden' class='gform_hidden' name='gform_submission_method' data-js='gform_submission_method_1' value='iframe' \/>\n            <input type='hidden' class='gform_hidden' name='gform_theme' data-js='gform_theme_1' id='gform_theme_1' value='gravity-theme' \/>\n            <input type='hidden' class='gform_hidden' name='gform_style_settings' data-js='gform_style_settings_1' id='gform_style_settings_1' value='[]' \/>\n            <input type='hidden' class='gform_hidden' name='is_submit_1' value='1' \/>\n            <input type='hidden' class='gform_hidden' name='gform_submit' value='1' \/>\n            \n            <input type='hidden' class='gform_hidden' name='gform_currency' data-currency='EUR' value='R5tURob\/+2JLSPH9h6lksIgXgD14jH+VZLEsNOzt7xYdMcVmjnGQDHrI831AkF7GVNcIjsNFRObnCMS0jFOL1nsF5o53wtC1my3pqFzEF2Y6f6Q=' \/>\n            <input type='hidden' class='gform_hidden' name='gform_unique_id' value='' \/>\n            <input type='hidden' class='gform_hidden' name='state_1' value='WyJ7XCIyN1wiOltcImZlMDgxMjQ4NTJmZTFmNzZjNDA2ZmNkZTYxMzhjYjVjXCIsXCI1NDAzZjAxOTFlZTAwZTNlNjhlNTg2MTNkNmQzZjJiMVwiLFwiNmU1M2YxODdjOTUzMTZjZmNlYTk1MGQyZTc1ZWU4YmJcIixcIjdjNGIwZjIzZGI0MzA5ZGM3NTcxNDhlODNhMzBlNDRhXCIsXCJjMjg2MGZlNGVjNDhmYzYxYmNjNjM3MjcwNzdkODEyOVwiLFwiMDk5NmQzYzU3NjEwZTU1Yzk0Yzg1ODk0NjhmM2NiMjlcIixcImUzMmJjNjExM2Q2ZmI4ZTkwNjE3MTM4ZDMxNGVjZDk4XCIsXCJlZmU1Zjc1MWNmMGIyNzE2N2M4ZGEyNDZjNzY4Y2VkYlwiLFwiNDg1ZjU3YjA2YWM3Y2UxNDBmNTYxYWQyNWExM2EwNjVcIl0sXCIyMlwiOltcIjRiOWM2ZDc2OWVhN2YxMDMxMjA1NjcyYzViOGJlYmE1XCIsXCI1NzI0ZWNkOTI2NGJiOWY3NjFkMGJlYjM3NjhjMDEwNFwiXX0iLCIzODUxMWM3NjRiY2YyMDI3M2YzYTgzMTAzNDVlNjllNiJd' \/>\n            <input type='hidden' autocomplete='off' class='gform_hidden' name='gform_target_page_number_1' id='gform_target_page_number_1' value='0' \/>\n            <input type='hidden' autocomplete='off' class='gform_hidden' name='gform_source_page_number_1' id='gform_source_page_number_1' value='1' \/>\n            <input type='hidden' name='gform_field_values' value='pais=Espa%C3%B1a&amp;idcampana=&amp;respuesta=' \/>\n            \n        <\/div>\n                        <\/form>\n                        <\/div>\n\t\t                <iframe style='display:none;width:0px;height:0px;' src='about:blank' name='gform_ajax_frame_1' id='gform_ajax_frame_1' title='Este iframe contiene la l\u00f3gica necesaria para gestionar formularios con ajax activado.'><\/iframe>\n\t\t                <script type=\"text\/javascript\">\n\/* <![CDATA[ *\/\n gform.initializeOnLoaded( function() {gformInitSpinner( 1, 'https:\/\/educamos.com\/wp-content\/plugins\/gravityforms\/images\/spinner.svg', true );jQuery('#gform_ajax_frame_1').on('load',function(){var contents = jQuery(this).contents().find('*').html();var is_postback = contents.indexOf('GF_AJAX_POSTBACK') >= 0;if(!is_postback){return;}var form_content = jQuery(this).contents().find('#gform_wrapper_1');var is_confirmation = jQuery(this).contents().find('#gform_confirmation_wrapper_1').length > 0;var is_redirect = contents.indexOf('gformRedirect(){') >= 0;var is_form = form_content.length > 0 && ! is_redirect && ! is_confirmation;var mt = parseInt(jQuery('html').css('margin-top'), 10) + parseInt(jQuery('body').css('margin-top'), 10) + 100;if(is_form){form_content.find('form').css('opacity', 0);jQuery('#gform_wrapper_1').html(form_content.html());if(form_content.hasClass('gform_validation_error')){jQuery('#gform_wrapper_1').addClass('gform_validation_error');} else {jQuery('#gform_wrapper_1').removeClass('gform_validation_error');}setTimeout( function() { \/* delay the scroll by 50 milliseconds to fix a bug in chrome *\/ jQuery(document).scrollTop(jQuery('#gform_wrapper_1').offset().top - mt); }, 50 );if(window['gformInitDatepicker']) {gformInitDatepicker();}if(window['gformInitPriceFields']) {gformInitPriceFields();}var current_page = jQuery('#gform_source_page_number_1').val();gformInitSpinner( 1, 'https:\/\/educamos.com\/wp-content\/plugins\/gravityforms\/images\/spinner.svg', true );jQuery(document).trigger('gform_page_loaded', [1, current_page]);window['gf_submitting_1'] = false;}else if(!is_redirect){var confirmation_content = jQuery(this).contents().find('.GF_AJAX_POSTBACK').html();if(!confirmation_content){confirmation_content = contents;}jQuery('#gform_wrapper_1').replaceWith(confirmation_content);jQuery(document).scrollTop(jQuery('#gf_1').offset().top - mt);jQuery(document).trigger('gform_confirmation_loaded', [1]);window['gf_submitting_1'] = false;wp.a11y.speak(jQuery('#gform_confirmation_message_1').text());}else{jQuery('#gform_1').append(contents);if(window['gformRedirect']) {gformRedirect();}}jQuery(document).trigger(\"gform_pre_post_render\", [{ formId: \"1\", currentPage: \"current_page\", abort: function() { this.preventDefault(); } }]);        if (event && event.defaultPrevented) {                return;        }        const gformWrapperDiv = document.getElementById( \"gform_wrapper_1\" );        if ( gformWrapperDiv ) {            const visibilitySpan = document.createElement( \"span\" );            visibilitySpan.id = \"gform_visibility_test_1\";            gformWrapperDiv.insertAdjacentElement( \"afterend\", visibilitySpan );        }        const visibilityTestDiv = document.getElementById( \"gform_visibility_test_1\" );        let postRenderFired = false;        function triggerPostRender() {            if ( postRenderFired ) {                return;            }            postRenderFired = true;            gform.core.triggerPostRenderEvents( 1, current_page );            if ( visibilityTestDiv ) {                visibilityTestDiv.parentNode.removeChild( visibilityTestDiv );            }        }        function debounce( func, wait, immediate ) {            var timeout;            return function() {                var context = this, args = arguments;                var later = function() {                    timeout = null;                    if ( !immediate ) func.apply( context, args );                };                var callNow = immediate && !timeout;                clearTimeout( timeout );                timeout = setTimeout( later, wait );                if ( callNow ) func.apply( context, args );            };        }        const debouncedTriggerPostRender = debounce( function() {            triggerPostRender();        }, 200 );        if ( visibilityTestDiv && visibilityTestDiv.offsetParent === null ) {            const observer = new MutationObserver( ( mutations ) => {                mutations.forEach( ( mutation ) => {                    if ( mutation.type === 'attributes' && visibilityTestDiv.offsetParent !== null ) {                        debouncedTriggerPostRender();                        observer.disconnect();                    }                });            });            observer.observe( document.body, {                attributes: true,                childList: false,                subtree: true,                attributeFilter: [ 'style', 'class' ],            });        } else {            triggerPostRender();        }    } );} ); \n\/* ]]> *\/\n<\/script>\n\n                        <\/div>\n\n                    <\/div>\n                <\/div>\n            <\/div>\n        <\/div>\n    <\/section>\n\n    \t\t\t\t<\/div>\n\t\t\t\t<\/div>\n\t\t\t\t\t<\/div>\n\t\t<\/div>\n\t\t\t\t\t<\/div>\n\t\t<\/section>\n\t\t\t\t<section class=\"elementor-section elementor-top-section elementor-element elementor-element-54c9c3aa elementor-section-full_width elementor-section-height-default elementor-section-height-default\" data-id=\"54c9c3aa\" data-element_type=\"section\" data-e-type=\"section\">\n\t\t\t\t\t\t<div class=\"elementor-container elementor-column-gap-default\">\n\t\t\t\t\t<div class=\"elementor-column elementor-col-100 elementor-top-column elementor-element elementor-element-328073cf\" data-id=\"328073cf\" data-element_type=\"column\" data-e-type=\"column\">\n\t\t\t<div class=\"elementor-widget-wrap elementor-element-populated\">\n\t\t\t\t\t\t<div class=\"elementor-element elementor-element-50179567 elementor-widget elementor-widget-html\" data-id=\"50179567\" data-element_type=\"widget\" data-e-type=\"widget\" data-widget_type=\"html.default\">\n\t\t\t\t<div class=\"elementor-widget-container\">\n\t\t\t\t\t<style type=\"text\/css\">\n    @media (max-width: 767px) {\n        .faqs .bloque-desplegable .accordion-item .accordion-button {\n            font-size: initial !important;\n        }\n        .faqs .bloque-desplegable .accordion-item .accordion-button:after {\n            top: 1rem;\n        }\n    }\n    @media (min-width: 768px) {\n        .faqs .bloque-desplegable .accordion-item .accordion-button {\n            font-size: initial !important;\n            font-weight: 700 !important;\n        }\n        .faqs .bloque-desplegable .accordion-item .accordion-body .the_content {\n            padding-right: 1.5rem;\n        }\n        .faqs .bloque-desplegable .accordion-item .accordion-button:after {\n            top: 1rem;\n        }\n    }\n    @media (min-width: 992px) {\n        .faqs .bloque-desplegable .accordion-item .accordion-button:after {\n            top: 1.5rem;\n        }\n    }\n    @media (min-width: 1200px) {\n        .faqs .bloque-desplegable .accordion-item .accordion-button:after {\n            top: 1.5rem;\n        }\n    }\n    @media (min-width: 1400px) {\n        .faqs .bloque-desplegable .accordion-item .accordion-button:after {\n            top: 1.5rem;\n        }\n    }\n<\/style>\t\t\t\t<\/div>\n\t\t\t\t<\/div>\n\t\t\t\t<div class=\"elementor-element elementor-element-227b9e43 faqs elementor-widget elementor-widget-bloque-desplegables\" data-id=\"227b9e43\" data-element_type=\"widget\" data-e-type=\"widget\" data-widget_type=\"bloque-desplegables.default\">\n\t\t\t\t<div class=\"elementor-widget-container\">\n\t\t\t\t\t        <!-- Bloque contenidos: Desplegables -->\n        <section class=\"bloque bloque-desplegable \">\n            <div class=\"container\">\n                <h2 class=\"titulos\" data-aos=\"fade-left\" data-aos-duration=\"700\">FAQs<\/h2>                <div class=\"estrecho2\">\n                    <div class=\"row\">\n                        <div class=\"col-12\" data-aos=\"fade-up\" data-aos-duration=\"700\">\n                            <!-- Acordeon -->\n                                                        <div class=\"accordion\" id=\"bloqueDesplegables-tlxfpwzofhtekfetv\">\n                                                                    <div class=\"accordion-item\">\n                                        <h3 class=\"accordion-header\" id=\"bd-heading-sadpwhpcqr\">\n                                            <button class=\"accordion-button \" type=\"button\" data-bs-toggle=\"collapse\" data-bs-target=\"#bd-collapse-sadpwhpcqr\" aria-expanded=\"true\" aria-controls=\"bd-collapse-sadpwhpcqr\">\u00bfQu\u00e9 es Educamos y para qu\u00e9 sirve?<\/button>\n                                        <\/h3>\n                                        <div id=\"bd-collapse-sadpwhpcqr\" class=\"accordion-collapse collapse show\" aria-labelledby=\"bd-heading-sadpwhpcqr\" data-bs-parent=\"#bloqueDesplegables-tlxfpwzofhtekfetv\">\n                                            <div class=\"accordion-body\">\n                                                <div class=\"the_content\">\n                                                    <p>Educamos es una <b>plataforma educativa<\/b> integral que conecta a toda la comunidad escolar: directivos, docentes, alumnado y familias. Facilita la <b>gesti\u00f3n escolar<\/b>, la planificaci\u00f3n pedag\u00f3gica y la comunicaci\u00f3n diaria, todo desde un entorno digital seguro y accesible desde cualquier dispositivo.<\/p>                                                <\/div>\n                                            <\/div>\n                                        <\/div>\n                                    <\/div>\n                                                                    <div class=\"accordion-item\">\n                                        <h3 class=\"accordion-header\" id=\"bd-heading-bmvkerioxa\">\n                                            <button class=\"accordion-button collapsed\" type=\"button\" data-bs-toggle=\"collapse\" data-bs-target=\"#bd-collapse-bmvkerioxa\" aria-expanded=\"true\" aria-controls=\"bd-collapse-bmvkerioxa\">\u00bfQu\u00e9 funcionalidades ofrece Educamos?<\/button>\n                                        <\/h3>\n                                        <div id=\"bd-collapse-bmvkerioxa\" class=\"accordion-collapse collapse \" aria-labelledby=\"bd-heading-bmvkerioxa\" data-bs-parent=\"#bloqueDesplegables-tlxfpwzofhtekfetv\">\n                                            <div class=\"accordion-body\">\n                                                <div class=\"the_content\">\n                                                    <p>Educamos ofrece un ecosistema completo de funcionalidades:<\/p><ul><li aria-level=\"1\"><b>Gesti\u00f3n escolar<\/b> acad\u00e9mica, administrativa y econ\u00f3mica<\/li><li aria-level=\"1\">Evaluaci\u00f3n por competencias<\/li><li aria-level=\"1\">Comunicaci\u00f3n con familias y alumnado<\/li><li aria-level=\"1\"><b>Entorno virtual de aprendizaje<\/b> (EVA)<\/li><li aria-level=\"1\">Control de asistencia y conducta<\/li><li aria-level=\"1\">Informes y anal\u00edticas<\/li><li aria-level=\"1\">Integraci\u00f3n con otros sistemas<\/li><li aria-level=\"1\">Acceso a recursos digitales educativos<\/li><\/ul>                                                <\/div>\n                                            <\/div>\n                                        <\/div>\n                                    <\/div>\n                                                                    <div class=\"accordion-item\">\n                                        <h3 class=\"accordion-header\" id=\"bd-heading-mlowpsocmi\">\n                                            <button class=\"accordion-button collapsed\" type=\"button\" data-bs-toggle=\"collapse\" data-bs-target=\"#bd-collapse-mlowpsocmi\" aria-expanded=\"true\" aria-controls=\"bd-collapse-mlowpsocmi\">\u00bfA qu\u00e9 tipo de centros educativos est\u00e1 dirigido Educamos?<\/button>\n                                        <\/h3>\n                                        <div id=\"bd-collapse-mlowpsocmi\" class=\"accordion-collapse collapse \" aria-labelledby=\"bd-heading-mlowpsocmi\" data-bs-parent=\"#bloqueDesplegables-tlxfpwzofhtekfetv\">\n                                            <div class=\"accordion-body\">\n                                                <div class=\"the_content\">\n                                                    <p>Educamos est\u00e1 pensado para <b>colegios<\/b>, <b>escuelas<\/b> y <b>centros educativos<\/b> de todos los niveles, desde Infantil hasta Bachillerato y Formaci\u00f3n Profesional. Su flexibilidad lo hace adaptable a distintas realidades y modelos pedag\u00f3gicos.<\/p>                                                <\/div>\n                                            <\/div>\n                                        <\/div>\n                                    <\/div>\n                                                                    <div class=\"accordion-item\">\n                                        <h3 class=\"accordion-header\" id=\"bd-heading-sppcyqaain\">\n                                            <button class=\"accordion-button collapsed\" type=\"button\" data-bs-toggle=\"collapse\" data-bs-target=\"#bd-collapse-sppcyqaain\" aria-expanded=\"true\" aria-controls=\"bd-collapse-sppcyqaain\">\u00bfEs Educamos un software educativo seguro y confiable?<\/button>\n                                        <\/h3>\n                                        <div id=\"bd-collapse-sppcyqaain\" class=\"accordion-collapse collapse \" aria-labelledby=\"bd-heading-sppcyqaain\" data-bs-parent=\"#bloqueDesplegables-tlxfpwzofhtekfetv\">\n                                            <div class=\"accordion-body\">\n                                                <div class=\"the_content\">\n                                                    <p>S\u00ed. Educamos es un <b>software para centros educativos<\/b> que cumple con la normativa vigente en materia de protecci\u00f3n de datos y seguridad digital. Cada usuario accede con perfiles personalizados, y toda la informaci\u00f3n se gestiona con protocolos de m\u00e1xima seguridad.<\/p>                                                <\/div>\n                                            <\/div>\n                                        <\/div>\n                                    <\/div>\n                                                                    <div class=\"accordion-item\">\n                                        <h3 class=\"accordion-header\" id=\"bd-heading-erxsotedux\">\n                                            <button class=\"accordion-button collapsed\" type=\"button\" data-bs-toggle=\"collapse\" data-bs-target=\"#bd-collapse-erxsotedux\" aria-expanded=\"true\" aria-controls=\"bd-collapse-erxsotedux\">\u00bfQu\u00e9 ventajas ofrece Educamos frente a otras plataformas educativas?<\/button>\n                                        <\/h3>\n                                        <div id=\"bd-collapse-erxsotedux\" class=\"accordion-collapse collapse \" aria-labelledby=\"bd-heading-erxsotedux\" data-bs-parent=\"#bloqueDesplegables-tlxfpwzofhtekfetv\">\n                                            <div class=\"accordion-body\">\n                                                <div class=\"the_content\">\n                                                    <p>A diferencia de otros sistemas, Educamos integra en una \u00fanica <b>plataforma educativa<\/b> la <b>gesti\u00f3n de centros educativos<\/b>, el seguimiento pedag\u00f3gico y la comunicaci\u00f3n. Adem\u00e1s, ofrece acompa\u00f1amiento especializado, actualizaciones constantes y herramientas adaptadas al contexto escolar espa\u00f1ol.<\/p>                                                <\/div>\n                                            <\/div>\n                                        <\/div>\n                                    <\/div>\n                                                                    <div class=\"accordion-item\">\n                                        <h3 class=\"accordion-header\" id=\"bd-heading-yeqqtmpngf\">\n                                            <button class=\"accordion-button collapsed\" type=\"button\" data-bs-toggle=\"collapse\" data-bs-target=\"#bd-collapse-yeqqtmpngf\" aria-expanded=\"true\" aria-controls=\"bd-collapse-yeqqtmpngf\">\u00bfC\u00f3mo mejora Educamos la comunicaci\u00f3n con las familias?<\/button>\n                                        <\/h3>\n                                        <div id=\"bd-collapse-yeqqtmpngf\" class=\"accordion-collapse collapse \" aria-labelledby=\"bd-heading-yeqqtmpngf\" data-bs-parent=\"#bloqueDesplegables-tlxfpwzofhtekfetv\">\n                                            <div class=\"accordion-body\">\n                                                <div class=\"the_content\">\n                                                    <p>La <b>plataforma<\/b> facilita una comunicaci\u00f3n directa, segura y personalizada con las familias. A trav\u00e9s del portal web o la app, se pueden enviar notificaciones, compartir calificaciones, tareas, mensajes o convocatorias, fortaleciendo la relaci\u00f3n entre escuela y hogar.<\/p>                                                <\/div>\n                                            <\/div>\n                                        <\/div>\n                                    <\/div>\n                                                                    <div class=\"accordion-item\">\n                                        <h3 class=\"accordion-header\" id=\"bd-heading-gdjoolzkgw\">\n                                            <button class=\"accordion-button collapsed\" type=\"button\" data-bs-toggle=\"collapse\" data-bs-target=\"#bd-collapse-gdjoolzkgw\" aria-expanded=\"true\" aria-controls=\"bd-collapse-gdjoolzkgw\">\u00bfQu\u00e9 tipo de soporte ofrece Educamos a los colegios?<\/button>\n                                        <\/h3>\n                                        <div id=\"bd-collapse-gdjoolzkgw\" class=\"accordion-collapse collapse \" aria-labelledby=\"bd-heading-gdjoolzkgw\" data-bs-parent=\"#bloqueDesplegables-tlxfpwzofhtekfetv\">\n                                            <div class=\"accordion-body\">\n                                                <div class=\"the_content\">\n                                                    <p>Educamos proporciona formaci\u00f3n continua, asistencia t\u00e9cnica y acompa\u00f1amiento pedag\u00f3gico. Su equipo de soporte est\u00e1 formado por expertos en tecnolog\u00eda educativa y <b>gesti\u00f3n educativa<\/b>, lo que garantiza una implementaci\u00f3n exitosa y un uso eficiente de la plataforma.<\/p>                                                <\/div>\n                                            <\/div>\n                                        <\/div>\n                                    <\/div>\n                                                                    <div class=\"accordion-item\">\n                                        <h3 class=\"accordion-header\" id=\"bd-heading-hvfkoeircg\">\n                                            <button class=\"accordion-button collapsed\" type=\"button\" data-bs-toggle=\"collapse\" data-bs-target=\"#bd-collapse-hvfkoeircg\" aria-expanded=\"true\" aria-controls=\"bd-collapse-hvfkoeircg\">\u00bfEs compatible Educamos con otros sistemas tecnol\u00f3gicos del centro?<\/button>\n                                        <\/h3>\n                                        <div id=\"bd-collapse-hvfkoeircg\" class=\"accordion-collapse collapse \" aria-labelledby=\"bd-heading-hvfkoeircg\" data-bs-parent=\"#bloqueDesplegables-tlxfpwzofhtekfetv\">\n                                            <div class=\"accordion-body\">\n                                                <div class=\"the_content\">\n                                                    <p>S\u00ed. La <b>plataforma educativa<\/b> est\u00e1 dise\u00f1ada para integrarse con otros <b>sistemas tecnol\u00f3gicos<\/b> que utilice el centro, como soluciones contables, plataformas de contenidos o herramientas de evaluaci\u00f3n externas, facilitando la interoperabilidad.<\/p>                                                <\/div>\n                                            <\/div>\n                                        <\/div>\n                                    <\/div>\n                                                                    <div class=\"accordion-item\">\n                                        <h3 class=\"accordion-header\" id=\"bd-heading-rptcxjcgpr\">\n                                            <button class=\"accordion-button collapsed\" type=\"button\" data-bs-toggle=\"collapse\" data-bs-target=\"#bd-collapse-rptcxjcgpr\" aria-expanded=\"true\" aria-controls=\"bd-collapse-rptcxjcgpr\">\u00bfEst\u00e1 Educamos adaptado a la LOMLOE y a otras normativas educativas?<\/button>\n                                        <\/h3>\n                                        <div id=\"bd-collapse-rptcxjcgpr\" class=\"accordion-collapse collapse \" aria-labelledby=\"bd-heading-rptcxjcgpr\" data-bs-parent=\"#bloqueDesplegables-tlxfpwzofhtekfetv\">\n                                            <div class=\"accordion-body\">\n                                                <div class=\"the_content\">\n                                                    <p>S\u00ed. La plataforma se adapta a la LOMLOE y a las normativas espec\u00edficas de cada comunidad aut\u00f3noma. Educamos permite configurar estructuras curriculares, criterios de evaluaci\u00f3n y competencias conforme a los marcos normativos actuales.<\/p>                                                <\/div>\n                                            <\/div>\n                                        <\/div>\n                                    <\/div>\n                                                                    <div class=\"accordion-item\">\n                                        <h3 class=\"accordion-header\" id=\"bd-heading-xcwlhewhwa\">\n                                            <button class=\"accordion-button collapsed\" type=\"button\" data-bs-toggle=\"collapse\" data-bs-target=\"#bd-collapse-xcwlhewhwa\" aria-expanded=\"true\" aria-controls=\"bd-collapse-xcwlhewhwa\">\u00bfQu\u00e9 recursos educativos digitales incluye Educamos?<\/button>\n                                        <\/h3>\n                                        <div id=\"bd-collapse-xcwlhewhwa\" class=\"accordion-collapse collapse \" aria-labelledby=\"bd-heading-xcwlhewhwa\" data-bs-parent=\"#bloqueDesplegables-tlxfpwzofhtekfetv\">\n                                            <div class=\"accordion-body\">\n                                                <div class=\"the_content\">\n                                                    <p>Educamos ofrece acceso a m\u00faltiples <b>recursos digitales educativos<\/b>, entre ellos contenidos interactivos, r\u00fabricas, bancos de actividades, materiales complementarios y herramientas de autor, todo integrado en la <b>plataforma educativa<\/b> y alineado con el curr\u00edculo.<\/p>                                                <\/div>\n                                            <\/div>\n                                        <\/div>\n                                    <\/div>\n                                                            <\/div>\n                                                        <!-- \/ -->\n                        <\/div>\n                    <\/div>\n                <\/div>\n            <\/div>\n        <\/section>\n\t\t\t\t\t\t<\/div>\n\t\t\t\t<\/div>\n\t\t\t\t\t<\/div>\n\t\t<\/div>\n\t\t\t\t\t<\/div>\n\t\t<\/section>\n\t\t\t\t<\/div>\n\t\t","protected":false},"excerpt":{"rendered":"<p>Solicitar informaci\u00f3nM\u00e1s info Abrir men\u00fa Cerrar men\u00fa Educamos \u00bfQu\u00e9 es? \u00bfPor qu\u00e9? Educamos Makers Contacto Funcionalidades Anal\u00edtica de datos Comunicaci\u00f3n del centro Gesti\u00f3n del centro Innovaci\u00f3n pedag\u00f3gica Beneficios para Centros educativos Red de escuelas Docentes Familias Alumnos\/as Formaci\u00f3n Profesional Insights Blog Ebooks Clientes Comunidad Educamos Makers La plataforma educativa l\u00edder en gesti\u00f3n escolar para centros [&hellip;]<\/p>\n","protected":false},"author":1,"featured_media":9501,"parent":0,"menu_order":0,"comment_status":"closed","ping_status":"closed","template":"","meta":{"_acf_changed":false,"footnotes":""},"class_list":["post-1116","page","type-page","status-publish","has-post-thumbnail","hentry"],"acf":[],"yoast_head":"<!-- This site is optimized with the Yoast SEO plugin v27.0 - https:\/\/yoast.com\/product\/yoast-seo-wordpress\/ -->\n<title>Educamos: el software l\u00edder en gesti\u00f3n escolar para colegios<\/title>\n<meta name=\"description\" content=\"M\u00e1s de 1.600 centros educativos conf\u00edan en Educamos, la plataforma educativa que transforma la gesti\u00f3n de centros escolares y potencia la innovaci\u00f3n digital.\" \/>\n<meta name=\"robots\" content=\"index, follow, max-snippet:-1, max-image-preview:large, max-video-preview:-1\" \/>\n<link rel=\"canonical\" href=\"https:\/\/educamos.com\/es\/\" \/>\n<meta property=\"og:locale\" content=\"es_ES\" \/>\n<meta property=\"og:type\" content=\"article\" \/>\n<meta property=\"og:title\" content=\"Educamos: el software l\u00edder en gesti\u00f3n escolar para colegios\" \/>\n<meta property=\"og:description\" content=\"M\u00e1s de 1.600 centros educativos conf\u00edan en Educamos, la plataforma educativa que transforma la gesti\u00f3n de centros escolares y potencia la innovaci\u00f3n digital.\" \/>\n<meta property=\"og:url\" content=\"https:\/\/educamos.com\/es\/\" \/>\n<meta property=\"og:site_name\" content=\"Educamos\" \/>\n<meta property=\"article:modified_time\" content=\"2026-03-16T10:54:03+00:00\" \/>\n<meta property=\"og:image\" content=\"https:\/\/educamos.com\/wp-content\/uploads\/2023\/01\/rrss_generica_02-min.png\" \/>\n\t<meta property=\"og:image:width\" content=\"1200\" \/>\n\t<meta property=\"og:image:height\" content=\"600\" \/>\n\t<meta property=\"og:image:type\" content=\"image\/png\" \/>\n<meta name=\"twitter:card\" content=\"summary_large_image\" \/>\n<meta name=\"twitter:label1\" content=\"Tiempo de lectura\" \/>\n\t<meta name=\"twitter:data1\" content=\"24 minutos\" \/>\n<script type=\"application\/ld+json\" class=\"yoast-schema-graph\">{\"@context\":\"https:\/\/schema.org\",\"@graph\":[{\"@type\":\"WebPage\",\"@id\":\"https:\/\/educamos.com\/es\/\",\"url\":\"https:\/\/educamos.com\/es\/\",\"name\":\"Educamos: el software l\u00edder en gesti\u00f3n escolar para colegios\",\"isPartOf\":{\"@id\":\"https:\/\/educamos.com\/es\/#website\"},\"primaryImageOfPage\":{\"@id\":\"https:\/\/educamos.com\/es\/#primaryimage\"},\"image\":{\"@id\":\"https:\/\/educamos.com\/es\/#primaryimage\"},\"thumbnailUrl\":\"https:\/\/educamos.com\/wp-content\/uploads\/2023\/01\/rrss_generica_02-min.png\",\"datePublished\":\"2022-11-11T16:04:21+00:00\",\"dateModified\":\"2026-03-16T10:54:03+00:00\",\"description\":\"M\u00e1s de 1.600 centros educativos conf\u00edan en Educamos, la plataforma educativa que transforma la gesti\u00f3n de centros escolares y potencia la innovaci\u00f3n digital.\",\"breadcrumb\":{\"@id\":\"https:\/\/educamos.com\/es\/#breadcrumb\"},\"inLanguage\":\"es\",\"potentialAction\":[{\"@type\":\"ReadAction\",\"target\":[\"https:\/\/educamos.com\/es\/\"]}]},{\"@type\":\"ImageObject\",\"inLanguage\":\"es\",\"@id\":\"https:\/\/educamos.com\/es\/#primaryimage\",\"url\":\"https:\/\/educamos.com\/wp-content\/uploads\/2023\/01\/rrss_generica_02-min.png\",\"contentUrl\":\"https:\/\/educamos.com\/wp-content\/uploads\/2023\/01\/rrss_generica_02-min.png\",\"width\":1200,\"height\":600},{\"@type\":\"BreadcrumbList\",\"@id\":\"https:\/\/educamos.com\/es\/#breadcrumb\",\"itemListElement\":[{\"@type\":\"ListItem\",\"position\":1,\"name\":\"Inicio\",\"item\":\"https:\/\/educamos.com\/es\/\"},{\"@type\":\"ListItem\",\"position\":2,\"name\":\"Inicio\"}]},{\"@type\":\"WebSite\",\"@id\":\"https:\/\/educamos.com\/es\/#website\",\"url\":\"https:\/\/educamos.com\/es\/\",\"name\":\"Educamos\",\"description\":\"La escuela de hoy\",\"potentialAction\":[{\"@type\":\"SearchAction\",\"target\":{\"@type\":\"EntryPoint\",\"urlTemplate\":\"https:\/\/educamos.com\/es\/?s={search_term_string}\"},\"query-input\":{\"@type\":\"PropertyValueSpecification\",\"valueRequired\":true,\"valueName\":\"search_term_string\"}}],\"inLanguage\":\"es\"}]}<\/script>\n<!-- \/ Yoast SEO plugin. -->","yoast_head_json":{"title":"Educamos: el software l\u00edder en gesti\u00f3n escolar para colegios","description":"M\u00e1s de 1.600 centros educativos conf\u00edan en Educamos, la plataforma educativa que transforma la gesti\u00f3n de centros escolares y potencia la innovaci\u00f3n digital.","robots":{"index":"index","follow":"follow","max-snippet":"max-snippet:-1","max-image-preview":"max-image-preview:large","max-video-preview":"max-video-preview:-1"},"canonical":"https:\/\/educamos.com\/es\/","og_locale":"es_ES","og_type":"article","og_title":"Educamos: el software l\u00edder en gesti\u00f3n escolar para colegios","og_description":"M\u00e1s de 1.600 centros educativos conf\u00edan en Educamos, la plataforma educativa que transforma la gesti\u00f3n de centros escolares y potencia la innovaci\u00f3n digital.","og_url":"https:\/\/educamos.com\/es\/","og_site_name":"Educamos","article_modified_time":"2026-03-16T10:54:03+00:00","og_image":[{"width":1200,"height":600,"url":"https:\/\/educamos.com\/wp-content\/uploads\/2023\/01\/rrss_generica_02-min.png","type":"image\/png"}],"twitter_card":"summary_large_image","twitter_misc":{"Tiempo de lectura":"24 minutos"},"schema":{"@context":"https:\/\/schema.org","@graph":[{"@type":"WebPage","@id":"https:\/\/educamos.com\/es\/","url":"https:\/\/educamos.com\/es\/","name":"Educamos: el software l\u00edder en gesti\u00f3n escolar para colegios","isPartOf":{"@id":"https:\/\/educamos.com\/es\/#website"},"primaryImageOfPage":{"@id":"https:\/\/educamos.com\/es\/#primaryimage"},"image":{"@id":"https:\/\/educamos.com\/es\/#primaryimage"},"thumbnailUrl":"https:\/\/educamos.com\/wp-content\/uploads\/2023\/01\/rrss_generica_02-min.png","datePublished":"2022-11-11T16:04:21+00:00","dateModified":"2026-03-16T10:54:03+00:00","description":"M\u00e1s de 1.600 centros educativos conf\u00edan en Educamos, la plataforma educativa que transforma la gesti\u00f3n de centros escolares y potencia la innovaci\u00f3n digital.","breadcrumb":{"@id":"https:\/\/educamos.com\/es\/#breadcrumb"},"inLanguage":"es","potentialAction":[{"@type":"ReadAction","target":["https:\/\/educamos.com\/es\/"]}]},{"@type":"ImageObject","inLanguage":"es","@id":"https:\/\/educamos.com\/es\/#primaryimage","url":"https:\/\/educamos.com\/wp-content\/uploads\/2023\/01\/rrss_generica_02-min.png","contentUrl":"https:\/\/educamos.com\/wp-content\/uploads\/2023\/01\/rrss_generica_02-min.png","width":1200,"height":600},{"@type":"BreadcrumbList","@id":"https:\/\/educamos.com\/es\/#breadcrumb","itemListElement":[{"@type":"ListItem","position":1,"name":"Inicio","item":"https:\/\/educamos.com\/es\/"},{"@type":"ListItem","position":2,"name":"Inicio"}]},{"@type":"WebSite","@id":"https:\/\/educamos.com\/es\/#website","url":"https:\/\/educamos.com\/es\/","name":"Educamos","description":"La escuela de hoy","potentialAction":[{"@type":"SearchAction","target":{"@type":"EntryPoint","urlTemplate":"https:\/\/educamos.com\/es\/?s={search_term_string}"},"query-input":{"@type":"PropertyValueSpecification","valueRequired":true,"valueName":"search_term_string"}}],"inLanguage":"es"}]}},"_links":{"self":[{"href":"https:\/\/educamos.com\/es\/wp-json\/wp\/v2\/pages\/1116","targetHints":{"allow":["GET"]}}],"collection":[{"href":"https:\/\/educamos.com\/es\/wp-json\/wp\/v2\/pages"}],"about":[{"href":"https:\/\/educamos.com\/es\/wp-json\/wp\/v2\/types\/page"}],"author":[{"embeddable":true,"href":"https:\/\/educamos.com\/es\/wp-json\/wp\/v2\/users\/1"}],"replies":[{"embeddable":true,"href":"https:\/\/educamos.com\/es\/wp-json\/wp\/v2\/comments?post=1116"}],"version-history":[{"count":642,"href":"https:\/\/educamos.com\/es\/wp-json\/wp\/v2\/pages\/1116\/revisions"}],"predecessor-version":[{"id":29546,"href":"https:\/\/educamos.com\/es\/wp-json\/wp\/v2\/pages\/1116\/revisions\/29546"}],"wp:featuredmedia":[{"embeddable":true,"href":"https:\/\/educamos.com\/es\/wp-json\/wp\/v2\/media\/9501"}],"wp:attachment":[{"href":"https:\/\/educamos.com\/es\/wp-json\/wp\/v2\/media?parent=1116"}],"curies":[{"name":"wp","href":"https:\/\/api.w.org\/{rel}","templated":true}]}}