{"id":2009,"date":"2022-11-11T17:51:50","date_gmt":"2022-11-11T16:51:50","guid":{"rendered":"https:\/\/educamos.com\/?page_id=2009"},"modified":"2025-12-10T10:54:13","modified_gmt":"2025-12-10T09:54:13","slug":"que-es","status":"publish","type":"page","link":"https:\/\/educamos.com\/es\/que-es\/","title":{"rendered":"\u00bfQu\u00e9 es?"},"content":{"rendered":"\t\t<div data-elementor-type=\"wp-page\" data-elementor-id=\"2009\" class=\"elementor elementor-2009\" data-elementor-post-type=\"page\">\n\t\t\t\t\t\t<section class=\"elementor-section elementor-top-section elementor-element elementor-element-4ce7af0 elementor-section-full_width elementor-section-height-default elementor-section-height-default\" data-id=\"4ce7af0\" data-element_type=\"section\" data-e-type=\"section\">\n\t\t\t\t\t\t<div class=\"elementor-container elementor-column-gap-default\">\n\t\t\t\t\t<div class=\"elementor-column elementor-col-100 elementor-top-column elementor-element elementor-element-26279bf\" data-id=\"26279bf\" data-element_type=\"column\" data-e-type=\"column\">\n\t\t\t<div class=\"elementor-widget-wrap elementor-element-populated\">\n\t\t\t\t\t\t<div class=\"elementor-element elementor-element-b76377d elementor-widget elementor-widget-bloque-cabecera-menu\" data-id=\"b76377d\" data-element_type=\"widget\" data-e-type=\"widget\" data-widget_type=\"bloque-cabecera-menu.default\">\n\t\t\t\t<div class=\"elementor-widget-container\">\n\t\t\t\t\t        <!-- Encabezado -->\n        <header class=\"header \">\n            <div id=\"sticky_header\" class=\"sticky-header \">\n                <div class=\"container\">\n                    <div class=\"row\">\n                        <div class=\"col-12 d-flex justify-content-between align-items-center\">\n                            <div class=\"logo\"><a href=\"https:\/\/educamos.com\/es\/\"><img decoding=\"async\" src=\"https:\/\/educamos.com\/wp-content\/themes\/educamos\/images\/logotipo-2026.png\" class=\"img-fluid\" alt=\"Logotipo de Educamos\" \/><\/a><\/div>\n                                                            <div class=\"menu-header\">\n                                                                        <a href=\"\/es\/solicita-una-demo\" class=\"btn btn-primary demo\" title=\"Solicitar informaci\u00f3n\"><span class=\"d-none d-sm-block\">Solicitar informaci\u00f3n<\/span><span class=\"d-block d-sm-none\">M\u00e1s info<\/span><\/a>\n                                                                        <button data-target=\"#main_menu\" data-toggle=\"collapse\" class=\"navbar-toggle openMenu\" type=\"button\">\n                                        <i class=\"far fa-bars\"><\/i> <span class=\"sr-only\">Abrir men\u00fa<\/span>\n                                        <i class=\"far fa-times\"><\/i> <span class=\"sr-only\">Cerrar men\u00fa<\/span>    \n                                    <\/button>\n                                <\/div>\n\n                                <!-- MEGAMENU -->\n                                <div class=\"megamenu\">\n                                    <div class=\"container\">\n                                    <ul id=\"menu-menu-principal-espana\" class=\"dropdown-menu\" itemscope itemtype=\"http:\/\/www.schema.org\/SiteNavigationElement\"><li  id=\"menu-item-746\" class=\"menu-item menu-item-type-custom menu-item-object-custom menu-item-has-children dropdown menu-item-746 nav-item\"><a href=\"#\" aria-expanded=\"false\" class=\"dropdown-toggle nav-link\" id=\"menu-item-dropdown-746\" data-bs-toggle=\"dropdown\"><span itemprop=\"name\">Educamos<\/span><\/a>\n<ul class=\"dropdown-menu\" aria-labelledby=\"menu-item-dropdown-746\">\n\t<li  id=\"menu-item-2722\" class=\"menu-item menu-item-type-post_type menu-item-object-page menu-item-2722 nav-item\"><a itemprop=\"url\" href=\"https:\/\/educamos.com\/es\/que-es\/\" class=\"dropdown-item\"><span itemprop=\"name\">\u00bfQu\u00e9 es?<\/span><\/a><\/li>\n\t<li  id=\"menu-item-2721\" class=\"menu-item menu-item-type-post_type menu-item-object-page menu-item-2721 nav-item\"><a itemprop=\"url\" href=\"https:\/\/educamos.com\/es\/por-que\/\" class=\"dropdown-item\"><span itemprop=\"name\">\u00bfPor qu\u00e9?<\/span><\/a><\/li>\n\t<li  id=\"menu-item-7714\" class=\"menu-item menu-item-type-post_type menu-item-object-page menu-item-7714 nav-item\"><a itemprop=\"url\" href=\"https:\/\/educamos.com\/es\/educamos-makers\/\" class=\"dropdown-item\"><span itemprop=\"name\">Educamos Makers<\/span><\/a><\/li>\n\t<li  id=\"menu-item-2720\" class=\"menu-item menu-item-type-post_type menu-item-object-page menu-item-2720 nav-item\"><a itemprop=\"url\" href=\"https:\/\/educamos.com\/es\/contacto\/\" class=\"dropdown-item\"><span itemprop=\"name\">Contacto<\/span><\/a><\/li>\n<\/ul>\n<\/li>\n<li  id=\"menu-item-764\" class=\"menu-item menu-item-type-post_type_archive menu-item-object-funcionalidades menu-item-has-children dropdown menu-item-764 nav-item\"><a href=\"#\" aria-expanded=\"false\" class=\"dropdown-toggle nav-link\" id=\"menu-item-dropdown-764\" data-bs-toggle=\"dropdown\"><span itemprop=\"name\">Funcionalidades<\/span><\/a>\n<ul class=\"dropdown-menu\" aria-labelledby=\"menu-item-dropdown-764\">\n\t<li  id=\"menu-item-765\" class=\"menu-item menu-item-type-post_type menu-item-object-funcionalidades menu-item-765 nav-item\"><a itemprop=\"url\" href=\"https:\/\/educamos.com\/es\/funcionalidades\/analitica-de-datos\/\" class=\"dropdown-item\"><span itemprop=\"name\">Anal\u00edtica de datos<\/span><\/a><\/li>\n\t<li  id=\"menu-item-766\" class=\"menu-item menu-item-type-post_type menu-item-object-funcionalidades menu-item-766 nav-item\"><a itemprop=\"url\" href=\"https:\/\/educamos.com\/es\/funcionalidades\/comunicacion-del-centro\/\" class=\"dropdown-item\"><span itemprop=\"name\">Comunicaci\u00f3n del centro<\/span><\/a><\/li>\n\t<li  id=\"menu-item-4325\" class=\"menu-item menu-item-type-post_type menu-item-object-funcionalidades menu-item-4325 nav-item\"><a itemprop=\"url\" href=\"https:\/\/educamos.com\/es\/funcionalidades\/gestion-del-centro\/\" class=\"dropdown-item\"><span itemprop=\"name\">Gesti\u00f3n del centro<\/span><\/a><\/li>\n\t<li  id=\"menu-item-4324\" class=\"menu-item menu-item-type-post_type menu-item-object-funcionalidades menu-item-4324 nav-item\"><a itemprop=\"url\" href=\"https:\/\/educamos.com\/es\/funcionalidades\/innovacion-pedagogica\/\" class=\"dropdown-item\"><span itemprop=\"name\">Innovaci\u00f3n pedag\u00f3gica<\/span><\/a><\/li>\n<\/ul>\n<\/li>\n<li  id=\"menu-item-767\" class=\"menu-item menu-item-type-post_type_archive menu-item-object-beneficios menu-item-has-children dropdown menu-item-767 nav-item\"><a href=\"#\" aria-expanded=\"false\" class=\"dropdown-toggle nav-link\" id=\"menu-item-dropdown-767\" data-bs-toggle=\"dropdown\"><span itemprop=\"name\">Beneficios para<\/span><\/a>\n<ul class=\"dropdown-menu\" aria-labelledby=\"menu-item-dropdown-767\">\n\t<li  id=\"menu-item-3407\" class=\"menu-item menu-item-type-post_type menu-item-object-beneficios menu-item-3407 nav-item\"><a itemprop=\"url\" href=\"https:\/\/educamos.com\/es\/beneficios\/centros-educativos\/\" class=\"dropdown-item\"><span itemprop=\"name\">Centros educativos<\/span><\/a><\/li>\n\t<li  id=\"menu-item-768\" class=\"menu-item menu-item-type-post_type menu-item-object-beneficios menu-item-768 nav-item\"><a itemprop=\"url\" href=\"https:\/\/educamos.com\/es\/beneficios\/red-de-escuelas\/\" class=\"dropdown-item\"><span itemprop=\"name\">Red de escuelas<\/span><\/a><\/li>\n\t<li  id=\"menu-item-15259\" class=\"menu-item menu-item-type-custom menu-item-object-custom menu-item-15259 nav-item\"><a itemprop=\"url\" href=\"https:\/\/educamos.com\/es\/beneficios\/formacion-profesional\/\" class=\"dropdown-item\"><span itemprop=\"name\">Formaci\u00f3n Profesional<\/span><\/a><\/li>\n\t<li  id=\"menu-item-5260\" class=\"menu-item menu-item-type-post_type menu-item-object-beneficios menu-item-5260 nav-item\"><a itemprop=\"url\" href=\"https:\/\/educamos.com\/es\/beneficios\/docentes\/\" class=\"dropdown-item\"><span itemprop=\"name\">Docentes<\/span><\/a><\/li>\n\t<li  id=\"menu-item-3406\" class=\"menu-item menu-item-type-post_type menu-item-object-beneficios menu-item-3406 nav-item\"><a itemprop=\"url\" href=\"https:\/\/educamos.com\/es\/beneficios\/familias\/\" class=\"dropdown-item\"><span itemprop=\"name\">Familias<\/span><\/a><\/li>\n\t<li  id=\"menu-item-5259\" class=\"menu-item menu-item-type-post_type menu-item-object-beneficios menu-item-5259 nav-item\"><a itemprop=\"url\" href=\"https:\/\/educamos.com\/es\/beneficios\/alumnos-as\/\" class=\"dropdown-item\"><span itemprop=\"name\">Alumnos\/as<\/span><\/a><\/li>\n<\/ul>\n<\/li>\n<li  id=\"menu-item-769\" class=\"menu-item menu-item-type-custom menu-item-object-custom menu-item-has-children dropdown menu-item-769 nav-item\"><a href=\"#\" aria-expanded=\"false\" class=\"dropdown-toggle nav-link\" id=\"menu-item-dropdown-769\" data-bs-toggle=\"dropdown\"><span itemprop=\"name\">Insights<\/span><\/a>\n<ul class=\"dropdown-menu\" aria-labelledby=\"menu-item-dropdown-769\">\n\t<li  id=\"menu-item-20587\" class=\"menu-item menu-item-type-taxonomy menu-item-object-category menu-item-20587 nav-item\"><a itemprop=\"url\" href=\"https:\/\/educamos.com\/es\/blog\/\" class=\"dropdown-item\"><span itemprop=\"name\">Blog<\/span><\/a><\/li>\n\t<li  id=\"menu-item-20499\" class=\"menu-item menu-item-type-post_type_archive menu-item-object-ebook menu-item-20499 nav-item\"><a itemprop=\"url\" href=\"https:\/\/educamos.com\/es\/ebook\/\" class=\"dropdown-item\"><span itemprop=\"name\">Ebooks<\/span><\/a><\/li>\n<\/ul>\n<\/li>\n<li  id=\"menu-item-770\" class=\"menu-item menu-item-type-custom menu-item-object-custom menu-item-has-children dropdown menu-item-770 nav-item\"><a href=\"#\" aria-expanded=\"false\" class=\"dropdown-toggle nav-link\" id=\"menu-item-dropdown-770\" data-bs-toggle=\"dropdown\"><span itemprop=\"name\">Clientes<\/span><\/a>\n<ul class=\"dropdown-menu\" aria-labelledby=\"menu-item-dropdown-770\">\n\t<li  id=\"menu-item-771\" class=\"link-externo menu-item menu-item-type-custom menu-item-object-custom menu-item-771 nav-item\"><a target=\"_blank\" rel=\"noopener noreferrer\" itemprop=\"url\" href=\"https:\/\/www.educamoscerca.com\/\" class=\"dropdown-item\"><span itemprop=\"name\">Comunidad Educamos Cerca<\/span><\/a><\/li>\n<\/ul>\n<\/li>\n<\/ul>                                    <\/div>\n                                <\/div>\n                                                    <\/div>\n                    <\/div>\n                <\/div>\n            <\/div>\n        <\/header>\n        <!-- \/ -->\n\t\t\t\t\t\t<\/div>\n\t\t\t\t<\/div>\n\t\t\t\t<div class=\"elementor-element elementor-element-c343699 elementor-widget elementor-widget-bloque-cabecera-imagen\" data-id=\"c343699\" data-element_type=\"widget\" data-e-type=\"widget\" data-widget_type=\"bloque-cabecera-imagen.default\">\n\t\t\t\t<div class=\"elementor-widget-container\">\n\t\t\t\t\t        <!-- Cabecera con imagen -->\n        <section class=\"bloque bloque-encabezado-pagina azul \">\n            <div class=\"container\">\n                <div class=\"row\">\n                    <div class=\"col-12 d-flex justify-content-between align-items-center\">\n                        <div class=\"datos\">\n                                                            <div data-aos=\"fade-left\" data-aos-duration=\"700\"><ol class=\"breadcrumb\"><li><a href=\"https:\/\/educamos.com\/es\/\">Inicio<\/a><\/li><\/ol><\/div>                                                        <h1 class=\"titulos\" data-aos=\"fade-left\" data-aos-duration=\"700\">Un ecosistema educativo digital abierto, flexible y en continua evoluci\u00f3n<\/h1>                                                    <\/div>\n                        <div class=\"imagen transparente\"><img decoding=\"async\" src=\"https:\/\/educamos.com\/wp-content\/uploads\/2023\/01\/cabecera-que-es.png\" class=\"img-fluid\" data-aos=\"fade-left\" data-aos-delay=\"600\" data-aos-duration=\"800\" alt=\"Un ecosistema educativo digital abierto, flexible y en continua evoluci\u00f3n\"><div class=\"gradient\"><\/div><\/div>\n                    <\/div>\n                <\/div>\n            <\/div>\n        <\/section>\n\t\t\t\t\t\t<\/div>\n\t\t\t\t<\/div>\n\t\t\t\t<div class=\"elementor-element elementor-element-54edb24 elementor-widget elementor-widget-bloque-texto\" data-id=\"54edb24\" data-element_type=\"widget\" data-e-type=\"widget\" data-widget_type=\"bloque-texto.default\">\n\t\t\t\t<div class=\"elementor-widget-container\">\n\t\t\t\t\t        <!-- Texto a 2 columnas-->\n        <section class=\"bloque bloque-texto \">\n            <div class=\"container\">\n                <h2 class=\"titulos\" data-aos=\"fade-left\" data-aos-duration=\"700\">Educamos te acompa\u00f1a en la transformaci\u00f3n digital de tu escuela<\/h2>                <div class=\"estrecho2\">\n                    <div class=\"row\">\n                        <div class=\"col-sm-12\">\n                            <div class=\"the_content\" data-aos=\"fade-up\" data-aos-duration=\"700\">\n                                <p><strong>Educamos<\/strong> es un <strong>ecosistema educativo digital<\/strong> que conecta personas, soluciones de aprendizaje, datos y herramientas eficaces para la <strong>gesti\u00f3n integral<\/strong> de tu centro educativo, acompa\u00f1\u00e1ndolo en el proceso de transformaci\u00f3n hacia un nuevo modelo m\u00e1s <strong>innovador, diferencial y eficiente.<\/strong><\/p><p>El ecosistema involucra a todos los agentes de la comunidad educativa (familias, profesores, directores, alumnos\u2026). Gracias a las posibilidades de este <strong>sistema digital unificado<\/strong>, reforzamos el rol de cada uno de estos agentes y posibilitamos que la tarea fundamental del centro sea la de educar y potenciar nuevas formas de aprendizaje.<\/p>                            <\/div>\n                        <\/div>\n                    <\/div>\n                <\/div>\n            <\/div>\n        <\/section>\n\t\t\t\t\t\t<\/div>\n\t\t\t\t<\/div>\n\t\t\t\t<div class=\"elementor-element elementor-element-8b7f707 elementor-widget elementor-widget-bloque-cita\" data-id=\"8b7f707\" data-element_type=\"widget\" data-e-type=\"widget\" data-widget_type=\"bloque-cita.default\">\n\t\t\t\t<div class=\"elementor-widget-container\">\n\t\t\t\t\t        <!-- Cita   -->\n        <section class=\"bloque bloque-quotes \">\n            <div class=\"container\">\n                <div class=\"estrecho\">\n                    <div class=\"row\">\n                        <div class=\"col-12 col-sm-8 col-md-6\">\n                            <figure data-aos=\"fade-left\" data-aos-duration=\"700\">\n                                <blockquote class=\"blockquote no-quote\">\n                                    <p class=\"subtitulos\">Educamos explora y potencia las m\u00faltiples posibilidades que ofrece el mundo digital.<\/p>\n                                <\/blockquote>\n                                                                                            <\/figure>\n                        <\/div>\n                    <\/div>\n                <\/div>\n            <\/div>\n        <\/section>\n\t\t\t\t\t\t<\/div>\n\t\t\t\t<\/div>\n\t\t\t\t<div class=\"elementor-element elementor-element-c82b4cb elementor-widget elementor-widget-bloque-2-imagenes\" data-id=\"c82b4cb\" data-element_type=\"widget\" data-e-type=\"widget\" data-widget_type=\"bloque-2-imagenes.default\">\n\t\t\t\t<div class=\"elementor-widget-container\">\n\t\t\t\t\t        <!-- Bloque contenidos: 2 fotos \/ big + small -->\n        <section class=\"bloque bloque-2-fotos-big-small \">\n            <div class=\"container\">\n                                                 <div class=\"estrecho3\">\n                    <div class=\"row\">\n                        <div class=\"col-12 d-flex justify-content-between align-items-center\">\n                            <div class=\"imagenes\">\n                                <figure class=\"figure imagen1\">\n                                    <div class=\"image\" data-aos=\"fade-right\" data-aos-delay=\"800\" data-aos-duration=\"1200\"><img decoding=\"async\" src=\"https:\/\/educamos.com\/wp-content\/uploads\/2022\/12\/que-es-1-1-770x482.jpg\" class=\"figure-img img-fluid\" alt=\"\u00bfQu\u00e9 es?\"><\/div>\n                                                                    <\/figure>\n\n                                <figure class=\"figure imagen2\">\n                                    <div class=\"image\" data-aos=\"fade-left\" data-aos-delay=\"800\" data-aos-duration=\"1200\"><img decoding=\"async\" src=\"https:\/\/educamos.com\/wp-content\/uploads\/2023\/01\/indice-470x295.jpg\" class=\"figure-img img-fluid\" alt=\"\u00bfQu\u00e9 es?\"><\/div>\n                                                                    <\/figure>\n                            <\/div>\n                        <\/div>\n                    <\/div>\n                <\/div>\n            <\/div>\n        <\/section>\n\t\t\t\t\t\t<\/div>\n\t\t\t\t<\/div>\n\t\t\t\t<div class=\"elementor-element elementor-element-82373a3 elementor-widget elementor-widget-bloque-listado\" data-id=\"82373a3\" data-element_type=\"widget\" data-e-type=\"widget\" data-widget_type=\"bloque-listado.default\">\n\t\t\t\t<div class=\"elementor-widget-container\">\n\t\t\t\t\t        <!-- bloque listado -->\n        <section class=\"bloque bloque-listado-con-iconos\" >\n            <div class=\"container\">\n                <h2 class=\"titulos\" data-aos=\"fade-left\" data-aos-duration=\"700\">Somos un ecosistema...<\/h2>                <div class=\"estrecho2\">\n                                            <ul class=\"list-group list-group-horizontal row\">\n                                                            <li class=\"list-group-item col-12 col-sm-6 col-md-4\" data-aos=\"fade-up\" data-aos-delay=\"100\" data-aos-duration=\"700\">\n                                                                        <img decoding=\"async\" src=\"https:\/\/educamos.com\/wp-content\/uploads\/2022\/12\/check.png\" data-aos=\"flip-left\" data-aos-delay=\"200\" data-aos-duration=\"700\" class=\"icono\" alt=\"Sencillo\">\n                                                                        <h3 class=\"subtitulos\">Sencillo<\/h3>\n                                    <div class=\"the_content\">\n                                        <p>Con un solo usuario, y desde un mismo lugar, profesores y alumnos pueden acceder a las herramientas y proyectos educativos.<\/p>\n                                                                            <\/div>\n                                <\/li>\n                                                            <li class=\"list-group-item col-12 col-sm-6 col-md-4\" data-aos=\"fade-up\" data-aos-delay=\"200\" data-aos-duration=\"700\">\n                                                                        <img decoding=\"async\" src=\"https:\/\/educamos.com\/wp-content\/uploads\/2022\/12\/check.png\" data-aos=\"flip-left\" data-aos-delay=\"300\" data-aos-duration=\"700\" class=\"icono\" alt=\"Seguro\">\n                                                                        <h3 class=\"subtitulos\">Seguro<\/h3>\n                                    <div class=\"the_content\">\n                                        <p>Con todas las garant\u00edas de seguridad y protecci\u00f3n de datos necesarias para albergar informaci\u00f3n de alumnos y familias.<\/p>\n                                                                            <\/div>\n                                <\/li>\n                                                            <li class=\"list-group-item col-12 col-sm-6 col-md-4\" data-aos=\"fade-up\" data-aos-delay=\"300\" data-aos-duration=\"700\">\n                                                                        <img decoding=\"async\" src=\"https:\/\/educamos.com\/wp-content\/uploads\/2022\/12\/check.png\" data-aos=\"flip-left\" data-aos-delay=\"400\" data-aos-duration=\"700\" class=\"icono\" alt=\"Abierto\">\n                                                                        <h3 class=\"subtitulos\">Abierto<\/h3>\n                                    <div class=\"the_content\">\n                                        <div class=\"ewa-rteLine\"><strong>Educamos<\/strong> permite la integraci\u00f3n con soluciones y servicios de terceros (Google, Microsoft, Amazon\u2026)<\/div>\n                                                                            <\/div>\n                                <\/li>\n                                                            <li class=\"list-group-item col-12 col-sm-6 col-md-4\" data-aos=\"fade-up\" data-aos-delay=\"400\" data-aos-duration=\"700\">\n                                                                        <img decoding=\"async\" src=\"https:\/\/educamos.com\/wp-content\/uploads\/2022\/12\/check.png\" data-aos=\"flip-left\" data-aos-delay=\"500\" data-aos-duration=\"700\" class=\"icono\" alt=\"Flexible\">\n                                                                        <h3 class=\"subtitulos\">Flexible<\/h3>\n                                    <div class=\"the_content\">\n                                        <p><strong>Educamos<\/strong> se adapta a las necesidades de tu centro o instituci\u00f3n educativa.<\/p>\n                                                                            <\/div>\n                                <\/li>\n                                                            <li class=\"list-group-item col-12 col-sm-6 col-md-4\" data-aos=\"fade-up\" data-aos-delay=\"500\" data-aos-duration=\"700\">\n                                                                        <img decoding=\"async\" src=\"https:\/\/educamos.com\/wp-content\/uploads\/2022\/12\/check.png\" data-aos=\"flip-left\" data-aos-delay=\"600\" data-aos-duration=\"700\" class=\"icono\" alt=\"Accesible\">\n                                                                        <h3 class=\"subtitulos\">Accesible<\/h3>\n                                    <div class=\"the_content\">\n                                        <p>Intuitivo y adaptado a todos los dispositivos. Apps exclusivas para diferentes agentes de la comunidad educativa (familias, docentes, etc.)<\/p>\n                                                                            <\/div>\n                                <\/li>\n                                                            <li class=\"list-group-item col-12 col-sm-6 col-md-4\" data-aos=\"fade-up\" data-aos-delay=\"600\" data-aos-duration=\"700\">\n                                                                        <img decoding=\"async\" src=\"https:\/\/educamos.com\/wp-content\/uploads\/2022\/12\/check.png\" data-aos=\"flip-left\" data-aos-delay=\"700\" data-aos-duration=\"700\" class=\"icono\" alt=\"Evolutivo\">\n                                                                        <h3 class=\"subtitulos\">Evolutivo<\/h3>\n                                    <div class=\"the_content\">\n                                        <p>En constante evoluci\u00f3n y mejora gracias a los datos de usuario y las ideas aportadas por los propios centros educativos.<\/p>\n                                                                            <\/div>\n                                <\/li>\n                                                    <\/ul>\n                                    <\/div>\n            <\/div>\n        <\/section>\n\n\t\t\t\t\t\t<\/div>\n\t\t\t\t<\/div>\n\t\t\t\t<div class=\"elementor-element elementor-element-4bc81ae elementor-widget elementor-widget-bloque-imagen-centrada\" data-id=\"4bc81ae\" data-element_type=\"widget\" data-e-type=\"widget\" data-widget_type=\"bloque-imagen-centrada.default\">\n\t\t\t\t<div class=\"elementor-widget-container\">\n\t\t\t\t\t        <!-- Bloque contenidos: Imagen bloque-imagen-centrada -->\n        <section class=\"bloque bloque-imagen-centrada \">\n            <div class=\"container\">\n                                                                <div class=\"estrecho3\">\n                    <div class=\"row\">\n                        <div class=\"col-12\">\n                            <figure class=\"figure imagen2\">\n                                <div class=\"image\" data-aos=\"fade-up\" data-aos-delay=\"800\" data-aos-duration=\"1200\"><img decoding=\"async\" src=\"https:\/\/educamos.com\/wp-content\/uploads\/2023\/01\/capturas-que-es.png\" class=\"figure-img img-fluid\" alt=\"\"><\/div>\n                                                            <\/figure>\n                        <\/div>\n                    <\/div>\n                <\/div>\n            <\/div>\n                    <\/section>\n\n\t\t\t\t\t\t<\/div>\n\t\t\t\t<\/div>\n\t\t\t\t<div class=\"elementor-element elementor-element-8a56303 elementor-widget elementor-widget-bloque-funcionalidades-relacionadas\" data-id=\"8a56303\" data-element_type=\"widget\" data-e-type=\"widget\" data-widget_type=\"bloque-funcionalidades-relacionadas.default\">\n\t\t\t\t<div class=\"elementor-widget-container\">\n\t\t\t\t\t        <!-- Funcionalidades -->\n        <section class=\"bloque bloque-funcionalidades \">\n            <div class=\"container\">\n                                <div class=\"subtitulos\" data-aos=\"fade-left\" data-aos-duration=\"700\"><p>Educamos aborda cuatro ejes principales sobre los que trabaja todas sus funcionalidades:<\/p><\/div>\n                                <div class=\"estrecho2\">\n                    <div class=\"row\">\n                                                    <div class=\"col-md-6\" data-aos=\"fade-up\" data-aos-duration=\"700\">\n                                <div class=\"image\" style=\"background-color:#feb3ad\"><img decoding=\"async\" src=\"https:\/\/educamos.com\/wp-content\/uploads\/2022\/11\/icono-analitica.svg\" class=\"icono\" alt=\"Icono representativo de Anal\u00edtica de datos\"><\/div>\n                                <h3 class=\"subtitulos\">Anal\u00edtica de datos<\/h3>\n                                <p>Explotaci\u00f3n de informaci\u00f3n acad\u00e9mica, administrativa y econ\u00f3mica mediante paneles e informes visuales. Herramientas de Business Intelligence (BI) que mejoran la toma de decisiones.<\/p>\n                                <a href=\"https:\/\/educamos.com\/es\/funcionalidades\/analitica-de-datos\/\" title=\"M\u00e1s sobre anal\u00edtica de datos\" class=\"enlace btn-arrow\">M\u00e1s sobre anal\u00edtica de datos<\/a>\n                            <\/div>\n\t\t                                             <div class=\"col-md-6\" data-aos=\"fade-up\" data-aos-duration=\"700\">\n                                <div class=\"image\" style=\"background-color:#6fc7a8\"><img decoding=\"async\" src=\"https:\/\/educamos.com\/wp-content\/uploads\/2022\/11\/icono-comunicacion.svg\" class=\"icono\" alt=\"Icono representativo de Comunicaci\u00f3n del centro\"><\/div>\n                                <h3 class=\"subtitulos\">Comunicaci\u00f3n del centro<\/h3>\n                                <p>Canales seguros y \u00e1giles para facilitar la relaci\u00f3n entre el colegio, las familias y el alumnado, garantizando privacidad y trazabilidad.<\/p>\n                                <a href=\"https:\/\/educamos.com\/es\/funcionalidades\/comunicacion-del-centro\/\" title=\"M\u00e1s sobre comunicaci\u00f3n del centro\" class=\"enlace btn-arrow\">M\u00e1s sobre comunicaci\u00f3n del centro<\/a>\n                            <\/div>\n\t\t                                             <div class=\"col-md-6\" data-aos=\"fade-up\" data-aos-duration=\"700\">\n                                <div class=\"image\" style=\"background-color:#3093f5\"><img decoding=\"async\" src=\"https:\/\/educamos.com\/wp-content\/uploads\/2022\/11\/icono-gestion.svg\" class=\"icono\" alt=\"Icono representativo de Gesti\u00f3n del centro educativo\"><\/div>\n                                <h3 class=\"subtitulos\">Gesti\u00f3n del centro educativo<\/h3>\n                                <p>Control centralizado de la operativa diaria del colegio: procesos acad\u00e9micos, administrativos, de aula, evaluaci\u00f3n y secretar\u00eda, todo desde un \u00fanico entorno digital.<\/p>\n                                <a href=\"https:\/\/educamos.com\/es\/funcionalidades\/gestion-del-centro\/\" title=\"M\u00e1s sobre gesti\u00f3n del centro educativo\" class=\"enlace btn-arrow\">M\u00e1s sobre gesti\u00f3n del centro educativo<\/a>\n                            <\/div>\n\t\t                                             <div class=\"col-md-6\" data-aos=\"fade-up\" data-aos-duration=\"700\">\n                                <div class=\"image\" style=\"background-color:#f4a900\"><img decoding=\"async\" src=\"https:\/\/educamos.com\/wp-content\/uploads\/2022\/11\/icono-innovacion.svg\" class=\"icono\" alt=\"Icono representativo de Innovaci\u00f3n educativa\"><\/div>\n                                <h3 class=\"subtitulos\">Innovaci\u00f3n educativa<\/h3>\n                                <p>Entorno Virtual de Aprendizaje (EVA) con recursos educativos editoriales, propios o de terceros, que permiten un aprendizaje flexible, personalizado y adaptado a los nuevos retos educativos.<\/p>\n                                <a href=\"https:\/\/educamos.com\/es\/funcionalidades\/innovacion-pedagogica\/\" title=\"M\u00e1s sobre innovaci\u00f3n educativa\" class=\"enlace btn-arrow\">M\u00e1s sobre innovaci\u00f3n educativa<\/a>\n                            <\/div>\n\t\t                                     <\/div>\n                <\/div>\n            <\/div>\n        <\/section>\n\t\t\t\t\t\t<\/div>\n\t\t\t\t<\/div>\n\t\t\t\t<div class=\"elementor-element elementor-element-396d13d elementor-widget elementor-widget-bloque-texto-video\" data-id=\"396d13d\" data-element_type=\"widget\" data-e-type=\"widget\" data-widget_type=\"bloque-texto-video.default\">\n\t\t\t\t<div class=\"elementor-widget-container\">\n\t\t\t\t\t        <!-- Texto + imagen -->\n        <section class=\"bloque bloque-texto-con-video amarillo mb-0\">\n            <div class=\"container\">\n                <h2 class=\"titulos\" data-aos=\"fade-left\" data-aos-duration=\"700\">Clima emocional<\/h2>                <div class=\"subtitulos\" data-aos=\"fade-left\" data-aos-duration=\"700\"><p>Un nuevo atributo que nos diferencia<\/p><\/div>\n                                <div class=\"estrecho\">\n                    <div class=\"row\">\n                        <div class=\"col-12 col-md-5 d-flex justify-content-between align-items-center order-2\">\n                            <div class=\"the_content\" data-aos=\"fade-up\" data-aos-duration=\"700\">\n                                <p><strong>Educamos<\/strong> coloca siempre al alumno en el centro de sus acciones, por eso considera imprescindible medir el <strong>clima emocional en las aulas<\/strong> y detectar posibles situaciones de vulnerabilidad o que requieran especial atenci\u00f3n por parte de la comunidad docente.<\/p><p>Esta <strong>funcionalidad \u00fanica y diferencial<\/strong> de nuestro ecosistema aporta informes en tablas y gr\u00e1ficos sobre este aspecto crucial para el proceso de aprendizaje y la convivencia entre el alumnado.<\/p>                            <\/div>\n                        <\/div>\n                        <div class=\"col-12 col-md-7 d-flex justify-content-between align-items-center order-1\" data-aos=\"fade\" data-aos-duration=\"700\">\n                            <div class=\"ratio ratio-16x9\">\n                                                                <iframe class=\"embed-responsive-item\" src=\"https:\/\/fast.wistia.net\/embed\/iframe\/2r8yo6sq1r?rel=0\" allowfullscreen allowtransparency=\"true\"><\/iframe>\n                                                            <\/div>\n                        <\/div>\n                    <\/div>\n                <\/div>\n            <\/div>\n        <\/section>\n\t\t\t\t\t\t<\/div>\n\t\t\t\t<\/div>\n\t\t\t\t<div class=\"elementor-element elementor-element-4ac5083 elementor-widget elementor-widget-bloque-imagen-centrada\" data-id=\"4ac5083\" data-element_type=\"widget\" data-e-type=\"widget\" data-widget_type=\"bloque-imagen-centrada.default\">\n\t\t\t\t<div class=\"elementor-widget-container\">\n\t\t\t\t\t        <!-- Bloque contenidos: Imagen bloque-imagen-fullwidth -->\n        <section class=\"bloque bloque-imagen-fullwidth \">\n            <div class=\"container\">\n                                                            <\/div>\n            <div class=\"image\" data-aos=\"fade-up\" data-aos-delay=\"600\" data-aos-duration=\"800\" ><img decoding=\"async\" src=\"https:\/\/educamos.com\/wp-content\/uploads\/2022\/12\/que-es-4-2.jpg\" class=\"img-fluid\" alt=\"\"><\/div>\n                    <\/section>\n\n\t\t\t\t\t\t<\/div>\n\t\t\t\t<\/div>\n\t\t\t\t<div class=\"elementor-element elementor-element-3b1836e elementor-widget elementor-widget-bloque-texto\" data-id=\"3b1836e\" data-element_type=\"widget\" data-e-type=\"widget\" data-widget_type=\"bloque-texto.default\">\n\t\t\t\t<div class=\"elementor-widget-container\">\n\t\t\t\t\t        <!-- Texto a 2 columnas-->\n        <section class=\"bloque bloque-texto \">\n            <div class=\"container\">\n                <h2 class=\"titulos\" data-aos=\"fade-left\" data-aos-duration=\"700\">Educamos, tambi\u00e9n para instituciones<\/h2>                <div class=\"estrecho2\">\n                    <div class=\"row\">\n                        <div class=\"col-sm-12\">\n                            <div class=\"the_content\" data-aos=\"fade-up\" data-aos-duration=\"700\">\n                                <p class=\"Pa2\" style=\"margin-top: 18.0pt;\"><strong>Educamos<\/strong> tambi\u00e9n incluye una soluci\u00f3n dise\u00f1ada espec\u00edficamente para <strong>instituciones y agrupaciones de centros educativos<\/strong>, posibilitando <strong>modelos de trabajo unificados y homog\u00e9neos<\/strong> para toda la red de escuelas.<\/p><p><a class=\"enlace btn-arrow d-block\" href=\"https:\/\/educamos.com\/es\/beneficios\/red-de-escuelas\/\">M\u00e1s sobre Educamos para redes de escuelas<\/a><\/p>                            <\/div>\n                        <\/div>\n                    <\/div>\n                <\/div>\n            <\/div>\n        <\/section>\n\t\t\t\t\t\t<\/div>\n\t\t\t\t<\/div>\n\t\t\t\t<div class=\"elementor-element elementor-element-8b70b2f elementor-widget elementor-widget-bloque-texto-imagen\" data-id=\"8b70b2f\" data-element_type=\"widget\" data-e-type=\"widget\" data-widget_type=\"bloque-texto-imagen.default\">\n\t\t\t\t<div class=\"elementor-widget-container\">\n\t\t\t\t\t        <!-- Texto + imagen -->\n        <section class=\"bloque bloque-texto-con-imagen verde mb-0\">\n            <div class=\"container\">\n                <h2 class=\"titulos\" data-aos=\"fade-left\" data-aos-duration=\"700\">Prep\u00e1rate para el salto<\/h2>                <div class=\"estrecho\">\n                    <div class=\"row\">\n                        <div class=\"col-12 col-md-5 d-flex justify-content-between align-items-center order-1\">\n                            <div class=\"the_content\" data-aos=\"fade-up\" data-aos-duration=\"700\"><p><strong>Educamos<\/strong> te acompa\u00f1a en la transformaci\u00f3n digital de tu escuela apoy\u00e1ndote en los hitos m\u00e1s importantes del proceso (diagn\u00f3stico, planificaci\u00f3n, implantaci\u00f3n, mantenimiento y evaluaci\u00f3n), y manteniendo <strong>atenci\u00f3n personalizada proactiva, cercana, continua y eficaz <\/strong>a trav\u00e9s de nuestro <strong>Servicio Global de Soporte.<\/strong><\/p><p>Estamos siempre cerca de ti a trav\u00e9s de nuestra comunidad <a href=\"https:\/\/www.educamoscerca.com\/\" target=\"_blank\" rel=\"noopener\"><strong>Educamos Cerca<\/strong><\/a> (disponible 24\/7), un espacio dedicado a la gesti\u00f3n de <strong>consultas, incidencias y peticiones<\/strong> para dar soluci\u00f3n r\u00e1pida a las necesidades de tu centro educativo.<\/p><\/div>\n                        <\/div>\n                        <div class=\"col-12 col-md-7 d-flex justify-content-between align-items-center order-2\">\n                            <figure class=\"figure\">\n                                <div class=\"image\" data-aos=\"fade\" data-aos-delay=\"600\" data-aos-duration=\"800\"><img decoding=\"async\" src=\"https:\/\/educamos.com\/wp-content\/uploads\/2023\/01\/girl-jumping-1.png\" class=\"img-fluid\" alt=\"Prep\u00e1rate para el salto\"><\/div>\n                                                            <\/figure>\n                        <\/div>\n                    <\/div>\n                <\/div>\n            <\/div>\n        <\/section>\n\t\t\t\t\t\t<\/div>\n\t\t\t\t<\/div>\n\t\t\t\t<div class=\"elementor-element elementor-element-dc371e3 elementor-widget elementor-widget-bloque-cuenta-con-nosotros\" data-id=\"dc371e3\" data-element_type=\"widget\" data-e-type=\"widget\" data-widget_type=\"bloque-cuenta-con-nosotros.default\">\n\t\t\t\t<div class=\"elementor-widget-container\">\n\t\t\t\t\t        <!-- Cuenta con nosotros -->\n        <section class=\"bloque bloque-cuentaconnosotros \">\n            <div class=\"container\">\n                <div class=\"estrecho\">\n                    <div class=\"row\">\n                                                <h2 class=\"titulos\" data-aos=\"fade-left\" data-aos-duration=\"700\">Cuidamos de vosotros con acompa\u00f1amiento<\/h2>\n                                                                        <div class=\"subtitulos\" data-aos=\"fade-left\" data-aos-delay=\"250\" data-aos-duration=\"700\"><p>Estar cerca de nuestros usuarios a trav\u00e9s de una atenci\u00f3n personalizada y continuada a lo largo del tiempo es algo que nos distingue e identifica en el mercado.<\/p>\n<\/div>\n                                                <div class=\"listado\" >\n                            <div class=\"row accordion\" id=\"accordionCuenta\">\n                                                                            <div class=\"col-12 col-md-4  d-flex align-items-stretch\" data-aos=\"fade-up\" data-aos-delay=\"300\" data-aos-duration=\"700\">\n                                            <div class=\"item\">\n                                                <img decoding=\"async\" src=\"https:\/\/educamos.com\/wp-content\/uploads\/2022\/11\/icono-asesoramiento-1.svg\" class=\"icono img-fluid\" data-aos=\"flip-left\" data-aos-delay=\"450\" data-aos-duration=\"700\" alt=\"Asesores especialistas\" \/>\n                                                <h3 class=\"accordion-header\" id=\"heading300\"><button class=\"subtitulos accordion-button collapsed\" type=\"button\" data-bs-toggle=\"collapse\" data-bs-target=\"#collapse300\" aria-expanded=\"false\" aria-controls=\"collapse300\">Asesores especialistas<\/button><\/h3>\n                                                <div id=\"collapse300\" class=\"accordion-collapse collapse\" aria-labelledby=\"heading300\" data-bs-parent=\"#accordionCuenta\">\n                                                    <div class=\"accordion-body\">\n                                                        <p>Se encargan de la implantaci\u00f3n, te acompa\u00f1an en el d\u00eda a d\u00eda y te ayudan a sacar el mayor partido a las funcionalidades y herramientas del ecosistema.<\/p>\n                                                    <\/div>\n                                                <\/div>\n                                            <\/div>\n                                        <\/div>\n                                                                                <div class=\"col-12 col-md-4  d-flex align-items-stretch\" data-aos=\"fade-up\" data-aos-delay=\"600\" data-aos-duration=\"700\">\n                                            <div class=\"item\">\n                                                <img decoding=\"async\" src=\"https:\/\/educamos.com\/wp-content\/uploads\/2022\/11\/icono-comunidad-1.svg\" class=\"icono img-fluid\" data-aos=\"flip-left\" data-aos-delay=\"750\" data-aos-duration=\"700\" alt=\"Comunidad Educamos Makers\" \/>\n                                                <h3 class=\"accordion-header\" id=\"heading600\"><button class=\"subtitulos accordion-button collapsed\" type=\"button\" data-bs-toggle=\"collapse\" data-bs-target=\"#collapse600\" aria-expanded=\"false\" aria-controls=\"collapse600\">Comunidad Educamos Makers<\/button><\/h3>\n                                                <div id=\"collapse600\" class=\"accordion-collapse collapse\" aria-labelledby=\"heading600\" data-bs-parent=\"#accordionCuenta\">\n                                                    <div class=\"accordion-body\">\n                                                        <p>Permite mantenerte al d\u00eda de las novedades, buscar informaci\u00f3n acerca del ecosistema y reportar dudas o incidencias en cualquier momento v\u00eda web.<\/p>\n                                                    <\/div>\n                                                <\/div>\n                                            <\/div>\n                                        <\/div>\n                                                                                <div class=\"col-12 col-md-4  d-flex align-items-stretch\" data-aos=\"fade-up\" data-aos-delay=\"900\" data-aos-duration=\"700\">\n                                            <div class=\"item\">\n                                                <img decoding=\"async\" src=\"https:\/\/educamos.com\/wp-content\/uploads\/2022\/11\/icono-soporte-1.svg\" class=\"icono img-fluid\" data-aos=\"flip-left\" data-aos-delay=\"1050\" data-aos-duration=\"700\" alt=\"Equipo de soporte t\u00e9cnico\" \/>\n                                                <h3 class=\"accordion-header\" id=\"heading900\"><button class=\"subtitulos accordion-button collapsed\" type=\"button\" data-bs-toggle=\"collapse\" data-bs-target=\"#collapse900\" aria-expanded=\"false\" aria-controls=\"collapse900\">Equipo de soporte t\u00e9cnico<\/button><\/h3>\n                                                <div id=\"collapse900\" class=\"accordion-collapse collapse\" aria-labelledby=\"heading900\" data-bs-parent=\"#accordionCuenta\">\n                                                    <div class=\"accordion-body\">\n                                                        <p>Se encarga del mantenimiento y actualizaci\u00f3n del ecosistema. Adem\u00e1s de ayudar a los centros a resolver dudas o incidencias.<\/p>\n                                                    <\/div>\n                                                <\/div>\n                                            <\/div>\n                                        <\/div>\n                                                                        <\/div>\n                            <\/div>\n                        <div class=\"col-12\" data-aos=\"fade-up\" data-aos-duration=\"700\">\n                                                        <a href=\"https:\/\/educamos.com\/es\/solicita-una-demo\" class=\"btn btn-secondary\">Solicitar informaci\u00f3n<\/a>\n                                                                                    <a href=\"https:\/\/educamos.com\/es\/contacto\" class=\"enlace btn-arrow\">Contacto<\/a>\n                                                    <\/div>\n                    <\/div>\n                <\/div>\n            <\/div>\n        <\/section>\n\t\t\t\t\t\t<\/div>\n\t\t\t\t<\/div>\n\t\t\t\t<div class=\"elementor-element elementor-element-cf68c00 elementor-widget elementor-widget-bloque-carrusel\" data-id=\"cf68c00\" data-element_type=\"widget\" data-e-type=\"widget\" data-widget_type=\"bloque-carrusel.default\">\n\t\t\t\t<div class=\"elementor-widget-container\">\n\t\t\t\t\t        <!-- Banners 'Sab\u00edas que...' -->\n<script>\n    $('select').on('select2:select', function(e) {\n  var element = $(this).find('[value=\"' + e.params.data.id + '\"]');\n  $(this).append(element);\n  $(this).trigger('change');\n});\n    <\/script>\n        <section class=\"bloque bloque-sabiasque \">\n            <div class=\"container\">\n                <h2 class=\"titulos\" data-aos=\"fade-left\" data-aos-duration=\"700\">\u00bfSab\u00edas que...<\/h2>                <div class=\"estrecho\">\n                    <div class=\"row\">\n                        <div class=\"col-12\" data-aos=\"fade-up\" data-aos-duration=\"700\">\n                            <div class=\"carousel-sabiasque owl-carousel\" >\n                                \n                                \n                                    <a href=\"https:\/\/educamos.com\/es\/educamos-makers\" class=\"item-owl\" style=\"background-color:#f4a900\" title=\"M\u00e1s sobre Educamos Makers\" >\n                                    \n                                    <img fetchpriority=\"high\" decoding=\"async\" width=\"1116\" height=\"320\" src=\"https:\/\/educamos.com\/wp-content\/uploads\/2022\/11\/banner-makers-1.png\" class=\"img-fluid wp-post-image\" alt=\"\" srcset=\"https:\/\/educamos.com\/wp-content\/uploads\/2022\/11\/banner-makers-1.png 1116w, https:\/\/educamos.com\/wp-content\/uploads\/2022\/11\/banner-makers-1-300x86.png 300w, https:\/\/educamos.com\/wp-content\/uploads\/2022\/11\/banner-makers-1-1024x294.png 1024w, https:\/\/educamos.com\/wp-content\/uploads\/2022\/11\/banner-makers-1-768x220.png 768w, https:\/\/educamos.com\/wp-content\/uploads\/2022\/11\/banner-makers-1-956x274.png 956w\" sizes=\"(max-width: 1116px) 100vw, 1116px\" \/>                                    <div style=\"background-color:#f4a900\">\n                                        <h3 class=\"subtitulos\">&nbsp;&#8230; en Educamos todos somos Educamos Makers?<\/h3>\n                                                                                <div class=\"enlace btn-arrow\">M\u00e1s sobre Educamos Makers<\/div>\n                                    <\/div>    \n                                <\/a>\n\t\t                     \n                                \n                                    <a href=\"https:\/\/educamos.com\/es\/educamos-makers\" class=\"item-owl\" style=\"background-color:#3195EF\" title=\"M\u00e1s sobre el crecimiento de Educamos\" >\n                                    \n                                    <img decoding=\"async\" width=\"1116\" height=\"320\" src=\"https:\/\/educamos.com\/wp-content\/uploads\/2022\/11\/banner-sabias-que-usuarios.png\" class=\"img-fluid wp-post-image\" alt=\"\" srcset=\"https:\/\/educamos.com\/wp-content\/uploads\/2022\/11\/banner-sabias-que-usuarios.png 1116w, https:\/\/educamos.com\/wp-content\/uploads\/2022\/11\/banner-sabias-que-usuarios-300x86.png 300w, https:\/\/educamos.com\/wp-content\/uploads\/2022\/11\/banner-sabias-que-usuarios-1024x294.png 1024w, https:\/\/educamos.com\/wp-content\/uploads\/2022\/11\/banner-sabias-que-usuarios-768x220.png 768w, https:\/\/educamos.com\/wp-content\/uploads\/2022\/11\/banner-sabias-que-usuarios-956x274.png 956w\" sizes=\"(max-width: 1116px) 100vw, 1116px\" \/>                                    <div style=\"background-color:#3195EF\">\n                                        <h3 class=\"subtitulos\">&nbsp;&#8230; en Educamos tenemos muy en cuenta el conocimiento y experiencia de nuestros usuarios?<\/h3>\n                                                                                <div class=\"enlace btn-arrow\">M\u00e1s sobre el crecimiento de Educamos<\/div>\n                                    <\/div>    \n                                <\/a>\n\t\t                                                 <\/div>\n                            <script>\n                                jQuery( document ).ready(function() {\n                                    jQuery('.carousel-sabiasque').owlCarousel({\n                                        loop:true,\n                                        items:1,\n                                        margin:0,\n                                        nav:true,\n                                        dots:true,\n                                        animateOut:'fadeOut',\n                                        autoplay:true,\n                                        autoplayTimeout:6000,\n                                        freeDrag:false,\n                                        autoplayHoverPause:true,\n                                    });\n                                });\n                            <\/script>\n                        <\/div>\n                    <\/div>\n                <\/div>\n            <\/div>\n        <\/section>\n\t\t\t\t\t\t<\/div>\n\t\t\t\t<\/div>\n\t\t\t\t\t<\/div>\n\t\t<\/div>\n\t\t\t\t\t<\/div>\n\t\t<\/section>\n\t\t\t\t<section class=\"elementor-section elementor-top-section elementor-element elementor-element-d9de05b elementor-section-full_width elementor-section-height-default elementor-section-height-default\" data-id=\"d9de05b\" data-element_type=\"section\" data-e-type=\"section\">\n\t\t\t\t\t\t<div class=\"elementor-container elementor-column-gap-default\">\n\t\t\t\t\t<div class=\"elementor-column elementor-col-100 elementor-top-column elementor-element elementor-element-135ee604\" data-id=\"135ee604\" data-element_type=\"column\" data-e-type=\"column\">\n\t\t\t<div class=\"elementor-widget-wrap elementor-element-populated\">\n\t\t\t\t\t\t<div class=\"elementor-element elementor-element-59468b88 elementor-widget elementor-widget-html\" data-id=\"59468b88\" data-element_type=\"widget\" data-e-type=\"widget\" data-widget_type=\"html.default\">\n\t\t\t\t<div class=\"elementor-widget-container\">\n\t\t\t\t\t<style type=\"text\/css\">\n    @media (max-width: 767px) {\n        .faqs .bloque-desplegable .accordion-item .accordion-button {\n            font-size: initial !important;\n        }\n        .faqs .bloque-desplegable .accordion-item .accordion-button:after {\n            top: 1rem;\n        }\n    }\n    @media (min-width: 768px) {\n        .faqs .bloque-desplegable .accordion-item .accordion-button {\n            font-size: initial !important;\n            font-weight: 700 !important;\n        }\n        .faqs .bloque-desplegable .accordion-item .accordion-body .the_content {\n            padding-right: 1.5rem;\n        }\n        .faqs .bloque-desplegable .accordion-item .accordion-button:after {\n            top: 1rem;\n        }\n    }\n    @media (min-width: 992px) {\n        .faqs .bloque-desplegable .accordion-item .accordion-button:after {\n            top: 1.5rem;\n        }\n    }\n    @media (min-width: 1200px) {\n        .faqs .bloque-desplegable .accordion-item .accordion-button:after {\n            top: 1.5rem;\n        }\n    }\n    @media (min-width: 1400px) {\n        .faqs .bloque-desplegable .accordion-item .accordion-button:after {\n            top: 1.5rem;\n        }\n    }\n<\/style>\t\t\t\t<\/div>\n\t\t\t\t<\/div>\n\t\t\t\t<div class=\"elementor-element elementor-element-5b89a1b faqs elementor-widget elementor-widget-bloque-desplegables\" data-id=\"5b89a1b\" data-element_type=\"widget\" data-e-type=\"widget\" data-widget_type=\"bloque-desplegables.default\">\n\t\t\t\t<div class=\"elementor-widget-container\">\n\t\t\t\t\t        <!-- Bloque contenidos: Desplegables -->\n        <section class=\"bloque bloque-desplegable \">\n            <div class=\"container\">\n                <h2 class=\"titulos\" data-aos=\"fade-left\" data-aos-duration=\"700\">FAQs<\/h2>                <div class=\"estrecho2\">\n                    <div class=\"row\">\n                        <div class=\"col-12\" data-aos=\"fade-up\" data-aos-duration=\"700\">\n                            <!-- Acordeon -->\n                                                        <div class=\"accordion\" id=\"bloqueDesplegables-bglrrndgqgkcdekhy\">\n                                                                    <div class=\"accordion-item\">\n                                        <h3 class=\"accordion-header\" id=\"bd-heading-tvmluxtxnr\">\n                                            <button class=\"accordion-button \" type=\"button\" data-bs-toggle=\"collapse\" data-bs-target=\"#bd-collapse-tvmluxtxnr\" aria-expanded=\"true\" aria-controls=\"bd-collapse-tvmluxtxnr\">\u00bfQu\u00e9 es una plataforma de gesti\u00f3n escolar integral?<\/button>\n                                        <\/h3>\n                                        <div id=\"bd-collapse-tvmluxtxnr\" class=\"accordion-collapse collapse show\" aria-labelledby=\"bd-heading-tvmluxtxnr\" data-bs-parent=\"#bloqueDesplegables-bglrrndgqgkcdekhy\">\n                                            <div class=\"accordion-body\">\n                                                <div class=\"the_content\">\n                                                    <p>Es una herramienta tecnol\u00f3gica dise\u00f1ada para centralizar y optimizar los procesos de <b>gesti\u00f3n de centros educativos<\/b>, tanto en lo acad\u00e9mico como en lo administrativo y comunicativo. Una <b>plataforma de gesti\u00f3n escolar<\/b> integral permite coordinar todas las \u00e1reas del centro en un solo entorno digital, mejorando la eficiencia y la toma de decisiones.<\/p>                                                <\/div>\n                                            <\/div>\n                                        <\/div>\n                                    <\/div>\n                                                                    <div class=\"accordion-item\">\n                                        <h3 class=\"accordion-header\" id=\"bd-heading-zapitqdlgr\">\n                                            <button class=\"accordion-button collapsed\" type=\"button\" data-bs-toggle=\"collapse\" data-bs-target=\"#bd-collapse-zapitqdlgr\" aria-expanded=\"true\" aria-controls=\"bd-collapse-zapitqdlgr\">\u00bfQu\u00e9 funcionalidades ofrece Educamos?<\/button>\n                                        <\/h3>\n                                        <div id=\"bd-collapse-zapitqdlgr\" class=\"accordion-collapse collapse \" aria-labelledby=\"bd-heading-zapitqdlgr\" data-bs-parent=\"#bloqueDesplegables-bglrrndgqgkcdekhy\">\n                                            <div class=\"accordion-body\">\n                                                <div class=\"the_content\">\n                                                    <p>Educamos ofrece un ecosistema completo de funcionalidades:<\/p><ul><li aria-level=\"1\"><b>Gesti\u00f3n escolar<\/b> acad\u00e9mica, administrativa y econ\u00f3mica<\/li><li aria-level=\"1\">Evaluaci\u00f3n por competencias<\/li><li aria-level=\"1\">Comunicaci\u00f3n con familias y alumnado<\/li><li aria-level=\"1\"><b>Entorno virtual de aprendizaje<\/b> (EVA)<\/li><li aria-level=\"1\">Control de asistencia y conducta<\/li><li aria-level=\"1\">Informes y anal\u00edticas<\/li><li aria-level=\"1\">Integraci\u00f3n con otros sistemas<\/li><li aria-level=\"1\">Acceso a recursos digitales educativos<\/li><\/ul>                                                <\/div>\n                                            <\/div>\n                                        <\/div>\n                                    <\/div>\n                                                                    <div class=\"accordion-item\">\n                                        <h3 class=\"accordion-header\" id=\"bd-heading-iuskhwjngh\">\n                                            <button class=\"accordion-button collapsed\" type=\"button\" data-bs-toggle=\"collapse\" data-bs-target=\"#bd-collapse-iuskhwjngh\" aria-expanded=\"true\" aria-controls=\"bd-collapse-iuskhwjngh\">\u00bfQu\u00e9 es un entorno virtual de aprendizaje (EVA) y c\u00f3mo funciona en Educamos?<\/button>\n                                        <\/h3>\n                                        <div id=\"bd-collapse-iuskhwjngh\" class=\"accordion-collapse collapse \" aria-labelledby=\"bd-heading-iuskhwjngh\" data-bs-parent=\"#bloqueDesplegables-bglrrndgqgkcdekhy\">\n                                            <div class=\"accordion-body\">\n                                                <div class=\"the_content\">\n                                                    <p>Un <b>entorno virtual de aprendizaje<\/b> es un espacio digital que permite desarrollar y gestionar el proceso educativo a distancia o de forma h\u00edbrida. En Educamos, el EVA permite a los docentes compartir contenidos, planificar actividades, asignar tareas, evaluar y comunicarse con el alumnado desde una sola herramienta.<\/p>                                                <\/div>\n                                            <\/div>\n                                        <\/div>\n                                    <\/div>\n                                                                    <div class=\"accordion-item\">\n                                        <h3 class=\"accordion-header\" id=\"bd-heading-iwsijbhwuw\">\n                                            <button class=\"accordion-button collapsed\" type=\"button\" data-bs-toggle=\"collapse\" data-bs-target=\"#bd-collapse-iwsijbhwuw\" aria-expanded=\"true\" aria-controls=\"bd-collapse-iwsijbhwuw\">\u00bfCu\u00e1l es la diferencia entre aula virtual y plataforma de gesti\u00f3n escolar?<\/button>\n                                        <\/h3>\n                                        <div id=\"bd-collapse-iwsijbhwuw\" class=\"accordion-collapse collapse \" aria-labelledby=\"bd-heading-iwsijbhwuw\" data-bs-parent=\"#bloqueDesplegables-bglrrndgqgkcdekhy\">\n                                            <div class=\"accordion-body\">\n                                                <div class=\"the_content\">\n                                                    <p>Un <b>aula virtual<\/b> est\u00e1 centrada en la ense\u00f1anza y el aprendizaje, mientras que una <b>plataforma de gesti\u00f3n escolar<\/b> abarca tambi\u00e9n aspectos administrativos, acad\u00e9micos y de comunicaci\u00f3n institucional. Educamos integra ambas en un solo sistema, ofreciendo una soluci\u00f3n educativa global.<\/p>                                                <\/div>\n                                            <\/div>\n                                        <\/div>\n                                    <\/div>\n                                                                    <div class=\"accordion-item\">\n                                        <h3 class=\"accordion-header\" id=\"bd-heading-nnovlvxccr\">\n                                            <button class=\"accordion-button collapsed\" type=\"button\" data-bs-toggle=\"collapse\" data-bs-target=\"#bd-collapse-nnovlvxccr\" aria-expanded=\"true\" aria-controls=\"bd-collapse-nnovlvxccr\">\u00bfC\u00f3mo facilita Educamos la evaluaci\u00f3n por competencias?<\/button>\n                                        <\/h3>\n                                        <div id=\"bd-collapse-nnovlvxccr\" class=\"accordion-collapse collapse \" aria-labelledby=\"bd-heading-nnovlvxccr\" data-bs-parent=\"#bloqueDesplegables-bglrrndgqgkcdekhy\">\n                                            <div class=\"accordion-body\">\n                                                <div class=\"the_content\">\n                                                    <p>La plataforma permite al profesorado planificar y registrar evaluaciones alineadas con criterios competenciales, generar informes personalizados y seguir el progreso del alumnado con herramientas espec\u00edficas de seguimiento y an\u00e1lisis, todo en un entorno integrado.<\/p>                                                <\/div>\n                                            <\/div>\n                                        <\/div>\n                                    <\/div>\n                                                                    <div class=\"accordion-item\">\n                                        <h3 class=\"accordion-header\" id=\"bd-heading-muapqgnbzk\">\n                                            <button class=\"accordion-button collapsed\" type=\"button\" data-bs-toggle=\"collapse\" data-bs-target=\"#bd-collapse-muapqgnbzk\" aria-expanded=\"true\" aria-controls=\"bd-collapse-muapqgnbzk\">\u00bfPermite Educamos aplicar metodolog\u00edas activas en el aula?<\/button>\n                                        <\/h3>\n                                        <div id=\"bd-collapse-muapqgnbzk\" class=\"accordion-collapse collapse \" aria-labelledby=\"bd-heading-muapqgnbzk\" data-bs-parent=\"#bloqueDesplegables-bglrrndgqgkcdekhy\">\n                                            <div class=\"accordion-body\">\n                                                <div class=\"the_content\">\n                                                    <p>S\u00ed. El <b>entorno virtual de aprendizaje<\/b> de Educamos est\u00e1 preparado para apoyar metodolog\u00edas como el aprendizaje cooperativo, el aprendizaje basado en proyectos o el modelo de <b>flipped classroom<\/b>, adapt\u00e1ndose a las nuevas formas de ense\u00f1ar y aprender.<\/p>                                                <\/div>\n                                            <\/div>\n                                        <\/div>\n                                    <\/div>\n                                                                    <div class=\"accordion-item\">\n                                        <h3 class=\"accordion-header\" id=\"bd-heading-uocrmoxtlc\">\n                                            <button class=\"accordion-button collapsed\" type=\"button\" data-bs-toggle=\"collapse\" data-bs-target=\"#bd-collapse-uocrmoxtlc\" aria-expanded=\"true\" aria-controls=\"bd-collapse-uocrmoxtlc\">\u00bfSe puede trabajar por proyectos o por competencias con Educamos?<\/button>\n                                        <\/h3>\n                                        <div id=\"bd-collapse-uocrmoxtlc\" class=\"accordion-collapse collapse \" aria-labelledby=\"bd-heading-uocrmoxtlc\" data-bs-parent=\"#bloqueDesplegables-bglrrndgqgkcdekhy\">\n                                            <div class=\"accordion-body\">\n                                                <div class=\"the_content\">\n                                                    <p>Por supuesto. La plataforma permite organizar actividades interdisciplinarias, dise\u00f1ar secuencias did\u00e1cticas centradas en competencias y gestionar proyectos educativos, fomentando la autonom\u00eda del alumnado y el trabajo colaborativo.<\/p>                                                <\/div>\n                                            <\/div>\n                                        <\/div>\n                                    <\/div>\n                                                                    <div class=\"accordion-item\">\n                                        <h3 class=\"accordion-header\" id=\"bd-heading-lxcaviotpa\">\n                                            <button class=\"accordion-button collapsed\" type=\"button\" data-bs-toggle=\"collapse\" data-bs-target=\"#bd-collapse-lxcaviotpa\" aria-expanded=\"true\" aria-controls=\"bd-collapse-lxcaviotpa\">\u00bfQu\u00e9 recursos educativos digitales incluye Educamos?<\/button>\n                                        <\/h3>\n                                        <div id=\"bd-collapse-lxcaviotpa\" class=\"accordion-collapse collapse \" aria-labelledby=\"bd-heading-lxcaviotpa\" data-bs-parent=\"#bloqueDesplegables-bglrrndgqgkcdekhy\">\n                                            <div class=\"accordion-body\">\n                                                <div class=\"the_content\">\n                                                    <p>Educamos ofrece acceso a m\u00faltiples <b>recursos digitales educativos<\/b>, entre ellos contenidos interactivos, r\u00fabricas, bancos de actividades, materiales complementarios y herramientas de autor, todo integrado en la <b>plataforma educativa<\/b> y alineado con el curr\u00edculo.<\/p>                                                <\/div>\n                                            <\/div>\n                                        <\/div>\n                                    <\/div>\n                                                                    <div class=\"accordion-item\">\n                                        <h3 class=\"accordion-header\" id=\"bd-heading-mxdvinupmi\">\n                                            <button class=\"accordion-button collapsed\" type=\"button\" data-bs-toggle=\"collapse\" data-bs-target=\"#bd-collapse-mxdvinupmi\" aria-expanded=\"true\" aria-controls=\"bd-collapse-mxdvinupmi\">\u00bfEs compatible Educamos con otros sistemas tecnol\u00f3gicos del centro?<\/button>\n                                        <\/h3>\n                                        <div id=\"bd-collapse-mxdvinupmi\" class=\"accordion-collapse collapse \" aria-labelledby=\"bd-heading-mxdvinupmi\" data-bs-parent=\"#bloqueDesplegables-bglrrndgqgkcdekhy\">\n                                            <div class=\"accordion-body\">\n                                                <div class=\"the_content\">\n                                                    <p>S\u00ed. La <b>plataforma educativa<\/b> est\u00e1 dise\u00f1ada para integrarse con otros <b>sistemas tecnol\u00f3gicos<\/b> que utilice el centro, como soluciones contables, plataformas de contenidos o herramientas de evaluaci\u00f3n externas, facilitando la interoperabilidad.<\/p>                                                <\/div>\n                                            <\/div>\n                                        <\/div>\n                                    <\/div>\n                                                                    <div class=\"accordion-item\">\n                                        <h3 class=\"accordion-header\" id=\"bd-heading-pswbcblrut\">\n                                            <button class=\"accordion-button collapsed\" type=\"button\" data-bs-toggle=\"collapse\" data-bs-target=\"#bd-collapse-pswbcblrut\" aria-expanded=\"true\" aria-controls=\"bd-collapse-pswbcblrut\">\u00bfA qu\u00e9 tipo de centros educativos est\u00e1 dirigido Educamos?<\/button>\n                                        <\/h3>\n                                        <div id=\"bd-collapse-pswbcblrut\" class=\"accordion-collapse collapse \" aria-labelledby=\"bd-heading-pswbcblrut\" data-bs-parent=\"#bloqueDesplegables-bglrrndgqgkcdekhy\">\n                                            <div class=\"accordion-body\">\n                                                <div class=\"the_content\">\n                                                    <p>Educamos est\u00e1 pensado para <b>colegios<\/b>, <b>escuelas<\/b> y <b>centros educativos<\/b> de todos los niveles, desde Infantil hasta Bachillerato y Formaci\u00f3n Profesional. Su flexibilidad lo hace adaptable a distintas realidades y modelos pedag\u00f3gicos.<\/p>                                                <\/div>\n                                            <\/div>\n                                        <\/div>\n                                    <\/div>\n                                                            <\/div>\n                                                        <!-- \/ -->\n                        <\/div>\n                    <\/div>\n                <\/div>\n            <\/div>\n        <\/section>\n\t\t\t\t\t\t<\/div>\n\t\t\t\t<\/div>\n\t\t\t\t\t<\/div>\n\t\t<\/div>\n\t\t\t\t\t<\/div>\n\t\t<\/section>\n\t\t\t\t<\/div>\n\t\t","protected":false},"excerpt":{"rendered":"<p>Solicitar informaci\u00f3nM\u00e1s info Abrir men\u00fa Cerrar men\u00fa Educamos \u00bfQu\u00e9 es? \u00bfPor qu\u00e9? Educamos Makers Contacto Funcionalidades Anal\u00edtica de datos Comunicaci\u00f3n del centro Gesti\u00f3n del centro Innovaci\u00f3n pedag\u00f3gica Beneficios para Centros educativos Red de escuelas Formaci\u00f3n Profesional Docentes Familias Alumnos\/as Insights Blog Ebooks Clientes Comunidad Educamos Cerca Inicio Un ecosistema educativo digital abierto, flexible y en [&hellip;]<\/p>\n","protected":false},"author":1,"featured_media":9516,"parent":0,"menu_order":0,"comment_status":"closed","ping_status":"closed","template":"","meta":{"_acf_changed":false,"footnotes":""},"class_list":["post-2009","page","type-page","status-publish","has-post-thumbnail","hentry"],"acf":[],"yoast_head":"<!-- This site is optimized with the Yoast SEO plugin v27.0 - https:\/\/yoast.com\/product\/yoast-seo-wordpress\/ -->\n<title>\u00bfQu\u00e9 es? | Educamos<\/title>\n<meta name=\"description\" content=\"Educamos es un ecosistema educativo digital que conecta personas, soluciones de aprendizaje, datos y herramientas eficaces para la gesti\u00f3n integral de tu centro educativo, acompa\u00f1\u00e1ndolo en el proceso de transformaci\u00f3n hacia un nuevo modelo m\u00e1s innovador, diferencial y eficiente.\" \/>\n<meta name=\"robots\" content=\"index, follow, max-snippet:-1, max-image-preview:large, max-video-preview:-1\" \/>\n<link rel=\"canonical\" href=\"https:\/\/educamos.com\/es\/que-es\/\" \/>\n<meta property=\"og:locale\" content=\"es_ES\" \/>\n<meta property=\"og:type\" content=\"article\" \/>\n<meta property=\"og:title\" content=\"\u00bfQu\u00e9 es? | Educamos\" \/>\n<meta property=\"og:description\" content=\"Educamos es un ecosistema educativo digital que conecta personas, soluciones de aprendizaje, datos y herramientas eficaces para la gesti\u00f3n integral de tu centro educativo, acompa\u00f1\u00e1ndolo en el proceso de transformaci\u00f3n hacia un nuevo modelo m\u00e1s innovador, diferencial y eficiente.\" \/>\n<meta property=\"og:url\" content=\"https:\/\/educamos.com\/es\/que-es\/\" \/>\n<meta property=\"og:site_name\" content=\"Educamos\" \/>\n<meta property=\"article:modified_time\" content=\"2025-12-10T09:54:13+00:00\" \/>\n<meta property=\"og:image\" content=\"https:\/\/educamos.com\/wp-content\/uploads\/2023\/01\/rrss_que_es_01-min.png\" \/>\n\t<meta property=\"og:image:width\" content=\"1200\" \/>\n\t<meta property=\"og:image:height\" content=\"600\" \/>\n\t<meta property=\"og:image:type\" content=\"image\/png\" \/>\n<meta name=\"twitter:card\" content=\"summary_large_image\" \/>\n<meta name=\"twitter:label1\" content=\"Tiempo de lectura\" \/>\n\t<meta name=\"twitter:data1\" content=\"11 minutos\" \/>\n<script type=\"application\/ld+json\" class=\"yoast-schema-graph\">{\"@context\":\"https:\/\/schema.org\",\"@graph\":[{\"@type\":\"WebPage\",\"@id\":\"https:\/\/educamos.com\/es\/que-es\/\",\"url\":\"https:\/\/educamos.com\/es\/que-es\/\",\"name\":\"\u00bfQu\u00e9 es? | Educamos\",\"isPartOf\":{\"@id\":\"https:\/\/educamos.com\/es\/#website\"},\"primaryImageOfPage\":{\"@id\":\"https:\/\/educamos.com\/es\/que-es\/#primaryimage\"},\"image\":{\"@id\":\"https:\/\/educamos.com\/es\/que-es\/#primaryimage\"},\"thumbnailUrl\":\"https:\/\/educamos.com\/wp-content\/uploads\/2023\/01\/rrss_que_es_01-min.png\",\"datePublished\":\"2022-11-11T16:51:50+00:00\",\"dateModified\":\"2025-12-10T09:54:13+00:00\",\"description\":\"Educamos es un ecosistema educativo digital que conecta personas, soluciones de aprendizaje, datos y herramientas eficaces para la gesti\u00f3n integral de tu centro educativo, acompa\u00f1\u00e1ndolo en el proceso de transformaci\u00f3n hacia un nuevo modelo m\u00e1s innovador, diferencial y eficiente.\",\"breadcrumb\":{\"@id\":\"https:\/\/educamos.com\/es\/que-es\/#breadcrumb\"},\"inLanguage\":\"es\",\"potentialAction\":[{\"@type\":\"ReadAction\",\"target\":[\"https:\/\/educamos.com\/es\/que-es\/\"]}]},{\"@type\":\"ImageObject\",\"inLanguage\":\"es\",\"@id\":\"https:\/\/educamos.com\/es\/que-es\/#primaryimage\",\"url\":\"https:\/\/educamos.com\/wp-content\/uploads\/2023\/01\/rrss_que_es_01-min.png\",\"contentUrl\":\"https:\/\/educamos.com\/wp-content\/uploads\/2023\/01\/rrss_que_es_01-min.png\",\"width\":1200,\"height\":600},{\"@type\":\"BreadcrumbList\",\"@id\":\"https:\/\/educamos.com\/es\/que-es\/#breadcrumb\",\"itemListElement\":[{\"@type\":\"ListItem\",\"position\":1,\"name\":\"Inicio\",\"item\":\"https:\/\/educamos.com\/es\/\"},{\"@type\":\"ListItem\",\"position\":2,\"name\":\"\u00bfQu\u00e9 es?\"}]},{\"@type\":\"WebSite\",\"@id\":\"https:\/\/educamos.com\/es\/#website\",\"url\":\"https:\/\/educamos.com\/es\/\",\"name\":\"Educamos\",\"description\":\"La escuela de hoy\",\"potentialAction\":[{\"@type\":\"SearchAction\",\"target\":{\"@type\":\"EntryPoint\",\"urlTemplate\":\"https:\/\/educamos.com\/es\/?s={search_term_string}\"},\"query-input\":{\"@type\":\"PropertyValueSpecification\",\"valueRequired\":true,\"valueName\":\"search_term_string\"}}],\"inLanguage\":\"es\"}]}<\/script>\n<!-- \/ Yoast SEO plugin. -->","yoast_head_json":{"title":"\u00bfQu\u00e9 es? | Educamos","description":"Educamos es un ecosistema educativo digital que conecta personas, soluciones de aprendizaje, datos y herramientas eficaces para la gesti\u00f3n integral de tu centro educativo, acompa\u00f1\u00e1ndolo en el proceso de transformaci\u00f3n hacia un nuevo modelo m\u00e1s innovador, diferencial y eficiente.","robots":{"index":"index","follow":"follow","max-snippet":"max-snippet:-1","max-image-preview":"max-image-preview:large","max-video-preview":"max-video-preview:-1"},"canonical":"https:\/\/educamos.com\/es\/que-es\/","og_locale":"es_ES","og_type":"article","og_title":"\u00bfQu\u00e9 es? | Educamos","og_description":"Educamos es un ecosistema educativo digital que conecta personas, soluciones de aprendizaje, datos y herramientas eficaces para la gesti\u00f3n integral de tu centro educativo, acompa\u00f1\u00e1ndolo en el proceso de transformaci\u00f3n hacia un nuevo modelo m\u00e1s innovador, diferencial y eficiente.","og_url":"https:\/\/educamos.com\/es\/que-es\/","og_site_name":"Educamos","article_modified_time":"2025-12-10T09:54:13+00:00","og_image":[{"width":1200,"height":600,"url":"https:\/\/educamos.com\/wp-content\/uploads\/2023\/01\/rrss_que_es_01-min.png","type":"image\/png"}],"twitter_card":"summary_large_image","twitter_misc":{"Tiempo de lectura":"11 minutos"},"schema":{"@context":"https:\/\/schema.org","@graph":[{"@type":"WebPage","@id":"https:\/\/educamos.com\/es\/que-es\/","url":"https:\/\/educamos.com\/es\/que-es\/","name":"\u00bfQu\u00e9 es? | Educamos","isPartOf":{"@id":"https:\/\/educamos.com\/es\/#website"},"primaryImageOfPage":{"@id":"https:\/\/educamos.com\/es\/que-es\/#primaryimage"},"image":{"@id":"https:\/\/educamos.com\/es\/que-es\/#primaryimage"},"thumbnailUrl":"https:\/\/educamos.com\/wp-content\/uploads\/2023\/01\/rrss_que_es_01-min.png","datePublished":"2022-11-11T16:51:50+00:00","dateModified":"2025-12-10T09:54:13+00:00","description":"Educamos es un ecosistema educativo digital que conecta personas, soluciones de aprendizaje, datos y herramientas eficaces para la gesti\u00f3n integral de tu centro educativo, acompa\u00f1\u00e1ndolo en el proceso de transformaci\u00f3n hacia un nuevo modelo m\u00e1s innovador, diferencial y eficiente.","breadcrumb":{"@id":"https:\/\/educamos.com\/es\/que-es\/#breadcrumb"},"inLanguage":"es","potentialAction":[{"@type":"ReadAction","target":["https:\/\/educamos.com\/es\/que-es\/"]}]},{"@type":"ImageObject","inLanguage":"es","@id":"https:\/\/educamos.com\/es\/que-es\/#primaryimage","url":"https:\/\/educamos.com\/wp-content\/uploads\/2023\/01\/rrss_que_es_01-min.png","contentUrl":"https:\/\/educamos.com\/wp-content\/uploads\/2023\/01\/rrss_que_es_01-min.png","width":1200,"height":600},{"@type":"BreadcrumbList","@id":"https:\/\/educamos.com\/es\/que-es\/#breadcrumb","itemListElement":[{"@type":"ListItem","position":1,"name":"Inicio","item":"https:\/\/educamos.com\/es\/"},{"@type":"ListItem","position":2,"name":"\u00bfQu\u00e9 es?"}]},{"@type":"WebSite","@id":"https:\/\/educamos.com\/es\/#website","url":"https:\/\/educamos.com\/es\/","name":"Educamos","description":"La escuela de hoy","potentialAction":[{"@type":"SearchAction","target":{"@type":"EntryPoint","urlTemplate":"https:\/\/educamos.com\/es\/?s={search_term_string}"},"query-input":{"@type":"PropertyValueSpecification","valueRequired":true,"valueName":"search_term_string"}}],"inLanguage":"es"}]}},"_links":{"self":[{"href":"https:\/\/educamos.com\/es\/wp-json\/wp\/v2\/pages\/2009","targetHints":{"allow":["GET"]}}],"collection":[{"href":"https:\/\/educamos.com\/es\/wp-json\/wp\/v2\/pages"}],"about":[{"href":"https:\/\/educamos.com\/es\/wp-json\/wp\/v2\/types\/page"}],"author":[{"embeddable":true,"href":"https:\/\/educamos.com\/es\/wp-json\/wp\/v2\/users\/1"}],"replies":[{"embeddable":true,"href":"https:\/\/educamos.com\/es\/wp-json\/wp\/v2\/comments?post=2009"}],"version-history":[{"count":354,"href":"https:\/\/educamos.com\/es\/wp-json\/wp\/v2\/pages\/2009\/revisions"}],"predecessor-version":[{"id":28152,"href":"https:\/\/educamos.com\/es\/wp-json\/wp\/v2\/pages\/2009\/revisions\/28152"}],"wp:featuredmedia":[{"embeddable":true,"href":"https:\/\/educamos.com\/es\/wp-json\/wp\/v2\/media\/9516"}],"wp:attachment":[{"href":"https:\/\/educamos.com\/es\/wp-json\/wp\/v2\/media?parent=2009"}],"curies":[{"name":"wp","href":"https:\/\/api.w.org\/{rel}","templated":true}]}}